{"id":1048,"date":"2022-05-17T08:45:12","date_gmt":"2022-05-17T08:45:12","guid":{"rendered":"https:\/\/emeraldpr.hu\/recognition\/"},"modified":"2022-09-07T15:12:31","modified_gmt":"2022-09-07T15:12:31","slug":"megjeleneseink","status":"publish","type":"page","link":"https:\/\/emeraldpr.hu\/hu\/megjeleneseink\/","title":{"rendered":"M\u00e9dia"},"content":{"rendered":"\n[et_pb_section fb_built=&#8221;1&#8243; custom_padding_last_edited=&#8221;on|phone&#8221; _builder_version=&#8221;4.17.3&#8243; _module_preset=&#8221;default&#8221; background_enable_color=&#8221;off&#8221; background_enable_image=&#8221;off&#8221; background_size=&#8221;contain&#8221; background_repeat=&#8221;repeat&#8221; custom_margin=&#8221;0px||0px||true|false&#8221; custom_padding=&#8221;150px||75px||false|false&#8221; custom_padding_tablet=&#8221;100px||50px||false|false&#8221; custom_padding_phone=&#8221;100px||25px||false|false&#8221; bottom_divider_flip=&#8221;horizontal&#8221; global_colors_info=&#8221;{}&#8221;][et_pb_row _builder_version=&#8221;4.17.3&#8243; _module_preset=&#8221;default&#8221; custom_padding=&#8221;0px||25px||false|false&#8221; global_colors_info=&#8221;{}&#8221;][et_pb_column type=&#8221;4_4&#8243; _builder_version=&#8221;4.17.3&#8243; _module_preset=&#8221;default&#8221; global_colors_info=&#8221;{}&#8221;][et_pb_text _builder_version=&#8221;4.17.3&#8243; _module_preset=&#8221;default&#8221; header_font_size_tablet=&#8221;42px&#8221; header_font_size_phone=&#8221;36px&#8221; global_colors_info=&#8221;{}&#8221;]<h1>M\u00e9dia-megjelen\u00e9seink<\/h1>[\/et_pb_text][et_pb_text _builder_version=&#8221;4.17.3&#8243; _module_preset=&#8221;default&#8221; hover_enabled=&#8221;0&#8243; header_font_size_tablet=&#8221;42px&#8221; header_font_size_phone=&#8221;36px&#8221; global_colors_info=&#8221;{}&#8221; sticky_enabled=&#8221;0&#8243;]<h2>Cikkek, interj\u00fak<\/h2>[\/et_pb_text][\/et_pb_column][\/et_pb_row][et_pb_row column_structure=&#8221;1_3,1_3,1_3&#8243; make_equal=&#8221;on&#8221; module_class=&#8221;custom-row&#8221; _builder_version=&#8221;4.17.3&#8243; _module_preset=&#8221;default&#8221; custom_margin=&#8221;||50px||false|false&#8221; custom_padding=&#8221;0px||0px||true|false&#8221; global_colors_info=&#8221;{}&#8221;][et_pb_column type=&#8221;1_3&#8243; module_class=&#8221;margin-auto second-on-mobile&#8221; _builder_version=&#8221;4.17.3&#8243; _module_preset=&#8221;default&#8221; global_colors_info=&#8221;{}&#8221;][et_pb_image src=&#8221;https:\/\/emeraldpr.hu\/wp-content\/uploads\/2022\/08\/MarkaMonitor-Blog-Logo.png&#8221; alt=&#8221;M\u00e1rkaMonitor Blog Logo&#8221; show_bottom_space=&#8221;off&#8221; align=&#8221;center&#8221; _builder_version=&#8221;4.17.3&#8243; _module_preset=&#8221;default&#8221; module_alignment=&#8221;center&#8221; custom_margin=&#8221;||15px||false|false&#8221; global_colors_info=&#8221;{}&#8221;][\/et_pb_image][et_pb_text _builder_version=&#8221;4.17.3&#8243; _module_preset=&#8221;default&#8221; link_font=&#8221;||||||||&#8221; link_text_color=&#8221;#222222&#8243; custom_margin=&#8221;||15px||false|false&#8221; global_colors_info=&#8221;{}&#8221;]<p style=\"text-align: center;\"><a href=\"https:\/\/markamonitor.hu\/2020\/07\/07\/lakatos-zsofia-az-ember-alapvetoen-jo-segiteni-akar-es-kepes-az-osszefogasra\/\" target=\"_blank\" rel=\"noopener\"><em>Lakatos Zs\u00f3fia: \u201cAz ember alapvet\u0151en j\u00f3, seg\u00edteni akar \u00e9s k\u00e9pes az \u00f6sszefog\u00e1sra\u201d<\/em><\/a><\/p>[\/et_pb_text][et_pb_button button_url=&#8221;https:\/\/markamonitor.hu\/2020\/07\/07\/lakatos-zsofia-az-ember-alapvetoen-jo-segiteni-akar-es-kepes-az-osszefogasra\/&#8221; url_new_window=&#8221;on&#8221; button_text=&#8221;B\u0151vebben&#8221; button_alignment=&#8221;center&#8221; _builder_version=&#8221;4.17.3&#8243; _module_preset=&#8221;default&#8221; custom_button=&#8221;on&#8221; button_text_color=&#8221;#014763&#8243; button_bg_color=&#8221;#EFEFEF&#8221; button_icon_color=&#8221;#014763&#8243; global_colors_info=&#8221;{}&#8221;][\/et_pb_button][\/et_pb_column][et_pb_column type=&#8221;1_3&#8243; module_class=&#8221;margin-auto second-on-mobile&#8221; _builder_version=&#8221;4.17.3&#8243; _module_preset=&#8221;default&#8221; global_colors_info=&#8221;{}&#8221;][et_pb_image src=&#8221;https:\/\/emeraldpr.hu\/wp-content\/uploads\/2022\/08\/MPRSZ-Logo.png&#8221; alt=&#8221;MPRSZ Logo&#8221; show_bottom_space=&#8221;off&#8221; align=&#8221;center&#8221; _builder_version=&#8221;4.17.3&#8243; _module_preset=&#8221;default&#8221; module_alignment=&#8221;center&#8221; custom_margin=&#8221;||15px||false|false&#8221; global_colors_info=&#8221;{}&#8221;][\/et_pb_image][et_pb_text _builder_version=&#8221;4.17.3&#8243; _module_preset=&#8221;default&#8221; link_font=&#8221;||||||||&#8221; link_text_color=&#8221;#222222&#8243; custom_margin=&#8221;||15px||false|false&#8221; global_colors_info=&#8221;{}&#8221;]<p style=\"text-align: center;\"><a href=\"https:\/\/www.mprsz.hu\/ha-az-ember-nem-erzi-hogyan-kell-tisztessegesen-elni-akkor-ne-legyen-pr-es-interju-lakatos-zsofiaval-az-mprsz-orokos-tagjaval\/\" target=\"_blank\" rel=\"noopener\"><em>Ha az ember nem \u00e9rzi, hogyan kell tisztess\u00e9gesen \u00e9lni, akkor ne legyen pr-es \u2013 interj\u00fa Lakatos Zs\u00f3fi\u00e1val<\/em><\/a><\/p>[\/et_pb_text][et_pb_button button_url=&#8221;https:\/\/www.mprsz.hu\/ha-az-ember-nem-erzi-hogyan-kell-tisztessegesen-elni-akkor-ne-legyen-pr-es-interju-lakatos-zsofiaval-az-mprsz-orokos-tagjaval\/&#8221; url_new_window=&#8221;on&#8221; button_text=&#8221;B\u0151vebben&#8221; button_alignment=&#8221;center&#8221; _builder_version=&#8221;4.17.3&#8243; _module_preset=&#8221;default&#8221; custom_button=&#8221;on&#8221; button_text_color=&#8221;#014763&#8243; button_bg_color=&#8221;#EFEFEF&#8221; button_icon_color=&#8221;#014763&#8243; global_colors_info=&#8221;{}&#8221;][\/et_pb_button][\/et_pb_column][et_pb_column type=&#8221;1_3&#8243; module_class=&#8221;margin-auto second-on-mobile&#8221; _builder_version=&#8221;4.17.3&#8243; _module_preset=&#8221;default&#8221; global_colors_info=&#8221;{}&#8221;][et_pb_image src=&#8221;https:\/\/emeraldpr.hu\/wp-content\/uploads\/2022\/08\/DigitalHungary-Magazine-Logo.png&#8221; alt=&#8221;DigitalHungary Logo&#8221; show_bottom_space=&#8221;off&#8221; align=&#8221;center&#8221; _builder_version=&#8221;4.17.3&#8243; _module_preset=&#8221;default&#8221; module_alignment=&#8221;center&#8221; custom_margin=&#8221;||15px||false|false&#8221; global_colors_info=&#8221;{}&#8221;][\/et_pb_image][et_pb_text _builder_version=&#8221;4.17.3&#8243; _module_preset=&#8221;default&#8221; link_font=&#8221;||||||||&#8221; link_text_color=&#8221;#222222&#8243; custom_margin=&#8221;||15px||false|false&#8221; global_colors_info=&#8221;{}&#8221;]<p style=\"text-align: center;\"><a href=\"https:\/\/www.digitalhungary.hu\/marketing\/A-fenntarthatosag-es-a-vallalhatosag-mint-uj-mozgatorugok\/9593\/\" target=\"_blank\" rel=\"noopener\"><em>A fenntarthat\u00f3s\u00e1g \u00e9s a v\u00e1llalhat\u00f3s\u00e1g, mint \u00faj mozgat\u00f3rug\u00f3k<\/em><\/a><\/p>[\/et_pb_text][et_pb_button button_url=&#8221;https:\/\/www.digitalhungary.hu\/marketing\/A-fenntarthatosag-es-a-vallalhatosag-mint-uj-mozgatorugok\/9593\/&#8221; url_new_window=&#8221;on&#8221; button_text=&#8221;B\u0151vebben&#8221; button_alignment=&#8221;center&#8221; _builder_version=&#8221;4.17.3&#8243; _module_preset=&#8221;default&#8221; custom_button=&#8221;on&#8221; button_text_color=&#8221;#014763&#8243; button_bg_color=&#8221;#EFEFEF&#8221; button_icon_color=&#8221;#014763&#8243; global_colors_info=&#8221;{}&#8221;][\/et_pb_button][\/et_pb_column][\/et_pb_row][et_pb_row column_structure=&#8221;1_3,1_3,1_3&#8243; make_equal=&#8221;on&#8221; module_class=&#8221;custom-row&#8221; _builder_version=&#8221;4.17.3&#8243; _module_preset=&#8221;default&#8221; custom_margin=&#8221;||50px||false|false&#8221; custom_padding=&#8221;0px||0px||true|false&#8221; global_colors_info=&#8221;{}&#8221;][et_pb_column type=&#8221;1_3&#8243; module_class=&#8221;margin-auto second-on-mobile&#8221; _builder_version=&#8221;4.17.3&#8243; _module_preset=&#8221;default&#8221; global_colors_info=&#8221;{}&#8221;][et_pb_image src=&#8221;https:\/\/emeraldpr.hu\/wp-content\/uploads\/2022\/08\/DigitalHungary-Magazine-Logo.png&#8221; alt=&#8221;DigitalHungary Logo&#8221; show_bottom_space=&#8221;off&#8221; align=&#8221;center&#8221; _builder_version=&#8221;4.17.3&#8243; _module_preset=&#8221;default&#8221; module_alignment=&#8221;center&#8221; custom_margin=&#8221;||15px||false|false&#8221; global_colors_info=&#8221;{}&#8221;][\/et_pb_image][et_pb_text _builder_version=&#8221;4.17.3&#8243; _module_preset=&#8221;default&#8221; link_font=&#8221;||||||||&#8221; link_text_color=&#8221;#222222&#8243; custom_margin=&#8221;||15px||false|false&#8221; global_colors_info=&#8221;{}&#8221;]<p style=\"text-align: center;\"><a href=\"https:\/\/www.digitalhungary.hu\/interjuk\/A-hazugsag-a-legrosszabb-amit-egy-vallalat-valsag-eseten-tehet-Interju-Lakatos-Zsofiaval-es-Iglodi-Csabaval\/8836\/\" target=\"_blank\" rel=\"noopener\"><em>A hazugs\u00e1g a legrosszabb, amit egy v\u00e1llalat v\u00e1ls\u00e1g eset\u00e9n tehet \u2013 Interj\u00fa Lakatos Zs\u00f3fi\u00e1val \u00e9s Igl\u00f3di Csab\u00e1val<\/em><\/a><\/p>[\/et_pb_text][et_pb_button button_url=&#8221;https:\/\/www.digitalhungary.hu\/interjuk\/A-hazugsag-a-legrosszabb-amit-egy-vallalat-valsag-eseten-tehet-Interju-Lakatos-Zsofiaval-es-Iglodi-Csabaval\/8836\/&#8221; url_new_window=&#8221;on&#8221; button_text=&#8221;B\u0151vebben&#8221; button_alignment=&#8221;center&#8221; _builder_version=&#8221;4.17.3&#8243; _module_preset=&#8221;default&#8221; custom_button=&#8221;on&#8221; button_text_color=&#8221;#014763&#8243; button_bg_color=&#8221;#EFEFEF&#8221; button_icon_color=&#8221;#014763&#8243; global_colors_info=&#8221;{}&#8221;][\/et_pb_button][\/et_pb_column][et_pb_column type=&#8221;1_3&#8243; module_class=&#8221;margin-auto second-on-mobile&#8221; _builder_version=&#8221;4.17.3&#8243; _module_preset=&#8221;default&#8221; global_colors_info=&#8221;{}&#8221;][et_pb_image src=&#8221;https:\/\/emeraldpr.hu\/wp-content\/uploads\/2022\/08\/MarkaMonitor-Blog-Logo.png&#8221; alt=&#8221;M\u00e1rkaMonitor Blog Logo&#8221; show_bottom_space=&#8221;off&#8221; align=&#8221;center&#8221; _builder_version=&#8221;4.17.3&#8243; _module_preset=&#8221;default&#8221; module_alignment=&#8221;center&#8221; custom_margin=&#8221;||15px||false|false&#8221; global_colors_info=&#8221;{}&#8221;][\/et_pb_image][et_pb_text _builder_version=&#8221;4.17.3&#8243; _module_preset=&#8221;default&#8221; link_font=&#8221;||||||||&#8221; link_text_color=&#8221;#222222&#8243; custom_margin=&#8221;||15px||false|false&#8221; global_colors_info=&#8221;{}&#8221;]<p style=\"text-align: center;\"><a href=\"https:\/\/markamonitor.hu\/2020\/05\/27\/lakatos-zsofia-en-garde\/\" target=\"_blank\" rel=\"noopener\"><em>Lakatos Zs\u00f3fia: En garde!<\/em><\/a><\/p>[\/et_pb_text][et_pb_button button_url=&#8221;https:\/\/markamonitor.hu\/2020\/05\/27\/lakatos-zsofia-en-garde\/&#8221; url_new_window=&#8221;on&#8221; button_text=&#8221;B\u0151vebben&#8221; button_alignment=&#8221;center&#8221; _builder_version=&#8221;4.17.3&#8243; _module_preset=&#8221;default&#8221; custom_button=&#8221;on&#8221; button_text_color=&#8221;#014763&#8243; button_bg_color=&#8221;#EFEFEF&#8221; button_icon_color=&#8221;#014763&#8243; global_colors_info=&#8221;{}&#8221;][\/et_pb_button][\/et_pb_column][et_pb_column type=&#8221;1_3&#8243; module_class=&#8221;margin-auto second-on-mobile&#8221; _builder_version=&#8221;4.17.3&#8243; _module_preset=&#8221;default&#8221; global_colors_info=&#8221;{}&#8221;][et_pb_image src=&#8221;https:\/\/emeraldpr.hu\/wp-content\/uploads\/2022\/08\/DigitalHungary-Magazine-Logo.png&#8221; alt=&#8221;DigitalHungary Logo&#8221; show_bottom_space=&#8221;off&#8221; align=&#8221;center&#8221; _builder_version=&#8221;4.17.3&#8243; _module_preset=&#8221;default&#8221; module_alignment=&#8221;center&#8221; custom_margin=&#8221;||15px||false|false&#8221; global_colors_info=&#8221;{}&#8221;][\/et_pb_image][et_pb_text _builder_version=&#8221;4.17.3&#8243; _module_preset=&#8221;default&#8221; link_font=&#8221;||||||||&#8221; link_text_color=&#8221;#222222&#8243; custom_margin=&#8221;||15px||false|false&#8221; global_colors_info=&#8221;{}&#8221;]<p style=\"text-align: center;\"><a href=\"https:\/\/www.digitalhungary.hu\/interjuk\/Felelossege-a-kommunikacio\/12091\/\" target=\"_blank\" rel=\"noopener\"><em>Felel\u0151ss\u00e9ge a kommunik\u00e1ci\u00f3<\/em><\/a><\/p>[\/et_pb_text][et_pb_button button_url=&#8221;https:\/\/www.digitalhungary.hu\/interjuk\/Felelossege-a-kommunikacio\/12091\/&#8221; url_new_window=&#8221;on&#8221; button_text=&#8221;B\u0151vebben&#8221; button_alignment=&#8221;center&#8221; _builder_version=&#8221;4.17.3&#8243; _module_preset=&#8221;default&#8221; custom_button=&#8221;on&#8221; button_text_color=&#8221;#014763&#8243; button_bg_color=&#8221;#EFEFEF&#8221; button_icon_color=&#8221;#014763&#8243; global_colors_info=&#8221;{}&#8221;][\/et_pb_button][\/et_pb_column][\/et_pb_row][et_pb_row _builder_version=&#8221;4.17.3&#8243; _module_preset=&#8221;default&#8221; custom_padding=&#8221;0px||25px||false|false&#8221; global_colors_info=&#8221;{}&#8221;][et_pb_column type=&#8221;4_4&#8243; _builder_version=&#8221;4.17.3&#8243; _module_preset=&#8221;default&#8221; global_colors_info=&#8221;{}&#8221;][et_pb_text _builder_version=&#8221;4.17.3&#8243; _module_preset=&#8221;default&#8221; link_font=&#8221;||||||||&#8221; link_text_color=&#8221;#222222&#8243; custom_margin=&#8221;||15px||false|false&#8221; global_colors_info=&#8221;{}&#8221;]<h2>Podcastok<\/h2>[\/et_pb_text][\/et_pb_column][\/et_pb_row][et_pb_row column_structure=&#8221;1_2,1_2&#8243; make_equal=&#8221;on&#8221; module_class=&#8221;custom-row&#8221; _builder_version=&#8221;4.17.3&#8243; _module_preset=&#8221;default&#8221; custom_padding=&#8221;0px||0px||true|false&#8221; global_colors_info=&#8221;{}&#8221;][et_pb_column type=&#8221;1_2&#8243; module_class=&#8221;margin-auto second-on-mobile&#8221; _builder_version=&#8221;4.17.3&#8243; _module_preset=&#8221;default&#8221; global_colors_info=&#8221;{}&#8221;][et_pb_code _builder_version=&#8221;4.17.3&#8243; _module_preset=&#8221;default&#8221; global_colors_info=&#8221;{}&#8221;]<iframe style=\"border-radius:12px\" src=\"https:\/\/open.spotify.com\/embed\/episode\/1cvXDGuvbSBKSJEMF68XTt?utm_source=generator&#038;theme=0\" width=\"100%\" height=\"152\" frameBorder=\"0\" allowfullscreen=\"\" allow=\"autoplay; clipboard-write; encrypted-media; fullscreen; picture-in-picture\" loading=\"lazy\"><\/iframe>[\/et_pb_code][\/et_pb_column][et_pb_column type=&#8221;1_2&#8243; module_class=&#8221;margin-auto second-on-mobile&#8221; _builder_version=&#8221;4.17.3&#8243; _module_preset=&#8221;default&#8221; global_colors_info=&#8221;{}&#8221;][et_pb_code _builder_version=&#8221;4.17.3&#8243; _module_preset=&#8221;default&#8221; global_colors_info=&#8221;{}&#8221;]<iframe style=\"border-radius:12px\" src=\"https:\/\/open.spotify.com\/embed\/episode\/6dvFo2k8tkc2qGghnjkopE?utm_source=generator&#038;theme=0\" width=\"100%\" height=\"152\" frameBorder=\"0\" allowfullscreen=\"\" allow=\"autoplay; clipboard-write; encrypted-media; fullscreen; picture-in-picture\" loading=\"lazy\"><\/iframe>[\/et_pb_code][\/et_pb_column][\/et_pb_row][\/et_pb_section]\n","protected":false},"excerpt":{"rendered":"<p>M\u00e9dia-megjelen\u00e9seinkCikkek, interj\u00fakLakatos Zs\u00f3fia: \u201cAz ember alapvet\u0151en j\u00f3, seg\u00edteni akar \u00e9s k\u00e9pes az \u00f6sszefog\u00e1sra\u201dHa az ember nem \u00e9rzi, hogyan kell tisztess\u00e9gesen \u00e9lni, akkor ne legyen pr-es \u2013 interj\u00fa Lakatos Zs\u00f3fi\u00e1valA fenntarthat\u00f3s\u00e1g \u00e9s a v\u00e1llalhat\u00f3s\u00e1g, mint \u00faj mozgat\u00f3rug\u00f3kA hazugs\u00e1g a legrosszabb, amit egy v\u00e1llalat v\u00e1ls\u00e1g eset\u00e9n tehet \u2013 Interj\u00fa Lakatos Zs\u00f3fi\u00e1val \u00e9s Igl\u00f3di Csab\u00e1valLakatos Zs\u00f3fia: En garde!Felel\u0151ss\u00e9ge [&hellip;]<\/p>\n","protected":false},"author":1,"featured_media":0,"parent":0,"menu_order":0,"comment_status":"closed","ping_status":"closed","template":"","meta":{"_et_pb_use_builder":"on","_et_pb_old_content":"<!-- wp:divi\/placeholder \/-->","_et_gb_content_width":""},"yoast_head":"<!-- This site is optimized with the Yoast SEO plugin v19.11 - https:\/\/yoast.com\/wordpress\/plugins\/seo\/ -->\n<title>M\u00e9dia-megjelen\u00e9sek - Emerald PR<\/title>\n<meta name=\"robots\" content=\"index, follow, max-snippet:-1, max-image-preview:large, max-video-preview:-1\" \/>\n<link rel=\"canonical\" href=\"https:\/\/emeraldpr.hu\/hu\/megjeleneseink\/\" \/>\n<meta property=\"og:locale\" content=\"hu_HU\" \/>\n<meta property=\"og:type\" content=\"article\" \/>\n<meta property=\"og:title\" content=\"M\u00e9dia-megjelen\u00e9sek - Emerald PR\" \/>\n<meta property=\"og:description\" content=\"M\u00e9dia-megjelen\u00e9seinkCikkek, interj\u00fakLakatos Zs\u00f3fia: \u201cAz ember alapvet\u0151en j\u00f3, seg\u00edteni akar \u00e9s k\u00e9pes az \u00f6sszefog\u00e1sra\u201dHa az ember nem \u00e9rzi, hogyan kell tisztess\u00e9gesen \u00e9lni, akkor ne legyen pr-es \u2013 interj\u00fa Lakatos Zs\u00f3fi\u00e1valA fenntarthat\u00f3s\u00e1g \u00e9s a v\u00e1llalhat\u00f3s\u00e1g, mint \u00faj mozgat\u00f3rug\u00f3kA hazugs\u00e1g a legrosszabb, amit egy v\u00e1llalat v\u00e1ls\u00e1g eset\u00e9n tehet \u2013 Interj\u00fa Lakatos Zs\u00f3fi\u00e1val \u00e9s Igl\u00f3di Csab\u00e1valLakatos Zs\u00f3fia: En garde!Felel\u0151ss\u00e9ge [&hellip;]\" \/>\n<meta property=\"og:url\" content=\"https:\/\/emeraldpr.hu\/hu\/megjeleneseink\/\" \/>\n<meta property=\"og:site_name\" content=\"Emerald PR\" \/>\n<meta property=\"article:modified_time\" content=\"2022-09-07T15:12:31+00:00\" \/>\n<meta name=\"twitter:card\" content=\"summary_large_image\" \/>\n<meta name=\"twitter:label1\" content=\"Becs\u00fclt olvas\u00e1si id\u0151\" \/>\n\t<meta name=\"twitter:data1\" content=\"2 perc\" \/>\n<script type=\"application\/ld+json\" class=\"yoast-schema-graph\">{\"@context\":\"https:\/\/schema.org\",\"@graph\":[{\"@type\":\"WebPage\",\"@id\":\"https:\/\/emeraldpr.hu\/hu\/megjeleneseink\/\",\"url\":\"https:\/\/emeraldpr.hu\/hu\/megjeleneseink\/\",\"name\":\"M\u00e9dia-megjelen\u00e9sek - Emerald PR\",\"isPartOf\":{\"@id\":\"https:\/\/emeraldpr.hu\/hu\/#website\"},\"datePublished\":\"2022-05-17T08:45:12+00:00\",\"dateModified\":\"2022-09-07T15:12:31+00:00\",\"breadcrumb\":{\"@id\":\"https:\/\/emeraldpr.hu\/hu\/megjeleneseink\/#breadcrumb\"},\"inLanguage\":\"hu\",\"potentialAction\":[{\"@type\":\"ReadAction\",\"target\":[\"https:\/\/emeraldpr.hu\/hu\/megjeleneseink\/\"]}]},{\"@type\":\"BreadcrumbList\",\"@id\":\"https:\/\/emeraldpr.hu\/hu\/megjeleneseink\/#breadcrumb\",\"itemListElement\":[{\"@type\":\"ListItem\",\"position\":1,\"name\":\"Kezd\u0151lap\",\"item\":\"https:\/\/emeraldpr.hu\/hu\/\"},{\"@type\":\"ListItem\",\"position\":2,\"name\":\"M\u00e9dia\"}]},{\"@type\":\"WebSite\",\"@id\":\"https:\/\/emeraldpr.hu\/hu\/#website\",\"url\":\"https:\/\/emeraldpr.hu\/hu\/\",\"name\":\"Emerald PR\",\"description\":\"\",\"potentialAction\":[{\"@type\":\"SearchAction\",\"target\":{\"@type\":\"EntryPoint\",\"urlTemplate\":\"https:\/\/emeraldpr.hu\/hu\/?s={search_term_string}\"},\"query-input\":\"required name=search_term_string\"}],\"inLanguage\":\"hu\"}]}<\/script>\n<!-- \/ Yoast SEO plugin. -->","yoast_head_json":{"title":"M\u00e9dia-megjelen\u00e9sek - Emerald PR","robots":{"index":"index","follow":"follow","max-snippet":"max-snippet:-1","max-image-preview":"max-image-preview:large","max-video-preview":"max-video-preview:-1"},"canonical":"https:\/\/emeraldpr.hu\/hu\/megjeleneseink\/","og_locale":"hu_HU","og_type":"article","og_title":"M\u00e9dia-megjelen\u00e9sek - Emerald PR","og_description":"M\u00e9dia-megjelen\u00e9seinkCikkek, interj\u00fakLakatos Zs\u00f3fia: \u201cAz ember alapvet\u0151en j\u00f3, seg\u00edteni akar \u00e9s k\u00e9pes az \u00f6sszefog\u00e1sra\u201dHa az ember nem \u00e9rzi, hogyan kell tisztess\u00e9gesen \u00e9lni, akkor ne legyen pr-es \u2013 interj\u00fa Lakatos Zs\u00f3fi\u00e1valA fenntarthat\u00f3s\u00e1g \u00e9s a v\u00e1llalhat\u00f3s\u00e1g, mint \u00faj mozgat\u00f3rug\u00f3kA hazugs\u00e1g a legrosszabb, amit egy v\u00e1llalat v\u00e1ls\u00e1g eset\u00e9n tehet \u2013 Interj\u00fa Lakatos Zs\u00f3fi\u00e1val \u00e9s Igl\u00f3di Csab\u00e1valLakatos Zs\u00f3fia: En garde!Felel\u0151ss\u00e9ge [&hellip;]","og_url":"https:\/\/emeraldpr.hu\/hu\/megjeleneseink\/","og_site_name":"Emerald PR","article_modified_time":"2022-09-07T15:12:31+00:00","twitter_card":"summary_large_image","twitter_misc":{"Becs\u00fclt olvas\u00e1si id\u0151":"2 perc"},"schema":{"@context":"https:\/\/schema.org","@graph":[{"@type":"WebPage","@id":"https:\/\/emeraldpr.hu\/hu\/megjeleneseink\/","url":"https:\/\/emeraldpr.hu\/hu\/megjeleneseink\/","name":"M\u00e9dia-megjelen\u00e9sek - Emerald PR","isPartOf":{"@id":"https:\/\/emeraldpr.hu\/hu\/#website"},"datePublished":"2022-05-17T08:45:12+00:00","dateModified":"2022-09-07T15:12:31+00:00","breadcrumb":{"@id":"https:\/\/emeraldpr.hu\/hu\/megjeleneseink\/#breadcrumb"},"inLanguage":"hu","potentialAction":[{"@type":"ReadAction","target":["https:\/\/emeraldpr.hu\/hu\/megjeleneseink\/"]}]},{"@type":"BreadcrumbList","@id":"https:\/\/emeraldpr.hu\/hu\/megjeleneseink\/#breadcrumb","itemListElement":[{"@type":"ListItem","position":1,"name":"Kezd\u0151lap","item":"https:\/\/emeraldpr.hu\/hu\/"},{"@type":"ListItem","position":2,"name":"M\u00e9dia"}]},{"@type":"WebSite","@id":"https:\/\/emeraldpr.hu\/hu\/#website","url":"https:\/\/emeraldpr.hu\/hu\/","name":"Emerald PR","description":"","potentialAction":[{"@type":"SearchAction","target":{"@type":"EntryPoint","urlTemplate":"https:\/\/emeraldpr.hu\/hu\/?s={search_term_string}"},"query-input":"required name=search_term_string"}],"inLanguage":"hu"}]}},"_links":{"self":[{"href":"https:\/\/emeraldpr.hu\/hu\/wp-json\/wp\/v2\/pages\/1048"}],"collection":[{"href":"https:\/\/emeraldpr.hu\/hu\/wp-json\/wp\/v2\/pages"}],"about":[{"href":"https:\/\/emeraldpr.hu\/hu\/wp-json\/wp\/v2\/types\/page"}],"author":[{"embeddable":true,"href":"https:\/\/emeraldpr.hu\/hu\/wp-json\/wp\/v2\/users\/1"}],"replies":[{"embeddable":true,"href":"https:\/\/emeraldpr.hu\/hu\/wp-json\/wp\/v2\/comments?post=1048"}],"version-history":[{"count":21,"href":"https:\/\/emeraldpr.hu\/hu\/wp-json\/wp\/v2\/pages\/1048\/revisions"}],"predecessor-version":[{"id":1105,"href":"https:\/\/emeraldpr.hu\/hu\/wp-json\/wp\/v2\/pages\/1048\/revisions\/1105"}],"wp:attachment":[{"href":"https:\/\/emeraldpr.hu\/hu\/wp-json\/wp\/v2\/media?parent=1048"}],"curies":[{"name":"wp","href":"https:\/\/api.w.org\/{rel}","templated":true}]}}