{"id":943,"date":"2022-05-17T08:42:55","date_gmt":"2022-05-17T08:42:55","guid":{"rendered":"https:\/\/emeraldpr.hu\/what-we-do\/"},"modified":"2022-08-29T12:21:04","modified_gmt":"2022-08-29T12:21:04","slug":"szolgaltatasaink","status":"publish","type":"page","link":"https:\/\/emeraldpr.hu\/hu\/szolgaltatasaink\/","title":{"rendered":"Szolg\u00e1ltat\u00e1saink"},"content":{"rendered":"<p>[et_pb_section fb_built=&#8221;1&#8243; custom_padding_last_edited=&#8221;on|phone&#8221; _builder_version=&#8221;4.17.3&#8243; _module_preset=&#8221;default&#8221; background_enable_color=&#8221;off&#8221; background_enable_image=&#8221;off&#8221; background_size=&#8221;contain&#8221; background_repeat=&#8221;repeat&#8221; custom_margin=&#8221;0px||0px||true|false&#8221; custom_padding=&#8221;150px||75px||false|false&#8221; custom_padding_tablet=&#8221;100px||50px||false|false&#8221; custom_padding_phone=&#8221;100px||25px||false|false&#8221; bottom_divider_flip=&#8221;horizontal&#8221; global_colors_info=&#8221;{}&#8221;][et_pb_row _builder_version=&#8221;4.17.3&#8243; _module_preset=&#8221;default&#8221; custom_padding=&#8221;0px||25px||false|false&#8221; global_colors_info=&#8221;{}&#8221;][et_pb_column type=&#8221;4_4&#8243; _builder_version=&#8221;4.17.3&#8243; _module_preset=&#8221;default&#8221; global_colors_info=&#8221;{}&#8221;][et_pb_text _builder_version=&#8221;4.17.3&#8243; _module_preset=&#8221;default&#8221; header_font_size_tablet=&#8221;42px&#8221; header_font_size_phone=&#8221;36px&#8221; global_colors_info=&#8221;{}&#8221;]<\/p>\n<h1>Szolg\u00e1ltat\u00e1saink<\/h1>\n<p>[\/et_pb_text][\/et_pb_column][\/et_pb_row][et_pb_row column_structure=&#8221;1_2,1_2&#8243; make_equal=&#8221;on&#8221; module_class=&#8221;custom-row&#8221; _builder_version=&#8221;4.17.3&#8243; _module_preset=&#8221;default&#8221; custom_padding=&#8221;0px||0px||true|false&#8221; global_colors_info=&#8221;{}&#8221;][et_pb_column type=&#8221;1_2&#8243; module_class=&#8221;margin-auto second-on-mobile&#8221; _builder_version=&#8221;4.17.3&#8243; _module_preset=&#8221;default&#8221; global_colors_info=&#8221;{}&#8221;][et_pb_text _builder_version=&#8221;4.17.3&#8243; _module_preset=&#8221;default&#8221; custom_margin=&#8221;||15px||false|false&#8221; header_font_size_tablet=&#8221;42px&#8221; header_font_size_phone=&#8221;36px&#8221; global_colors_info=&#8221;{}&#8221;]<\/p>\n<p>Csapatunk t\u00f6bb \u00e9vtizedes \u00e9ves szakmai tapasztalattal rendelkezik, amelyet a fiatalabb csapattagok \u00e1ltal biztos\u00edtott friss szeml\u00e9letm\u00f3ddal \u00f6tv\u00f6z\u00fcnk. Figyelemre m\u00e9lt\u00f3 \u00fcgyf\u00e9lportf\u00f3li\u00f3val rendelkez\u00fcnk, kiv\u00e1l\u00f3 min\u0151s\u00e9g\u0171 munk\u00e1nkr\u00f3l \u00e9s magas etikai norm\u00e1inkr\u00f3l vagyunk ismertek. Sz\u00e9lesk\u00f6r\u0171 ismeretekkel rendelkez\u00fcnk a magyar Public Affairs, sajt\u00f3 \u00e9s digit\u00e1lis szc\u00e9n\u00e1r\u00f3l, akt\u00edv kapcsolatokkal a kulcsszerepl\u0151kkel. Tapasztaltak vagyunk az influencer- \u00e9s word-of-mouth kamp\u00e1nyok kivitelez\u00e9s\u00e9ben, strat\u00e9giai partnerk\u00e9nt egy\u00fcttm\u0171k\u00f6d\u00fcnk ATL-, BTL-, produkci\u00f3s \u00e9s influencer \u00fcgyn\u00f6ks\u00e9gekkel, hogy a kommunik\u00e1ci\u00f3s szolg\u00e1ltat\u00e1sok teljes spektrum\u00e1t ny\u00fajthassuk. Szakmai min\u0151s\u00e9g\u00fcnket t\u00e1mogatja nemzetk\u00f6zi partner\u00fcnk, a BCW.<\/p>\n<p>[\/et_pb_text][et_pb_button button_url=&#8221;@ET-DC@eyJkeW5hbWljIjp0cnVlLCJjb250ZW50IjoicG9zdF9saW5rX3VybF9wYWdlIiwic2V0dGluZ3MiOnsicG9zdF9pZCI6IjU3In19@&#8221; button_text=&#8221;Aj\u00e1nlatk\u00e9r\u00e9s&#8221; _builder_version=&#8221;4.17.3&#8243; _dynamic_attributes=&#8221;button_url&#8221; _module_preset=&#8221;default&#8221; global_colors_info=&#8221;{}&#8221;][\/et_pb_button][\/et_pb_column][et_pb_column type=&#8221;1_2&#8243; module_class=&#8221;first-on-mobile&#8221; _builder_version=&#8221;4.17.3&#8243; _module_preset=&#8221;default&#8221; global_colors_info=&#8221;{}&#8221;][et_pb_image src=&#8221;https:\/\/emeraldpr.hu\/wp-content\/uploads\/2022\/08\/Emerald-PR-Services.png&#8221; alt=&#8221;Emerald PR Services&#8221; show_bottom_space=&#8221;off&#8221; _builder_version=&#8221;4.17.3&#8243; _module_preset=&#8221;default&#8221; custom_margin=&#8221;||0px||false|false&#8221; custom_margin_tablet=&#8221;||30px||false|false&#8221; custom_margin_phone=&#8221;||30px||false|false&#8221; custom_margin_last_edited=&#8221;on|phone&#8221; global_colors_info=&#8221;{}&#8221;][\/et_pb_image][\/et_pb_column][\/et_pb_row][et_pb_row _builder_version=&#8221;4.17.3&#8243; _module_preset=&#8221;default&#8221; custom_margin=&#8221;50px||25px||false|false&#8221; custom_padding=&#8221;0px||0px||true|false&#8221; global_colors_info=&#8221;{}&#8221;][et_pb_column type=&#8221;4_4&#8243; _builder_version=&#8221;4.17.3&#8243; _module_preset=&#8221;default&#8221; global_colors_info=&#8221;{}&#8221;][et_pb_text _builder_version=&#8221;4.17.3&#8243; _module_preset=&#8221;default&#8221; custom_margin=&#8221;||5px||false|false&#8221; header_font_size_tablet=&#8221;42px&#8221; header_font_size_phone=&#8221;36px&#8221; global_colors_info=&#8221;{}&#8221;]<\/p>\n<h2 style=\"text-align: center;\">Emerald PR szolg\u00e1ltat\u00e1sok<\/h2>\n<p>[\/et_pb_text][et_pb_divider color=&#8221;#68A9C6&#8243; divider_weight=&#8221;2px&#8221; _builder_version=&#8221;4.17.3&#8243; _module_preset=&#8221;default&#8221; max_width=&#8221;15%&#8221; module_alignment=&#8221;center&#8221; height=&#8221;2px&#8221; custom_margin=&#8221;||||false|false&#8221; custom_padding=&#8221;||||false|false&#8221; animation_style=&#8221;zoom&#8221; global_colors_info=&#8221;{}&#8221;][\/et_pb_divider][\/et_pb_column][\/et_pb_row][et_pb_row column_structure=&#8221;1_4,3_4&#8243; make_equal=&#8221;on&#8221; _builder_version=&#8221;4.17.3&#8243; _module_preset=&#8221;default&#8221; max_width=&#8221;1024px&#8221; module_alignment=&#8221;center&#8221; custom_margin=&#8221;||25px||false|false&#8221; custom_padding=&#8221;0px||0px||true|false&#8221; global_colors_info=&#8221;{}&#8221;][et_pb_column type=&#8221;1_4&#8243; module_class=&#8221;margin-auto&#8221; _builder_version=&#8221;4.17.3&#8243; _module_preset=&#8221;default&#8221; global_colors_info=&#8221;{}&#8221;][et_pb_image src=&#8221;https:\/\/emeraldpr.hu\/wp-content\/uploads\/2022\/08\/Strategic-Communication-Icon.png&#8221; alt=&#8221;Strat\u00e9giai kommunik\u00e1ci\u00f3s tan\u00e1csad\u00e1s&#8221; align=&#8221;center&#8221; _builder_version=&#8221;4.17.3&#8243; _module_preset=&#8221;default&#8221; animation_style=&#8221;slide&#8221; animation_direction=&#8221;bottom&#8221; animation_intensity_slide=&#8221;15%&#8221; global_colors_info=&#8221;{}&#8221;][\/et_pb_image][\/et_pb_column][et_pb_column type=&#8221;3_4&#8243; module_class=&#8221;margin-auto&#8221; _builder_version=&#8221;4.17.3&#8243; _module_preset=&#8221;default&#8221; global_colors_info=&#8221;{}&#8221;][et_pb_text _builder_version=&#8221;4.17.3&#8243; _module_preset=&#8221;default&#8221; global_colors_info=&#8221;{}&#8221;]<\/p>\n<h3>Strat\u00e9giai kommunik\u00e1ci\u00f3s tan\u00e1csad\u00e1s<\/h3>\n<p><span>Seg\u00edt\u00fcnk \u00fcgyfeleinknek c\u00e9ljaik el\u00e9r\u00e9s\u00e9ben az\u00e1ltal, hogy hat\u00e9konyabban kommunik\u00e1lunk az \u00fcgyfelekkel, befektet\u0151kkel, alkalmazottakkal, politikai d\u00f6nt\u00e9shoz\u00f3kkal, szab\u00e1lyoz\u00f3kkal \u00e9s a sz\u00e9lesebb nyilv\u00e1noss\u00e1ggal. Megb\u00edzhat\u00f3 tan\u00e1csad\u00e1st ny\u00fajtunk Magyarorsz\u00e1g \u00e9s a vil\u00e1g legkiv\u00e1l\u00f3bb v\u00e1llalatainak kommunik\u00e1ci\u00f3s ig\u00e9nyeikhez.<\/span><\/p>\n<p>[\/et_pb_text][\/et_pb_column][\/et_pb_row][et_pb_row column_structure=&#8221;1_4,3_4&#8243; make_equal=&#8221;on&#8221; _builder_version=&#8221;4.17.3&#8243; _module_preset=&#8221;default&#8221; max_width=&#8221;1024px&#8221; module_alignment=&#8221;center&#8221; custom_margin=&#8221;||25px||false|false&#8221; custom_padding=&#8221;0px||0px||true|false&#8221; global_colors_info=&#8221;{}&#8221;][et_pb_column type=&#8221;1_4&#8243; module_class=&#8221;margin-auto&#8221; _builder_version=&#8221;4.17.3&#8243; _module_preset=&#8221;default&#8221; global_colors_info=&#8221;{}&#8221;][et_pb_image src=&#8221;https:\/\/emeraldpr.hu\/wp-content\/uploads\/2022\/08\/Reputation-Management-Icon.png&#8221; alt=&#8221;H\u00edrn\u00e9vmenedzsment&#8221; align=&#8221;center&#8221; _builder_version=&#8221;4.17.3&#8243; _module_preset=&#8221;default&#8221; animation_style=&#8221;slide&#8221; animation_direction=&#8221;bottom&#8221; animation_intensity_slide=&#8221;15%&#8221; global_colors_info=&#8221;{}&#8221;][\/et_pb_image][\/et_pb_column][et_pb_column type=&#8221;3_4&#8243; module_class=&#8221;margin-auto&#8221; _builder_version=&#8221;4.17.3&#8243; _module_preset=&#8221;default&#8221; global_colors_info=&#8221;{}&#8221;][et_pb_text _builder_version=&#8221;4.17.3&#8243; _module_preset=&#8221;default&#8221; global_colors_info=&#8221;{}&#8221;]<\/p>\n<h3>H\u00edrn\u00e9vmenedzsment<\/h3>\n<p><span>A h\u00edrn\u00e9v &#8211; legyen sz\u00f3 ak\u00e1r egy szem\u00e9lyr\u0151l, ak\u00e1r egy szervezetr\u0151l &#8211; fontos t\u00e9nyez\u0151, mivel befoly\u00e1solja, hogy az emberek hogyan tekintenek az adott szem\u00e9lyre vagy szervezetre. \u00dcgyfeleink h\u00edrnev\u00e9nek hat\u00e9kony menedzsel\u00e9s\u00e9hez n\u00e9lk\u00fcl\u00f6zhetetlen a kutat\u00e1s, tervez\u00e9s, alkalmazkod\u00e1s \u00e9s innov\u00e1ci\u00f3.\u00a0 <\/span><\/p>\n<p>[\/et_pb_text][\/et_pb_column][\/et_pb_row][et_pb_row column_structure=&#8221;1_4,3_4&#8243; make_equal=&#8221;on&#8221; _builder_version=&#8221;4.17.3&#8243; _module_preset=&#8221;default&#8221; max_width=&#8221;1024px&#8221; module_alignment=&#8221;center&#8221; custom_margin=&#8221;||25px||false|false&#8221; custom_padding=&#8221;0px||0px||true|false&#8221; global_colors_info=&#8221;{}&#8221;][et_pb_column type=&#8221;1_4&#8243; module_class=&#8221;margin-auto&#8221; _builder_version=&#8221;4.17.3&#8243; _module_preset=&#8221;default&#8221; global_colors_info=&#8221;{}&#8221;][et_pb_image src=&#8221;https:\/\/emeraldpr.hu\/wp-content\/uploads\/2022\/08\/Branding-Icon.png&#8221; alt=&#8221;M\u00e1rka\u00e9p\u00edt\u00e9s PR&#8221; align=&#8221;center&#8221; _builder_version=&#8221;4.17.3&#8243; _module_preset=&#8221;default&#8221; animation_style=&#8221;slide&#8221; animation_direction=&#8221;bottom&#8221; animation_intensity_slide=&#8221;15%&#8221; global_colors_info=&#8221;{}&#8221;][\/et_pb_image][\/et_pb_column][et_pb_column type=&#8221;3_4&#8243; module_class=&#8221;margin-auto&#8221; _builder_version=&#8221;4.17.3&#8243; _module_preset=&#8221;default&#8221; global_colors_info=&#8221;{}&#8221;][et_pb_text _builder_version=&#8221;4.17.3&#8243; _module_preset=&#8221;default&#8221; global_colors_info=&#8221;{}&#8221;]<\/p>\n<h3>M\u00e1rka\u00e9p\u00edt\u00e9s<\/h3>\n<p><span>Mik\u00f6zben igyeksz\u00fcnk a hat\u00e1rokat feszegetni tev\u00e9kenys\u00e9g\u00fcnkkel ebben a gyors digit\u00e1lis k\u00f6rnyezetben, biztos\u00edtanunk kell, hogy a hossz\u00fa t\u00e1v\u00fa siker \u00e9rdek\u00e9ben meg\u0151rizz\u00fck \u00fcgyfeleink m\u00e1rka\u00e9p\u00edt\u00e9si alapjait. A m\u00e1rka\u00e9p\u00edt\u00e9s a v\u00e1llalat t\u00e1rsadalmi szerepv\u00e1llal\u00e1s\u00e1r\u00f3l, \u00fcgyf\u00e9lszolg\u00e1lat\u00e1r\u00f3l, \u00e9rt\u00e9kes\u00edt\u00e9si folyamat\u00e1r\u00f3l, az alkalmazottakr\u00f3l \u00e9s sok egy\u00e9br\u0151l sz\u00f3l. Az online k\u00f6rnyezet \u00e9s a v\u00e1ltoz\u00f3 felhaszn\u00e1l\u00f3i magatart\u00e1s figyelembev\u00e9tel\u00e9vel hat\u00e9kony hossz\u00fa t\u00e1v\u00fa m\u00e1rka\u00e9p\u00edt\u00e9si strat\u00e9gi\u00e1t dolgozunk ki.<\/span><\/p>\n<p>[\/et_pb_text][\/et_pb_column][\/et_pb_row][et_pb_row column_structure=&#8221;1_4,3_4&#8243; make_equal=&#8221;on&#8221; _builder_version=&#8221;4.17.3&#8243; _module_preset=&#8221;default&#8221; max_width=&#8221;1024px&#8221; module_alignment=&#8221;center&#8221; custom_margin=&#8221;||25px||false|false&#8221; custom_padding=&#8221;0px||0px||true|false&#8221; global_colors_info=&#8221;{}&#8221;][et_pb_column type=&#8221;1_4&#8243; module_class=&#8221;margin-auto&#8221; _builder_version=&#8221;4.17.3&#8243; _module_preset=&#8221;default&#8221; global_colors_info=&#8221;{}&#8221;][et_pb_image src=&#8221;https:\/\/emeraldpr.hu\/wp-content\/uploads\/2022\/08\/Investor-Relations-Icon.png&#8221; alt=&#8221;Befektet\u0151i kapcsolatok Magyarorsz\u00e1g&#8221; align=&#8221;center&#8221; _builder_version=&#8221;4.17.3&#8243; _module_preset=&#8221;default&#8221; animation_style=&#8221;slide&#8221; animation_direction=&#8221;bottom&#8221; animation_intensity_slide=&#8221;15%&#8221; global_colors_info=&#8221;{}&#8221;][\/et_pb_image][\/et_pb_column][et_pb_column type=&#8221;3_4&#8243; module_class=&#8221;margin-auto&#8221; _builder_version=&#8221;4.17.3&#8243; _module_preset=&#8221;default&#8221; global_colors_info=&#8221;{}&#8221;][et_pb_text _builder_version=&#8221;4.17.3&#8243; _module_preset=&#8221;default&#8221; global_colors_info=&#8221;{}&#8221;]<\/p>\n<h3>Befektet\u0151i kapcsolatok<\/h3>\n<p><span>A t\u0151zsd\u00e9n jegyzett \u00e9s a t\u0151zsdei bevezet\u00e9st tervez\u0151 v\u00e1llalatoknak k\u00fcl\u00f6n\u00f6s gondot kell ford\u00edtaniuk tulajdonosaikra \u00e9s leend\u0151 befektet\u0151ikre. A befektet\u0151i kapcsolatok er\u0151s h\u00edrn\u00e9vmenedzsmentet biztos\u00edtanak a t\u0151kepiacokon, t\u00e1mogatva a sikeres p\u00e9nz\u00fcgyi teljes\u00edtm\u00e9nyt.<\/span><\/p>\n<p>[\/et_pb_text][\/et_pb_column][\/et_pb_row][et_pb_row column_structure=&#8221;1_4,3_4&#8243; make_equal=&#8221;on&#8221; _builder_version=&#8221;4.17.3&#8243; _module_preset=&#8221;default&#8221; max_width=&#8221;1024px&#8221; module_alignment=&#8221;center&#8221; custom_margin=&#8221;||25px||false|false&#8221; custom_padding=&#8221;0px||0px||true|false&#8221; global_colors_info=&#8221;{}&#8221;][et_pb_column type=&#8221;1_4&#8243; module_class=&#8221;margin-auto&#8221; _builder_version=&#8221;4.17.3&#8243; _module_preset=&#8221;default&#8221; global_colors_info=&#8221;{}&#8221;][et_pb_image src=&#8221;https:\/\/emeraldpr.hu\/wp-content\/uploads\/2022\/08\/Marketing-Communications-Icon.png&#8221; alt=&#8221;Marketing kommunik\u00e1ci\u00f3&#8221; align=&#8221;center&#8221; _builder_version=&#8221;4.17.3&#8243; _module_preset=&#8221;default&#8221; animation_style=&#8221;slide&#8221; animation_direction=&#8221;bottom&#8221; animation_intensity_slide=&#8221;15%&#8221; global_colors_info=&#8221;{}&#8221;][\/et_pb_image][\/et_pb_column][et_pb_column type=&#8221;3_4&#8243; module_class=&#8221;margin-auto&#8221; _builder_version=&#8221;4.17.3&#8243; _module_preset=&#8221;default&#8221; global_colors_info=&#8221;{}&#8221;][et_pb_text _builder_version=&#8221;4.17.3&#8243; _module_preset=&#8221;default&#8221; global_colors_info=&#8221;{}&#8221;]<\/p>\n<h3>Marketing kommunik\u00e1ci\u00f3<\/h3>\n<p><span>A m\u00e1rk\u00e1kat pr-kommunik\u00e1ci\u00f3val t\u00e1mogatjuk annak \u00e9rdek\u00e9ben, hogy el\u00e9rj\u00e9k \u00fczleti c\u00e9ljainkat a fogyaszt\u00f3k bizalm\u00e1nak megszerz\u00e9se \u00e9s megtart\u00e1sa \u00e1ltal. Integr\u00e1lt pr- \u00e9s marketingkamp\u00e1nyok r\u00e9v\u00e9n \u00e9s partner\u00fcgyn\u00f6ks\u00e9geink seg\u00edts\u00e9g\u00e9vel el\u00e9rj\u00fck a k\u00edv\u00e1nt eredm\u00e9nyeket b\u00e1rmely m\u00e1rka sz\u00e1m\u00e1ra, amelyben mi magunk is hisz\u00fcnk.<\/span><\/p>\n<p>[\/et_pb_text][\/et_pb_column][\/et_pb_row][et_pb_row column_structure=&#8221;1_4,3_4&#8243; make_equal=&#8221;on&#8221; _builder_version=&#8221;4.17.3&#8243; _module_preset=&#8221;default&#8221; max_width=&#8221;1024px&#8221; module_alignment=&#8221;center&#8221; custom_margin=&#8221;||25px||false|false&#8221; custom_padding=&#8221;0px||0px||true|false&#8221; global_colors_info=&#8221;{}&#8221;][et_pb_column type=&#8221;1_4&#8243; module_class=&#8221;margin-auto&#8221; _builder_version=&#8221;4.17.3&#8243; _module_preset=&#8221;default&#8221; global_colors_info=&#8221;{}&#8221;][et_pb_image src=&#8221;https:\/\/emeraldpr.hu\/wp-content\/uploads\/2022\/08\/Public-Affairs-Icon.png&#8221; alt=&#8221;Public Affairs Magyarorsz\u00e1g&#8221; align=&#8221;center&#8221; _builder_version=&#8221;4.17.3&#8243; _module_preset=&#8221;default&#8221; animation_style=&#8221;slide&#8221; animation_direction=&#8221;bottom&#8221; animation_intensity_slide=&#8221;15%&#8221; global_colors_info=&#8221;{}&#8221;][\/et_pb_image][\/et_pb_column][et_pb_column type=&#8221;3_4&#8243; module_class=&#8221;margin-auto&#8221; _builder_version=&#8221;4.17.3&#8243; _module_preset=&#8221;default&#8221; global_colors_info=&#8221;{}&#8221;][et_pb_text _builder_version=&#8221;4.17.3&#8243; _module_preset=&#8221;default&#8221; global_colors_info=&#8221;{}&#8221;]<\/p>\n<h3>Public Affairs<\/h3>\n<p>A Public Affairs szolg\u00e1ltat\u00e1son kereszt\u00fcl a bizalomra \u00e9p\u00fcl\u0151, hossz\u00fa t\u00e1v\u00fa kapcsolatok ki\u00e9p\u00edt\u00e9s\u00e9re \u00e9s kezel\u00e9s\u00e9re \u00f6sszpontos\u00edtunk az \u00e9rdekelt felekkel. Seg\u00edt\u00fcnk \u00fcgyfeleinknek eligazodni int\u00e9zm\u00e9nyi kapcsolataikban, konstrukt\u00edvan r\u00e9szt venni a politikai vit\u00e1kban, \u00e9s \u00e9rtelmes k\u00f6z- \u00e9s mag\u00e1nszf\u00e9ra k\u00f6z\u00f6tti partners\u00e9geket \u00e9p\u00edteni, hogy megold\u00e1sokat tal\u00e1ljanak a legfontosabb t\u00e1rsadalmi probl\u00e9m\u00e1kra.<\/p>\n<p>[\/et_pb_text][\/et_pb_column][\/et_pb_row][et_pb_row column_structure=&#8221;1_4,3_4&#8243; make_equal=&#8221;on&#8221; _builder_version=&#8221;4.17.3&#8243; _module_preset=&#8221;default&#8221; max_width=&#8221;1024px&#8221; module_alignment=&#8221;center&#8221; custom_margin=&#8221;||25px||false|false&#8221; custom_padding=&#8221;0px||0px||true|false&#8221; global_colors_info=&#8221;{}&#8221;][et_pb_column type=&#8221;1_4&#8243; module_class=&#8221;margin-auto&#8221; _builder_version=&#8221;4.17.3&#8243; _module_preset=&#8221;default&#8221; global_colors_info=&#8221;{}&#8221;][et_pb_image src=&#8221;https:\/\/emeraldpr.hu\/wp-content\/uploads\/2022\/08\/Crisis-Communcation-Icon.png&#8221; alt=&#8221;Kr\u00edziskommunik\u00e1ci\u00f3 megold\u00e1s&#8221; align=&#8221;center&#8221; _builder_version=&#8221;4.17.3&#8243; _module_preset=&#8221;default&#8221; animation_style=&#8221;slide&#8221; animation_direction=&#8221;bottom&#8221; animation_intensity_slide=&#8221;15%&#8221; global_colors_info=&#8221;{}&#8221;][\/et_pb_image][\/et_pb_column][et_pb_column type=&#8221;3_4&#8243; module_class=&#8221;margin-auto&#8221; _builder_version=&#8221;4.17.3&#8243; _module_preset=&#8221;default&#8221; global_colors_info=&#8221;{}&#8221;][et_pb_text _builder_version=&#8221;4.17.3&#8243; _module_preset=&#8221;default&#8221; global_colors_info=&#8221;{}&#8221;]<\/p>\n<h3>Kr\u00edziskommunik\u00e1ci\u00f3<\/h3>\n<p>B\u00e9k\u00e9ben k\u00e9sz\u00fclj a h\u00e1bor\u00fara! H\u00e1bor\u00faban pedig h\u00edvd seg\u00edts\u00e9g\u00fcl a profikat! V\u00e1ls\u00e1ghelyzetben az egyik legfontosabb dolog a kock\u00e1zat \u00e9s a kitetts\u00e9g minimaliz\u00e1l\u00e1sa, valamint a h\u00edrn\u00e9v kezel\u00e9se. Az orsz\u00e1g egyik legismertebb v\u00e1ls\u00e1gkommunik\u00e1ci\u00f3s \u00fcgyn\u00f6ks\u00e9gek\u00e9nt, \u00fcgyfeleink sz\u00e1m\u00edthatnak a gyors, hat\u00e9kony \u00e9s professzion\u00e1lis seg\u00edts\u00e9gre.<\/p>\n<p>[\/et_pb_text][\/et_pb_column][\/et_pb_row][et_pb_row column_structure=&#8221;1_4,3_4&#8243; make_equal=&#8221;on&#8221; _builder_version=&#8221;4.17.3&#8243; _module_preset=&#8221;default&#8221; max_width=&#8221;1024px&#8221; module_alignment=&#8221;center&#8221; custom_margin=&#8221;||25px||false|false&#8221; custom_padding=&#8221;0px||0px||true|false&#8221; global_colors_info=&#8221;{}&#8221;][et_pb_column type=&#8221;1_4&#8243; module_class=&#8221;margin-auto&#8221; _builder_version=&#8221;4.17.3&#8243; _module_preset=&#8221;default&#8221; global_colors_info=&#8221;{}&#8221;][et_pb_image src=&#8221;https:\/\/emeraldpr.hu\/wp-content\/uploads\/2022\/08\/CSR-Icon.png&#8221; alt=&#8221;V\u00e1llalati t\u00e1rsadalmi felel\u0151ss\u00e9gv\u00e1llal\u00e1s&#8221; align=&#8221;center&#8221; _builder_version=&#8221;4.17.3&#8243; _module_preset=&#8221;default&#8221; animation_style=&#8221;slide&#8221; animation_direction=&#8221;bottom&#8221; animation_intensity_slide=&#8221;15%&#8221; global_colors_info=&#8221;{}&#8221;][\/et_pb_image][\/et_pb_column][et_pb_column type=&#8221;3_4&#8243; module_class=&#8221;margin-auto&#8221; _builder_version=&#8221;4.17.3&#8243; _module_preset=&#8221;default&#8221; global_colors_info=&#8221;{}&#8221;][et_pb_text _builder_version=&#8221;4.17.3&#8243; _module_preset=&#8221;default&#8221; global_colors_info=&#8221;{}&#8221;]<\/p>\n<h3>CSR<\/h3>\n<p>A v\u00e1llalati t\u00e1rsadalmi felel\u0151ss\u00e9gv\u00e1llal\u00e1s (CSR) egy v\u00e1llalatvezet\u00e9si modell, amelyben a c\u00e9gek az \u00fczleti eredm\u00e9ny mellett ugyanolyan s\u00fallyal veszik figyelembe a t\u00e1rsadalomra \u00e9s a k\u00f6rnyezetre gyakorolt hat\u00e1sukat is. A TBL- modell alapj\u00e1n fenntarthat\u00f3s\u00e1gi tan\u00e1csad\u00e1st \u00e9s CSR-kommunik\u00e1ci\u00f3s szolg\u00e1ltat\u00e1sokat ny\u00fajtunk az \u00fcgyfeleknek.<\/p>\n<p>[\/et_pb_text][\/et_pb_column][\/et_pb_row][et_pb_row column_structure=&#8221;1_4,3_4&#8243; make_equal=&#8221;on&#8221; _builder_version=&#8221;4.17.3&#8243; _module_preset=&#8221;default&#8221; max_width=&#8221;1024px&#8221; module_alignment=&#8221;center&#8221; custom_margin=&#8221;||25px||false|false&#8221; custom_padding=&#8221;0px||0px||true|false&#8221; global_colors_info=&#8221;{}&#8221;][et_pb_column type=&#8221;1_4&#8243; module_class=&#8221;margin-auto&#8221; _builder_version=&#8221;4.17.3&#8243; _module_preset=&#8221;default&#8221; global_colors_info=&#8221;{}&#8221;][et_pb_image src=&#8221;https:\/\/emeraldpr.hu\/wp-content\/uploads\/2022\/08\/Digital-Communication-Icon.png&#8221; alt=&#8221; PR digit\u00e1lis kommunik\u00e1ci\u00f3&#8221; align=&#8221;center&#8221; _builder_version=&#8221;4.17.3&#8243; _module_preset=&#8221;default&#8221; animation_style=&#8221;slide&#8221; animation_direction=&#8221;bottom&#8221; animation_intensity_slide=&#8221;15%&#8221; global_colors_info=&#8221;{}&#8221;][\/et_pb_image][\/et_pb_column][et_pb_column type=&#8221;3_4&#8243; module_class=&#8221;margin-auto&#8221; _builder_version=&#8221;4.17.3&#8243; _module_preset=&#8221;default&#8221; global_colors_info=&#8221;{}&#8221;][et_pb_text _builder_version=&#8221;4.17.3&#8243; _module_preset=&#8221;default&#8221; global_colors_info=&#8221;{}&#8221;]<\/p>\n<h3>Digit\u00e1lis kommunik\u00e1ci\u00f3<\/h3>\n<div class=\"king-elements skills-showcase-right delay-500ms\">\n<div class=\"skills-showcase-right-body\">\n<p><span>\u00c9rtj\u00fck \u00e9s ismerj\u00fck a k\u00f6z\u00f6ss\u00e9gi m\u00e9dia \u00e9s a digit\u00e1lis platformok erej\u00e9t. Tan\u00e1csokat adunk, strat\u00e9gi\u00e1kat \u00e9s tartalmat k\u00e9sz\u00edt\u00fcnk a digit\u00e1lis vil\u00e1g sz\u00e1m\u00e1ra. A legn\u00e9pszer\u0171bb \u00e9s leghat\u00e9konyabb digit\u00e1lis eszk\u00f6z\u00f6k\u00f6n kereszt\u00fcl seg\u00edt\u00fcnk \u00fcgyfeleinknek elmondani a t\u00f6rt\u00e9net\u00fcket, \u00e9s kapcsolatot teremteni a fogyaszt\u00f3kkal \u00e9s az \u00e9rintettekkel.<\/span><\/p>\n<\/div>\n<\/div>\n<p>[\/et_pb_text][\/et_pb_column][\/et_pb_row][et_pb_row column_structure=&#8221;1_4,3_4&#8243; make_equal=&#8221;on&#8221; _builder_version=&#8221;4.17.3&#8243; _module_preset=&#8221;default&#8221; max_width=&#8221;1024px&#8221; module_alignment=&#8221;center&#8221; custom_margin=&#8221;||25px||false|false&#8221; custom_padding=&#8221;0px||0px||true|false&#8221; global_colors_info=&#8221;{}&#8221;][et_pb_column type=&#8221;1_4&#8243; module_class=&#8221;margin-auto&#8221; _builder_version=&#8221;4.17.3&#8243; _module_preset=&#8221;default&#8221; global_colors_info=&#8221;{}&#8221;][et_pb_image src=&#8221;https:\/\/emeraldpr.hu\/wp-content\/uploads\/2022\/08\/Personal-Branding-Icon.png&#8221; alt=&#8221;PR szem\u00e9lyes m\u00e1rka\u00e9p\u00edt\u00e9s&#8221; align=&#8221;center&#8221; _builder_version=&#8221;4.17.3&#8243; _module_preset=&#8221;default&#8221; animation_style=&#8221;slide&#8221; animation_direction=&#8221;bottom&#8221; animation_intensity_slide=&#8221;15%&#8221; global_colors_info=&#8221;{}&#8221;][\/et_pb_image][\/et_pb_column][et_pb_column type=&#8221;3_4&#8243; module_class=&#8221;margin-auto&#8221; _builder_version=&#8221;4.17.3&#8243; _module_preset=&#8221;default&#8221; global_colors_info=&#8221;{}&#8221;][et_pb_text _builder_version=&#8221;4.17.3&#8243; _module_preset=&#8221;default&#8221; global_colors_info=&#8221;{}&#8221;]<\/p>\n<h4 class=\"showcase-right-heading\">Szem\u00e9lyes m\u00e1rka\u00e9p\u00edt\u00e9s<\/h4>\n<p>A szem\u00e9lyes m\u00e1rka\u00e9p\u00edt\u00e9s arr\u00f3l sz\u00f3l, ami egyediv\u00e9 teszi \u00d6nt, \u00e9s kiemeli a t\u00f6megb\u0151l. Seg\u00edt\u00fcnk \u00fcgyfeleinknek szakmai m\u00e1rk\u00e1juk ki\u00e9p\u00edt\u00e9s\u00e9ben, im\u00e1zsuk kialak\u00edt\u00e1s\u00e1ban \u00e9s er\u0151s\u00edt\u00e9s\u00e9ben, valamint stabil pozit\u00edv h\u00edrn\u00e9v el\u00e9r\u00e9s\u00e9ben.<\/p>\n<p>[\/et_pb_text][\/et_pb_column][\/et_pb_row][et_pb_row column_structure=&#8221;2_3,1_3&#8243; make_equal=&#8221;on&#8221; _builder_version=&#8221;4.17.3&#8243; _module_preset=&#8221;default&#8221; background_enable_color=&#8221;off&#8221; use_background_color_gradient=&#8221;on&#8221; background_color_gradient_direction=&#8221;45deg&#8221; background_color_gradient_stops=&#8221;#68a9c6 0%|#7fefe6 100%&#8221; max_width=&#8221;1024px&#8221; custom_margin=&#8221;50px||||false|false&#8221; custom_padding=&#8221;35px|35px|35px|35px|true|true&#8221; animation_style=&#8221;slide&#8221; animation_direction=&#8221;bottom&#8221; animation_intensity_slide=&#8221;25%&#8221; border_radii=&#8221;on|75px|75px|75px|75px&#8221; border_radii_tablet=&#8221;on|25px|25px|25px|25px&#8221; border_radii_phone=&#8221;on|25px|25px|25px|25px&#8221; border_radii_last_edited=&#8221;on|phone&#8221; box_shadow_style=&#8221;preset1&#8243; box_shadow_color=&#8221;rgba(104,169,198,0.35)&#8221; global_colors_info=&#8221;{}&#8221; background__hover_enabled=&#8221;off|hover&#8221; background_color_gradient_stops__hover=&#8221;#68a9c6 0%|#014763 100%&#8221; use_background_color_gradient__hover=&#8221;on&#8221; background_color_gradient_direction__hover=&#8221;275deg&#8221;][et_pb_column type=&#8221;2_3&#8243; module_class=&#8221;margin-auto&#8221; _builder_version=&#8221;4.17.3&#8243; _module_preset=&#8221;default&#8221; global_colors_info=&#8221;{}&#8221;][et_pb_text _builder_version=&#8221;4.17.3&#8243; _module_preset=&#8221;default&#8221; text_text_color=&#8221;#FFFFFF&#8221; text_font_size=&#8221;24px&#8221; text_line_height=&#8221;1.1em&#8221; custom_margin=&#8221;||0px||false|false&#8221; custom_margin_tablet=&#8221;||15px||false|false&#8221; custom_margin_phone=&#8221;||15px||false|false&#8221; custom_margin_last_edited=&#8221;on|desktop&#8221; hover_enabled=&#8221;0&#8243; global_colors_info=&#8221;{}&#8221; sticky_enabled=&#8221;0&#8243;]<\/p>\n<p>PR-szolg\u00e1ltat\u00e1sok ir\u00e1nt \u00e9rdekl\u0151dik?<br \/>K\u00e9rjen aj\u00e1nlatot!<\/p>\n<p>[\/et_pb_text][\/et_pb_column][et_pb_column type=&#8221;1_3&#8243; module_class=&#8221;margin-auto&#8221; _builder_version=&#8221;4.17.3&#8243; _module_preset=&#8221;default&#8221; global_colors_info=&#8221;{}&#8221;][et_pb_button button_url=&#8221;@ET-DC@eyJkeW5hbWljIjp0cnVlLCJjb250ZW50IjoicG9zdF9saW5rX3VybF9wYWdlIiwic2V0dGluZ3MiOnsicG9zdF9pZCI6IjU3In19@&#8221; button_text=&#8221;Kapcsolat&#8221; button_alignment=&#8221;right&#8221; button_alignment_tablet=&#8221;left&#8221; button_alignment_phone=&#8221;left&#8221; button_alignment_last_edited=&#8221;on|phone&#8221; _builder_version=&#8221;4.17.3&#8243; _dynamic_attributes=&#8221;button_url&#8221; _module_preset=&#8221;default&#8221; custom_button=&#8221;on&#8221; button_text_size=&#8221;20px&#8221; custom_margin=&#8221;||||false|false&#8221; custom_margin_tablet=&#8221;||15px||false|false&#8221; custom_margin_phone=&#8221;||15px||false|false&#8221; custom_margin_last_edited=&#8221;off|tablet&#8221; global_colors_info=&#8221;{}&#8221;][\/et_pb_button][\/et_pb_column][\/et_pb_row][\/et_pb_section][et_pb_section fb_built=&#8221;1&#8243; _builder_version=&#8221;4.17.3&#8243; _module_preset=&#8221;default&#8221; background_enable_color=&#8221;off&#8221; use_background_color_gradient=&#8221;on&#8221; background_color_gradient_direction=&#8221;45deg&#8221; background_color_gradient_stops=&#8221;#efefef 0%|#ffffff 99%&#8221; custom_margin=&#8221;0px||0px||true|false&#8221; custom_padding=&#8221;50px||50px||true|false&#8221; top_divider_height=&#8221;50px&#8221; top_divider_flip=&#8221;horizontal|vertical&#8221; bottom_divider_height=&#8221;50px&#8221; global_module=&#8221;758&#8243; global_colors_info=&#8221;{}&#8221;][et_pb_row _builder_version=&#8221;4.17.3&#8243; _module_preset=&#8221;default&#8221; custom_margin=&#8221;||25px||false|false&#8221; custom_padding=&#8221;0px||0px||true|false&#8221; global_colors_info=&#8221;{}&#8221;][et_pb_column type=&#8221;4_4&#8243; _builder_version=&#8221;4.17.3&#8243; _module_preset=&#8221;default&#8221; global_colors_info=&#8221;{}&#8221;][et_pb_text _builder_version=&#8221;4.17.3&#8243; _module_preset=&#8221;default&#8221; custom_margin=&#8221;||5px||false|false&#8221; global_colors_info=&#8221;{}&#8221;]<\/p>\n<h2 style=\"text-align: center;\">Referenci\u00e1ink<\/h2>\n<p>[\/et_pb_text][et_pb_divider color=&#8221;#68A9C6&#8243; divider_weight=&#8221;2px&#8221; _builder_version=&#8221;4.17.3&#8243; _module_preset=&#8221;default&#8221; max_width=&#8221;15%&#8221; module_alignment=&#8221;center&#8221; height=&#8221;2px&#8221; custom_margin=&#8221;||||false|false&#8221; custom_padding=&#8221;||||false|false&#8221; animation_style=&#8221;zoom&#8221; global_colors_info=&#8221;{}&#8221;][\/et_pb_divider][\/et_pb_column][\/et_pb_row][et_pb_row column_structure=&#8221;1_5,1_5,1_5,1_5,1_5&#8243; make_equal=&#8221;on&#8221; _builder_version=&#8221;4.17.3&#8243; _module_preset=&#8221;default&#8221; custom_margin=&#8221;||15px||false|false&#8221; custom_padding=&#8221;0px||0px||true|false&#8221; global_colors_info=&#8221;{}&#8221;][et_pb_column type=&#8221;1_5&#8243; module_class=&#8221;margin-auto&#8221; _builder_version=&#8221;4.17.3&#8243; _module_preset=&#8221;default&#8221; global_colors_info=&#8221;{}&#8221;][et_pb_image src=&#8221;https:\/\/emeraldpr.hu\/wp-content\/uploads\/2022\/06\/Bunge-Logo.png&#8221; alt=&#8221;Bunge Logo&#8221; align=&#8221;center&#8221; _builder_version=&#8221;4.17.3&#8243; _module_preset=&#8221;default&#8221; module_alignment=&#8221;center&#8221; custom_margin=&#8221;||15px||false|false&#8221; global_colors_info=&#8221;{}&#8221;][\/et_pb_image][\/et_pb_column][et_pb_column type=&#8221;1_5&#8243; module_class=&#8221;margin-auto&#8221; _builder_version=&#8221;4.17.3&#8243; _module_preset=&#8221;default&#8221; global_colors_info=&#8221;{}&#8221;][et_pb_image src=&#8221;https:\/\/emeraldpr.hu\/wp-content\/uploads\/2022\/06\/Mars-Logo.png&#8221; alt=&#8221;Mars Logo&#8221; align=&#8221;center&#8221; _builder_version=&#8221;4.17.3&#8243; _module_preset=&#8221;default&#8221; custom_margin=&#8221;||15px||false|false&#8221; global_colors_info=&#8221;{}&#8221;][\/et_pb_image][\/et_pb_column][et_pb_column type=&#8221;1_5&#8243; module_class=&#8221;margin-auto&#8221; _builder_version=&#8221;4.17.3&#8243; _module_preset=&#8221;default&#8221; global_colors_info=&#8221;{}&#8221;][et_pb_image src=&#8221;https:\/\/emeraldpr.hu\/wp-content\/uploads\/2022\/06\/Honeywell-Logo.png&#8221; alt=&#8221;Honeywell Logo&#8221; align=&#8221;center&#8221; _builder_version=&#8221;4.17.3&#8243; _module_preset=&#8221;default&#8221; custom_margin=&#8221;||15px||false|false&#8221; global_colors_info=&#8221;{}&#8221;][\/et_pb_image][\/et_pb_column][et_pb_column type=&#8221;1_5&#8243; module_class=&#8221;margin-auto&#8221; _builder_version=&#8221;4.17.3&#8243; _module_preset=&#8221;default&#8221; global_colors_info=&#8221;{}&#8221;][et_pb_image src=&#8221;https:\/\/emeraldpr.hu\/wp-content\/uploads\/2022\/06\/General-Electric-Logo.png&#8221; alt=&#8221;General Electric Logo&#8221; align=&#8221;center&#8221; _builder_version=&#8221;4.17.3&#8243; _module_preset=&#8221;default&#8221; max_width=&#8221;100px&#8221; custom_margin=&#8221;||15px||false|false&#8221; global_colors_info=&#8221;{}&#8221;][\/et_pb_image][\/et_pb_column][et_pb_column type=&#8221;1_5&#8243; module_class=&#8221;margin-auto&#8221; _builder_version=&#8221;4.17.3&#8243; _module_preset=&#8221;default&#8221; global_colors_info=&#8221;{}&#8221;][et_pb_image src=&#8221;https:\/\/emeraldpr.hu\/wp-content\/uploads\/2022\/06\/Giant-Logo.png&#8221; alt=&#8221;Giant Logo&#8221; align=&#8221;center&#8221; _builder_version=&#8221;4.17.3&#8243; _module_preset=&#8221;default&#8221; custom_margin=&#8221;||15px||false|false&#8221; global_colors_info=&#8221;{}&#8221;][\/et_pb_image][\/et_pb_column][\/et_pb_row][et_pb_row column_structure=&#8221;1_5,1_5,1_5,1_5,1_5&#8243; make_equal=&#8221;on&#8221; _builder_version=&#8221;4.17.3&#8243; _module_preset=&#8221;default&#8221; custom_margin=&#8221;||15px||false|false&#8221; custom_padding=&#8221;0px||0px||true|false&#8221; global_colors_info=&#8221;{}&#8221;][et_pb_column type=&#8221;1_5&#8243; module_class=&#8221;margin-auto&#8221; _builder_version=&#8221;4.17.3&#8243; _module_preset=&#8221;default&#8221; global_colors_info=&#8221;{}&#8221;][et_pb_image src=&#8221;https:\/\/emeraldpr.hu\/wp-content\/uploads\/2022\/06\/GSE-Logo.png&#8221; alt=&#8221;GSE Logo&#8221; align=&#8221;center&#8221; _builder_version=&#8221;4.17.3&#8243; _module_preset=&#8221;default&#8221; max_width=&#8221;150px&#8221; custom_margin=&#8221;||15px||false|false&#8221; global_colors_info=&#8221;{}&#8221;][\/et_pb_image][\/et_pb_column][et_pb_column type=&#8221;1_5&#8243; module_class=&#8221;margin-auto&#8221; _builder_version=&#8221;4.17.3&#8243; _module_preset=&#8221;default&#8221; global_colors_info=&#8221;{}&#8221;][et_pb_image src=&#8221;https:\/\/emeraldpr.hu\/wp-content\/uploads\/2022\/06\/Abbyy-Logo.png&#8221; alt=&#8221;Abbyy Logo&#8221; align=&#8221;center&#8221; _builder_version=&#8221;4.17.3&#8243; _module_preset=&#8221;default&#8221; max_width=&#8221;150px&#8221; custom_margin=&#8221;||15px||false|false&#8221; global_colors_info=&#8221;{}&#8221;][\/et_pb_image][\/et_pb_column][et_pb_column type=&#8221;1_5&#8243; module_class=&#8221;margin-auto&#8221; _builder_version=&#8221;4.17.3&#8243; _module_preset=&#8221;default&#8221; global_colors_info=&#8221;{}&#8221;][et_pb_image src=&#8221;https:\/\/emeraldpr.hu\/wp-content\/uploads\/2022\/06\/White-Star-Real-Estate-Logo.png&#8221; alt=&#8221;White Star Real Estate Logo&#8221; align=&#8221;center&#8221; _builder_version=&#8221;4.17.3&#8243; _module_preset=&#8221;default&#8221; custom_margin=&#8221;||15px||false|false&#8221; global_colors_info=&#8221;{}&#8221;][\/et_pb_image][\/et_pb_column][et_pb_column type=&#8221;1_5&#8243; module_class=&#8221;margin-auto&#8221; _builder_version=&#8221;4.17.3&#8243; _module_preset=&#8221;default&#8221; global_colors_info=&#8221;{}&#8221;][et_pb_image src=&#8221;https:\/\/emeraldpr.hu\/wp-content\/uploads\/2022\/06\/Frisbo-Logo.png&#8221; alt=&#8221;Frisbo Logo&#8221; align=&#8221;center&#8221; _builder_version=&#8221;4.17.3&#8243; _module_preset=&#8221;default&#8221; max_width=&#8221;100px&#8221; module_alignment=&#8221;center&#8221; custom_margin=&#8221;||15px||false|false&#8221; global_colors_info=&#8221;{}&#8221;][\/et_pb_image][\/et_pb_column][et_pb_column type=&#8221;1_5&#8243; module_class=&#8221;margin-auto&#8221; _builder_version=&#8221;4.17.3&#8243; _module_preset=&#8221;default&#8221; global_colors_info=&#8221;{}&#8221;][et_pb_image src=&#8221;https:\/\/emeraldpr.hu\/wp-content\/uploads\/2022\/06\/Klepierre-Logo.png&#8221; alt=&#8221;Kl\u00e9pierre Logo&#8221; align=&#8221;center&#8221; _builder_version=&#8221;4.17.3&#8243; _module_preset=&#8221;default&#8221; max_width=&#8221;75px&#8221; custom_margin=&#8221;||15px||false|false&#8221; global_colors_info=&#8221;{}&#8221;][\/et_pb_image][\/et_pb_column][\/et_pb_row][et_pb_row _builder_version=&#8221;4.17.3&#8243; _module_preset=&#8221;default&#8221; custom_padding=&#8221;25px||0px||false|false&#8221; global_colors_info=&#8221;{}&#8221;][et_pb_column type=&#8221;4_4&#8243; _builder_version=&#8221;4.17.3&#8243; _module_preset=&#8221;default&#8221; global_colors_info=&#8221;{}&#8221;][et_pb_divider color=&#8221;#68A9C6&#8243; divider_weight=&#8221;2px&#8221; _builder_version=&#8221;4.17.3&#8243; _module_preset=&#8221;default&#8221; max_width=&#8221;15%&#8221; module_alignment=&#8221;center&#8221; height=&#8221;2px&#8221; custom_margin=&#8221;||||false|false&#8221; custom_padding=&#8221;||||false|false&#8221; animation_style=&#8221;zoom&#8221; global_colors_info=&#8221;{}&#8221;][\/et_pb_divider][et_pb_slider show_pagination=&#8221;off&#8221; _builder_version=&#8221;4.17.3&#8243; _module_preset=&#8221;default&#8221; body_font=&#8221;||||||||&#8221; body_text_color=&#8221;#777777&#8243; custom_padding=&#8221;0px||0px||true|false&#8221; auto=&#8221;on&#8221; global_colors_info=&#8221;{}&#8221;][et_pb_slide _builder_version=&#8221;4.17.3&#8243; _module_preset=&#8221;default&#8221; body_text_align=&#8221;center&#8221; background_color=&#8221;RGBA(255,255,255,0)&#8221; background_enable_color=&#8221;on&#8221; background_layout=&#8221;light&#8221; global_colors_info=&#8221;{}&#8221; sticky_transition=&#8221;on&#8221;]<\/p>\n<p style=\"text-align: center;\"><img loading=\"lazy\" class=\"size-full\" src=\"\/wp-content\/uploads\/2022\/06\/Abbyy-Logo.png\" alt=\"Forevermark Logo\" width=\"150\" height=\"44\" \/><\/p>\n<p style=\"text-align: center;\"><em>&#8220;Az Emerald PR csapata nagyon figyelmes volt az ig\u00e9nyeinkkel kapcsolatban, \u00e9s nagy seg\u00edts\u00e9get ny\u00fajtott a magyarorsz\u00e1gi kommunik\u00e1ci\u00f3s c\u00e9ljaink el\u00e9r\u00e9s\u00e9ben. A csapat nagyon profi \u00e9s j\u00f3l ismeri a helyi m\u00e9diapiacot. Zs\u00f3fi \u00e9s koll\u00e9g\u00e1i mindig a nagy k\u00e9pet tartj\u00e1k szem el\u0151tt, \u00e9s kreat\u00edv \u00f6tleteket \u00e9s megold\u00e1sokat ny\u00fajtanak mind az online, mind az offline dimenzi\u00f3kban. Nagyon \u00e9lvezt\u00fck az Emerald PR-ral val\u00f3 egy\u00fcttm\u0171k\u00f6d\u00e9st, \u00e9s v\u00e1rjuk a tov\u00e1bbi k\u00f6z\u00f6s projekteket!&#8221;<\/em><\/p>\n<p style=\"text-align: center;\">&#8211; Elina Mukhametdinova, pr-vezet\u0151<br \/><strong>ABBYY<\/strong><\/p>\n<p>[\/et_pb_slide][et_pb_slide _builder_version=&#8221;4.17.3&#8243; _module_preset=&#8221;default&#8221; body_text_align=&#8221;center&#8221; background_color=&#8221;RGBA(255,255,255,0)&#8221; background_enable_color=&#8221;on&#8221; background_layout=&#8221;light&#8221; global_colors_info=&#8221;{}&#8221; sticky_transition=&#8221;on&#8221;]<\/p>\n<p style=\"text-align: center;\"><img loading=\"lazy\" class=\"size-full\" src=\"\/wp-content\/uploads\/2022\/06\/Forevermark-Logo.png\" alt=\"Forevermark Logo\" width=\"150\" height=\"60\" \/><\/p>\n<p style=\"text-align: center;\"><em>&#8220;A Forevermark magyarorsz\u00e1gi bevezet\u00e9si kamp\u00e1ny\u00e1ban az Emerald PR biztos\u00edtotta sz\u00e1munkra azt a magas szint\u0171 szakmai t\u00e1mogat\u00e1st, amelyre sz\u00fcks\u00e9g\u00fcnk volt, kreat\u00edv \u00f6tletekkel \u00e9s &#8220;mindent k\u00e9zben tartunk&#8221; hozz\u00e1\u00e1ll\u00e1ssal kombin\u00e1lva. A tudat, hogy van egy \u00fcgyn\u00f6ks\u00e9g, amelyre teljes m\u00e9rt\u00e9kben sz\u00e1m\u00edthatunk, sokkal kellemesebb\u00e9 tette a bevezet\u00e9st. \u00c9s mindennek tetej\u00e9be, az \u00e1ltal\u00e1ban sz\u00fcks\u00e9ges id\u0151 harmada alatt menedzselt\u00e9k a bevezet\u00e9si kamp\u00e1nyt, nagyszer\u0171 csapatmunk\u00e1val ugrottak be \u00e9s mentett\u00e9k meg a napot.&#8221;<\/em><\/p>\n<p style=\"text-align: center;\">&#8211; Schmid Vivien, marketing igazgat\u00f3<br \/>\n<strong>Forevermark Hungary<\/strong><\/p>\n<p>[\/et_pb_slide][et_pb_slide _builder_version=&#8221;4.17.3&#8243; _module_preset=&#8221;default&#8221; body_text_align=&#8221;center&#8221; background_color=&#8221;RGBA(255,255,255,0)&#8221; background_enable_color=&#8221;on&#8221; background_layout=&#8221;light&#8221; global_colors_info=&#8221;{}&#8221; sticky_transition=&#8221;on&#8221;]<\/p>\n<p style=\"text-align: center;\"><img loading=\"lazy\" class=\"size-full\" src=\"\/wp-content\/uploads\/2022\/06\/Klepierre-Logo.png\" alt=\"Kl\u00e9pierre Logo\" width=\"63\" height=\"75\" \/><\/p>\n<p style=\"text-align: center;\"><em>&#8220;\u00c9vek \u00f3ta dolgozom Zs\u00f3fi\u00e1val \u00e9s csapat\u00e1val \u00fcgyf\u00e9lk\u00e9nt. A legmagasabb szakmai \u00e9s etikai norm\u00e1kat tartja szem el\u0151tt, maxim\u00e1lis sikerre t\u00f6rekv\u0151 hozz\u00e1\u00e1ll\u00e1ssal p\u00e1rosulva. Strat\u00e9giai tan\u00e1csai \u00e9s kiv\u00e1l\u00f3 probl\u00e9mamegold\u00f3 k\u00e9pess\u00e9gei t\u00e1mogatt\u00e1k sikeres magyarorsz\u00e1gi m\u0171k\u00f6d\u00e9s\u00fcnket.&#8221;<\/em><\/p>\n<p style=\"text-align: center;\">&#8211; Kertai Zsolt, oper\u00e1ci\u00f3s igazgat\u00f3<br \/>\n<strong>Kl\u00e9pierre<\/strong><\/p>\n<p>[\/et_pb_slide][et_pb_slide _builder_version=&#8221;4.17.3&#8243; _module_preset=&#8221;default&#8221; body_text_align=&#8221;center&#8221; background_color=&#8221;RGBA(255,255,255,0)&#8221; background_enable_color=&#8221;on&#8221; background_layout=&#8221;light&#8221; global_colors_info=&#8221;{}&#8221; sticky_transition=&#8221;on&#8221;]<\/p>\n<p style=\"text-align: center;\"><img loading=\"lazy\" src=\"\/wp-content\/uploads\/2022\/06\/Liferay-Logo.png\" width=\"150\" height=\"44\" alt=\"Liferay Logo\" class=\"size-full\" \/><\/p>\n<p style=\"text-align: center;\"><em>&#8220;Kevesebb mint egy \u00e9v alatt az Emerald seg\u00edtett ki\u00e9p\u00edteni a m\u00e1rk\u00e1nkat a sz\u00e1munkra legfontosabb \u00e9s legrelev\u00e1nsabb m\u00e9diumokn\u00e1l. A strat\u00e9gia fel\u00e9p\u00edt\u00e9s\u00e9t\u0151l kezdve a tartalomnapt\u00e1r k\u00e9sz\u00edt\u00e9s\u00e9n \u00e1t az esem\u00e9nyszervez\u00e9sig tudjuk, hogy sz\u00e1m\u00edthatunk r\u00e1juk, \u00e9s hogy teljes\u00edtik, amit \u00edg\u00e9rnek.&#8221;<\/em><\/p>\n<p style=\"text-align: center;\">&#8211; Kiss D\u00e1niel, Senior Marketing Specialist<br \/><strong>EMEA, Liferay Hungary Kft<\/strong><\/p>\n<p>[\/et_pb_slide][et_pb_slide _builder_version=&#8221;4.17.3&#8243; _module_preset=&#8221;default&#8221; body_text_align=&#8221;center&#8221; background_color=&#8221;RGBA(255,255,255,0)&#8221; background_enable_color=&#8221;on&#8221; background_layout=&#8221;light&#8221; global_colors_info=&#8221;{}&#8221; sticky_transition=&#8221;on&#8221;]<\/p>\n<p style=\"text-align: center;\"><img loading=\"lazy\" src=\"\/wp-content\/uploads\/2022\/06\/White-Star-Real-Estate-Logo.png\" width=\"150\" height=\"46\" alt=\"Liferay Logo\" class=\"size-full\" \/><\/p>\n<p style=\"text-align: center;\"><em>&#8220;Az Emerald m\u00e1r egy \u00e9ve, a tervez\u00e9si f\u00e1zis kezdete \u00f3ta r\u00e9szt vesz vadonat\u00faj luxuslak\u00f3parkunk, az E\u00f6tv\u00f6s12 fejleszt\u00e9s\u00e9ben. Az egy\u00fcttm\u0171k\u00f6d\u00e9s m\u00e1r a kezdetekt\u0151l fogva gy\u00fcm\u00f6lcs\u00f6z\u0151 volt, mivel az Emerald olyan vil\u00e1gos meg\u00e9rt\u00e9ssel \u00e9s egyedi r\u00e1l\u00e1t\u00e1ssal rendelkezett a projektre, mint kor\u00e1bban egyetlen m\u00e1s \u00fcgyn\u00f6ks\u00e9g sem. M\u00e1r az els\u0151 tal\u00e1lkoz\u00e1sunk megk\u00f6nnyebb\u00fcl\u00e9s volt, amikor r\u00e1j\u00f6tt\u00fcnk, hogy megtal\u00e1ltuk azt a c\u00e9get, amelyik k\u00e9pes az igazs\u00e1got kisz\u0171rni az inform\u00e1ci\u00f3k kuszas\u00e1g\u00e1b\u00f3l, \u00e9s megtal\u00e1lni a megfelel\u0151 kever\u00e9ket a c\u00e9lok el\u00e9r\u00e9s\u00e9hez; de ami enn\u00e9l is fontosabb, hogy az Emeraldnak van szeme a t\u00e1voli j\u00f6v\u0151re \u00e9s a fejleszt\u0151 felek k\u00f6z\u00f6tti egyens\u00faly fenntart\u00e1s\u00e1ra. R\u00e9szv\u00e9tel\u00fck az issue menedzsment, PR \u00e9s marketing tev\u00e9kenys\u00e9g\u00fcnkben l\u00e9tfontoss\u00e1g\u00fav\u00e1 v\u00e1lt sz\u00e1munkra, a fejleszt\u0151csapathoz val\u00f3 hozz\u00e1j\u00e1rul\u00e1suk mindig nagy \u00f6r\u00f6m \u00e9s \u00e9lm\u00e9ny.&#8221;<\/em><\/p>\n<p style=\"text-align: center;\">&#8211; G\u00e1rdai J\u00e1nos, \u00fcgyvezet\u0151 igazgat\u00f3<br \/>\n<strong>White Start Real Estate<\/strong><\/p>\n<p>[\/et_pb_slide][\/et_pb_slider][\/et_pb_column][\/et_pb_row][\/et_pb_section]<\/p>\n","protected":false},"excerpt":{"rendered":"<p>Szolg\u00e1ltat\u00e1sainkCsapatunk t\u00f6bb \u00e9vtizedes \u00e9ves szakmai tapasztalattal rendelkezik, amelyet a fiatalabb csapattagok \u00e1ltal biztos\u00edtott friss szeml\u00e9letm\u00f3ddal \u00f6tv\u00f6z\u00fcnk. Figyelemre m\u00e9lt\u00f3 \u00fcgyf\u00e9lportf\u00f3li\u00f3val rendelkez\u00fcnk, kiv\u00e1l\u00f3 min\u0151s\u00e9g\u0171 munk\u00e1nkr\u00f3l \u00e9s magas etikai norm\u00e1inkr\u00f3l vagyunk ismertek. Sz\u00e9lesk\u00f6r\u0171 ismeretekkel rendelkez\u00fcnk a magyar Public Affairs, sajt\u00f3 \u00e9s digit\u00e1lis szc\u00e9n\u00e1r\u00f3l, akt\u00edv kapcsolatokkal a kulcsszerepl\u0151kkel. Tapasztaltak vagyunk az influencer- \u00e9s word-of-mouth kamp\u00e1nyok kivitelez\u00e9s\u00e9ben, strat\u00e9giai partnerk\u00e9nt egy\u00fcttm\u0171k\u00f6d\u00fcnk [&hellip;]<\/p>\n","protected":false},"author":1,"featured_media":0,"parent":0,"menu_order":0,"comment_status":"closed","ping_status":"closed","template":"","meta":{"_et_pb_use_builder":"on","_et_pb_old_content":"<!-- wp:divi\/placeholder \/-->","_et_gb_content_width":""},"yoast_head":"<!-- This site is optimized with the Yoast SEO plugin v19.11 - https:\/\/yoast.com\/wordpress\/plugins\/seo\/ -->\n<title>Szolg\u00e1ltat\u00e1saink - Emerald PR<\/title>\n<meta name=\"robots\" content=\"index, follow, max-snippet:-1, max-image-preview:large, max-video-preview:-1\" \/>\n<link rel=\"canonical\" href=\"https:\/\/emeraldpr.hu\/hu\/szolgaltatasaink\/\" \/>\n<meta property=\"og:locale\" content=\"hu_HU\" \/>\n<meta property=\"og:type\" content=\"article\" \/>\n<meta property=\"og:title\" content=\"Szolg\u00e1ltat\u00e1saink - Emerald PR\" \/>\n<meta property=\"og:description\" content=\"Szolg\u00e1ltat\u00e1sainkCsapatunk t\u00f6bb \u00e9vtizedes \u00e9ves szakmai tapasztalattal rendelkezik, amelyet a fiatalabb csapattagok \u00e1ltal biztos\u00edtott friss szeml\u00e9letm\u00f3ddal \u00f6tv\u00f6z\u00fcnk. Figyelemre m\u00e9lt\u00f3 \u00fcgyf\u00e9lportf\u00f3li\u00f3val rendelkez\u00fcnk, kiv\u00e1l\u00f3 min\u0151s\u00e9g\u0171 munk\u00e1nkr\u00f3l \u00e9s magas etikai norm\u00e1inkr\u00f3l vagyunk ismertek. Sz\u00e9lesk\u00f6r\u0171 ismeretekkel rendelkez\u00fcnk a magyar Public Affairs, sajt\u00f3 \u00e9s digit\u00e1lis szc\u00e9n\u00e1r\u00f3l, akt\u00edv kapcsolatokkal a kulcsszerepl\u0151kkel. Tapasztaltak vagyunk az influencer- \u00e9s word-of-mouth kamp\u00e1nyok kivitelez\u00e9s\u00e9ben, strat\u00e9giai partnerk\u00e9nt egy\u00fcttm\u0171k\u00f6d\u00fcnk [&hellip;]\" \/>\n<meta property=\"og:url\" content=\"https:\/\/emeraldpr.hu\/hu\/szolgaltatasaink\/\" \/>\n<meta property=\"og:site_name\" content=\"Emerald PR\" \/>\n<meta property=\"article:modified_time\" content=\"2022-08-29T12:21:04+00:00\" \/>\n<meta name=\"twitter:card\" content=\"summary_large_image\" \/>\n<meta name=\"twitter:label1\" content=\"Becs\u00fclt olvas\u00e1si id\u0151\" \/>\n\t<meta name=\"twitter:data1\" content=\"12 perc\" \/>\n<script type=\"application\/ld+json\" class=\"yoast-schema-graph\">{\"@context\":\"https:\/\/schema.org\",\"@graph\":[{\"@type\":\"WebPage\",\"@id\":\"https:\/\/emeraldpr.hu\/hu\/szolgaltatasaink\/\",\"url\":\"https:\/\/emeraldpr.hu\/hu\/szolgaltatasaink\/\",\"name\":\"Szolg\u00e1ltat\u00e1saink - Emerald PR\",\"isPartOf\":{\"@id\":\"https:\/\/emeraldpr.hu\/hu\/#website\"},\"datePublished\":\"2022-05-17T08:42:55+00:00\",\"dateModified\":\"2022-08-29T12:21:04+00:00\",\"breadcrumb\":{\"@id\":\"https:\/\/emeraldpr.hu\/hu\/szolgaltatasaink\/#breadcrumb\"},\"inLanguage\":\"hu\",\"potentialAction\":[{\"@type\":\"ReadAction\",\"target\":[\"https:\/\/emeraldpr.hu\/hu\/szolgaltatasaink\/\"]}]},{\"@type\":\"BreadcrumbList\",\"@id\":\"https:\/\/emeraldpr.hu\/hu\/szolgaltatasaink\/#breadcrumb\",\"itemListElement\":[{\"@type\":\"ListItem\",\"position\":1,\"name\":\"Kezd\u0151lap\",\"item\":\"https:\/\/emeraldpr.hu\/hu\/\"},{\"@type\":\"ListItem\",\"position\":2,\"name\":\"Szolg\u00e1ltat\u00e1saink\"}]},{\"@type\":\"WebSite\",\"@id\":\"https:\/\/emeraldpr.hu\/hu\/#website\",\"url\":\"https:\/\/emeraldpr.hu\/hu\/\",\"name\":\"Emerald PR\",\"description\":\"\",\"potentialAction\":[{\"@type\":\"SearchAction\",\"target\":{\"@type\":\"EntryPoint\",\"urlTemplate\":\"https:\/\/emeraldpr.hu\/hu\/?s={search_term_string}\"},\"query-input\":\"required name=search_term_string\"}],\"inLanguage\":\"hu\"}]}<\/script>\n<!-- \/ Yoast SEO plugin. -->","yoast_head_json":{"title":"Szolg\u00e1ltat\u00e1saink - Emerald PR","robots":{"index":"index","follow":"follow","max-snippet":"max-snippet:-1","max-image-preview":"max-image-preview:large","max-video-preview":"max-video-preview:-1"},"canonical":"https:\/\/emeraldpr.hu\/hu\/szolgaltatasaink\/","og_locale":"hu_HU","og_type":"article","og_title":"Szolg\u00e1ltat\u00e1saink - Emerald PR","og_description":"Szolg\u00e1ltat\u00e1sainkCsapatunk t\u00f6bb \u00e9vtizedes \u00e9ves szakmai tapasztalattal rendelkezik, amelyet a fiatalabb csapattagok \u00e1ltal biztos\u00edtott friss szeml\u00e9letm\u00f3ddal \u00f6tv\u00f6z\u00fcnk. Figyelemre m\u00e9lt\u00f3 \u00fcgyf\u00e9lportf\u00f3li\u00f3val rendelkez\u00fcnk, kiv\u00e1l\u00f3 min\u0151s\u00e9g\u0171 munk\u00e1nkr\u00f3l \u00e9s magas etikai norm\u00e1inkr\u00f3l vagyunk ismertek. Sz\u00e9lesk\u00f6r\u0171 ismeretekkel rendelkez\u00fcnk a magyar Public Affairs, sajt\u00f3 \u00e9s digit\u00e1lis szc\u00e9n\u00e1r\u00f3l, akt\u00edv kapcsolatokkal a kulcsszerepl\u0151kkel. Tapasztaltak vagyunk az influencer- \u00e9s word-of-mouth kamp\u00e1nyok kivitelez\u00e9s\u00e9ben, strat\u00e9giai partnerk\u00e9nt egy\u00fcttm\u0171k\u00f6d\u00fcnk [&hellip;]","og_url":"https:\/\/emeraldpr.hu\/hu\/szolgaltatasaink\/","og_site_name":"Emerald PR","article_modified_time":"2022-08-29T12:21:04+00:00","twitter_card":"summary_large_image","twitter_misc":{"Becs\u00fclt olvas\u00e1si id\u0151":"12 perc"},"schema":{"@context":"https:\/\/schema.org","@graph":[{"@type":"WebPage","@id":"https:\/\/emeraldpr.hu\/hu\/szolgaltatasaink\/","url":"https:\/\/emeraldpr.hu\/hu\/szolgaltatasaink\/","name":"Szolg\u00e1ltat\u00e1saink - Emerald PR","isPartOf":{"@id":"https:\/\/emeraldpr.hu\/hu\/#website"},"datePublished":"2022-05-17T08:42:55+00:00","dateModified":"2022-08-29T12:21:04+00:00","breadcrumb":{"@id":"https:\/\/emeraldpr.hu\/hu\/szolgaltatasaink\/#breadcrumb"},"inLanguage":"hu","potentialAction":[{"@type":"ReadAction","target":["https:\/\/emeraldpr.hu\/hu\/szolgaltatasaink\/"]}]},{"@type":"BreadcrumbList","@id":"https:\/\/emeraldpr.hu\/hu\/szolgaltatasaink\/#breadcrumb","itemListElement":[{"@type":"ListItem","position":1,"name":"Kezd\u0151lap","item":"https:\/\/emeraldpr.hu\/hu\/"},{"@type":"ListItem","position":2,"name":"Szolg\u00e1ltat\u00e1saink"}]},{"@type":"WebSite","@id":"https:\/\/emeraldpr.hu\/hu\/#website","url":"https:\/\/emeraldpr.hu\/hu\/","name":"Emerald PR","description":"","potentialAction":[{"@type":"SearchAction","target":{"@type":"EntryPoint","urlTemplate":"https:\/\/emeraldpr.hu\/hu\/?s={search_term_string}"},"query-input":"required name=search_term_string"}],"inLanguage":"hu"}]}},"_links":{"self":[{"href":"https:\/\/emeraldpr.hu\/hu\/wp-json\/wp\/v2\/pages\/943"}],"collection":[{"href":"https:\/\/emeraldpr.hu\/hu\/wp-json\/wp\/v2\/pages"}],"about":[{"href":"https:\/\/emeraldpr.hu\/hu\/wp-json\/wp\/v2\/types\/page"}],"author":[{"embeddable":true,"href":"https:\/\/emeraldpr.hu\/hu\/wp-json\/wp\/v2\/users\/1"}],"replies":[{"embeddable":true,"href":"https:\/\/emeraldpr.hu\/hu\/wp-json\/wp\/v2\/comments?post=943"}],"version-history":[{"count":7,"href":"https:\/\/emeraldpr.hu\/hu\/wp-json\/wp\/v2\/pages\/943\/revisions"}],"predecessor-version":[{"id":1045,"href":"https:\/\/emeraldpr.hu\/hu\/wp-json\/wp\/v2\/pages\/943\/revisions\/1045"}],"wp:attachment":[{"href":"https:\/\/emeraldpr.hu\/hu\/wp-json\/wp\/v2\/media?parent=943"}],"curies":[{"name":"wp","href":"https:\/\/api.w.org\/{rel}","templated":true}]}}