{"id":969,"date":"2022-05-17T08:41:39","date_gmt":"2022-05-17T08:41:39","guid":{"rendered":"https:\/\/emeraldpr.hu\/?page_id=969"},"modified":"2023-07-06T10:18:52","modified_gmt":"2023-07-06T10:18:52","slug":"rolunk","status":"publish","type":"page","link":"https:\/\/emeraldpr.hu\/hu\/rolunk\/","title":{"rendered":"R\u00f3lunk"},"content":{"rendered":"<p>[et_pb_section fb_built=&#8221;1&#8243; custom_padding_last_edited=&#8221;on|phone&#8221; _builder_version=&#8221;4.17.3&#8243; _module_preset=&#8221;default&#8221; background_enable_color=&#8221;off&#8221; background_enable_image=&#8221;off&#8221; background_size=&#8221;contain&#8221; background_repeat=&#8221;repeat&#8221; custom_margin=&#8221;0px||0px||true|false&#8221; custom_padding=&#8221;150px||75px||false|false&#8221; custom_padding_tablet=&#8221;100px||50px||false|false&#8221; custom_padding_phone=&#8221;100px||25px||false|false&#8221; bottom_divider_flip=&#8221;horizontal&#8221; global_colors_info=&#8221;{}&#8221;][et_pb_row _builder_version=&#8221;4.17.3&#8243; _module_preset=&#8221;default&#8221; custom_padding=&#8221;0px||25px||false|false&#8221; global_colors_info=&#8221;{}&#8221;][et_pb_column type=&#8221;4_4&#8243; _builder_version=&#8221;4.17.3&#8243; _module_preset=&#8221;default&#8221; global_colors_info=&#8221;{}&#8221;][et_pb_text _builder_version=&#8221;4.17.3&#8243; _module_preset=&#8221;default&#8221; header_font_size_tablet=&#8221;42px&#8221; header_font_size_phone=&#8221;36px&#8221; global_colors_info=&#8221;{}&#8221;]<\/p>\n<h1>R\u00f3lunk<\/h1>\n<p>[\/et_pb_text][\/et_pb_column][\/et_pb_row][et_pb_row column_structure=&#8221;1_2,1_2&#8243; make_equal=&#8221;on&#8221; module_class=&#8221;custom-row&#8221; _builder_version=&#8221;4.17.3&#8243; _module_preset=&#8221;default&#8221; custom_margin=&#8221;||50px||false|false&#8221; custom_padding=&#8221;0px||0px||true|false&#8221; global_colors_info=&#8221;{}&#8221;][et_pb_column type=&#8221;1_2&#8243; module_class=&#8221;margin-auto second-on-mobile&#8221; _builder_version=&#8221;4.17.3&#8243; _module_preset=&#8221;default&#8221; global_colors_info=&#8221;{}&#8221;][et_pb_text _builder_version=&#8221;4.17.3&#8243; _module_preset=&#8221;default&#8221; custom_margin=&#8221;||25px||false|false&#8221; header_font_size_tablet=&#8221;42px&#8221; header_font_size_phone=&#8221;36px&#8221; global_colors_info=&#8221;{}&#8221;]<\/p>\n<p>Az Emerald PR a Burson Cohn&amp;Wolfe magyarorsz\u00e1gi partnere. Az \u00fcgyn\u00f6ks\u00e9get Lakatos Zs\u00f3fia, a Magyar PR Sz\u00f6vets\u00e9g kor\u00e1bbi eln\u00f6ke \u00e9s \u00d6r\u00f6k\u00f6s Tagja alap\u00edtotta, akinek t\u00f6bb mint k\u00e9t \u00e9vtizedes szakmai tapasztalata garancia a min\u0151s\u00e9gi szolg\u00e1ltat\u00e1sra. Az alap\u00edt\u00f3 \u00e9veken kereszt\u00fcl vezette a Hill+Knowlton Strategies pr-\u00fcgyn\u00f6ks\u00e9get \u00e9s k\u00e9pviselte az Ogilvy PR-t Magyarorsz\u00e1gon.<\/p>\n<p>2015-ben az \u00fcgyn\u00f6ks\u00e9g \u00faj strukt\u00far\u00e1t vezetett be a kommunik\u00e1ci\u00f3s piacra: az alap csapatot friss kommunik\u00e1ci\u00f3s szeml\u00e9lettel rendelkez\u0151 fiatalok alkotj\u00e1k, \u0151ket t\u00e1mogatj\u00e1k a t\u00f6bb \u00e9vtizedes szakmai m\u00falttal rendelkez\u0151 szakemberek. Az \u00fcgyn\u00f6ks\u00e9g vezet\u0151je nagy hangs\u00falyt fektet a fiatalok mentor\u00e1l\u00e1s\u00e1ra, az Emerald PR t\u00f6bb p\u00e1lyakezd\u0151nek ny\u00fajtott m\u00e1r munkalehet\u0151s\u00e9get. A fiatal szakemberek m\u00f6g\u00f6tt olyan pr-guruk \u00e1llnak, akik kor\u00e1bban multinacion\u00e1lis c\u00e9gek kommunik\u00e1ci\u00f3s igazgat\u00f3ik\u00e9nt dolgoztak.<\/p>\n<p>Az Emerald PR strat\u00e9giai partners\u00e9gben \u00e1ll k\u00fcl\u00f6nb\u00f6z\u0151 ATL-, BTL-, produkci\u00f3s \u00e9s influenszer \u00fcgyn\u00f6ks\u00e9gekkel, \u00a0annak \u00e9rdek\u00e9ben, hogy az \u00fcgyfeleknek a kommunik\u00e1ci\u00f3 teljes spektrum\u00e1t k\u00edn\u00e1ljuk, \u00e9s nagyon j\u00f3 munkakapcsolatot \u00e1polunk sz\u00e1mos k\u00fclf\u00f6ldi pr-\u00fcgyn\u00f6ks\u00e9ggel is.<\/p>\n<p>[\/et_pb_text][et_pb_button button_url=&#8221;@ET-DC@eyJkeW5hbWljIjp0cnVlLCJjb250ZW50IjoicG9zdF9saW5rX3VybF9wYWdlIiwic2V0dGluZ3MiOnsicG9zdF9pZCI6IjgyOCJ9fQ==@&#8221; button_text=&#8221;Aj\u00e1nlatk\u00e9r\u00e9s&#8221; _builder_version=&#8221;4.17.3&#8243; _dynamic_attributes=&#8221;button_url&#8221; _module_preset=&#8221;default&#8221; global_colors_info=&#8221;{}&#8221;][\/et_pb_button][\/et_pb_column][et_pb_column type=&#8221;1_2&#8243; module_class=&#8221;first-on-mobile&#8221; _builder_version=&#8221;4.17.3&#8243; _module_preset=&#8221;default&#8221; global_colors_info=&#8221;{}&#8221;][et_pb_image src=&#8221;https:\/\/emeraldpr.hu\/wp-content\/uploads\/2022\/08\/Emerald-Public-Relations-Agency.png&#8221; alt=&#8221;Emerald Public Relations Agency&#8221; show_bottom_space=&#8221;off&#8221; _builder_version=&#8221;4.17.3&#8243; _module_preset=&#8221;default&#8221; custom_margin=&#8221;||0px||false|false&#8221; custom_margin_tablet=&#8221;||30px||false|false&#8221; custom_margin_phone=&#8221;||30px||false|false&#8221; custom_margin_last_edited=&#8221;on|phone&#8221; global_colors_info=&#8221;{}&#8221;][\/et_pb_image][\/et_pb_column][\/et_pb_row][et_pb_row column_structure=&#8221;1_2,1_2&#8243; make_equal=&#8221;on&#8221; _builder_version=&#8221;4.17.3&#8243; _module_preset=&#8221;default&#8221; custom_margin=&#8221;||50px||false|false&#8221; custom_padding=&#8221;0px||0px||true|false&#8221; global_colors_info=&#8221;{}&#8221;][et_pb_column type=&#8221;1_2&#8243; module_class=&#8221;margin-auto&#8221; _builder_version=&#8221;4.17.3&#8243; _module_preset=&#8221;default&#8221; global_colors_info=&#8221;{}&#8221;][et_pb_image src=&#8221;https:\/\/emeraldpr.hu\/wp-content\/uploads\/2022\/08\/Emerald-Portfolio-Infographic.png&#8221; alt=&#8221;Emerald Portfolio Infographic&#8221; show_bottom_space=&#8221;off&#8221; _builder_version=&#8221;4.17.3&#8243; _module_preset=&#8221;default&#8221; custom_margin=&#8221;||0px||false|false&#8221; custom_margin_tablet=&#8221;||30px||false|false&#8221; custom_margin_phone=&#8221;||30px||false|false&#8221; custom_margin_last_edited=&#8221;on|phone&#8221; global_colors_info=&#8221;{}&#8221;][\/et_pb_image][\/et_pb_column][et_pb_column type=&#8221;1_2&#8243; _builder_version=&#8221;4.17.3&#8243; _module_preset=&#8221;default&#8221; global_colors_info=&#8221;{}&#8221;][et_pb_text _builder_version=&#8221;4.17.3&#8243; _module_preset=&#8221;default&#8221; header_font_size_tablet=&#8221;42px&#8221; header_font_size_phone=&#8221;36px&#8221; global_colors_info=&#8221;{}&#8221;]<\/p>\n<h2>Portf\u00f3li\u00f3nk<\/h2>\n<p>Az \u00fcgyn\u00f6ks\u00e9g referenci\u00e1i k\u00f6z\u00f6tt olyan multinacion\u00e1lis m\u00e1rk\u00e1k szerepelnek, mint a <a href=\"https:\/\/www.ge.com\/\" target=\"_blank\" rel=\"noopener\">GE<\/a>, <a href=\"https:\/\/www.mars.com\/\" target=\"_blank\" rel=\"noopener\">MARS<\/a>, <a href=\"https:\/\/www.bunge.com\/\" target=\"_blank\" rel=\"noopener\">Bunge<\/a>, <a href=\"https:\/\/www.forevermark.com\/\" target=\"_blank\" rel=\"noopener\">Forevermark<\/a>, <a href=\"https:\/\/www.schreder.com\/en\" target=\"_blank\" rel=\"noopener\">Tungsram-Schreder<\/a>, <a href=\"https:\/\/www.klepierre.com\/en\" target=\"_blank\" rel=\"noopener\">Klepierre<\/a>, <a href=\"https:\/\/www.rolandberger.com\/en\/?country=US\" target=\"_blank\" rel=\"noopener\">Roland Berger<\/a>, <a href=\"https:\/\/www.abbyy.com\/\" target=\"_blank\" rel=\"noopener\">ABBYY<\/a>, <a href=\"https:\/\/www.liferay.com\/\" target=\"_blank\" rel=\"noopener\">Liferay<\/a>, <a href=\"https:\/\/qualysoft.com\/hu\">Qualysoft<\/a>, <a href=\"http:\/\/www.whitestar-realestate.com\/\" target=\"_blank\" rel=\"noopener\">White Star Real Estate<\/a> \u00e9s az <a href=\"http:\/\/www.ubm.hu\/en\/\" target=\"_blank\" rel=\"noopener\">UBM<\/a>, de sz\u00e1mos magyar c\u00e9g is megtal\u00e1lhat\u00f3 \u00fcgyfeleink k\u00f6z\u00f6tt, mint a <a href=\"https:\/\/www.columbus-klima.hu\/\" target=\"_blank\" rel=\"noopener\">Columbus Kl\u00edma<\/a>, <a href=\"https:\/\/ballaingatlan.hu\/\" target=\"_blank\" rel=\"noopener\">Balla Ingatlan<\/a> vagy a <a href=\"https:\/\/h1systems.hu\/\" target=\"_blank\" rel=\"noopener\">H1 Systems<\/a>. A v\u00e1llalati \u00fcgyfelek mellett az \u00fcgyn\u00f6ks\u00e9g pro bono munk\u00e1val t\u00e1mogat k\u00fcl\u00f6nb\u00f6z\u0151 civil szervezeteket. Az elm\u00falt n\u00e9h\u00e1ny \u00e9vben t\u00f6bbek k\u00f6z\u00f6tt az al\u00e1bbi szervezeteknek seg\u00edttett\u00fcnk: <a href=\"http:\/\/www.unitedway.hu\/\" target=\"_blank\" rel=\"noopener\">United Way<\/a>, <a href=\"http:\/\/www.mediaunio.hu\/nem-nehez-2016\" target=\"_blank\" rel=\"noopener\">M\u00e9diauni\u00f3<\/a>, <a href=\"https:\/\/jobbadni.hu\/\" target=\"_blank\" rel=\"noopener\">Magyar Reform\u00e1tus Szeretetszolg\u00e1lat<\/a>, <a href=\"https:\/\/www.clubofbudapest.com\/\" target=\"_blank\" rel=\"noopener\">Budapest Klub<\/a>, <a href=\"http:\/\/bekaperspektiva.eu\/\" target=\"_blank\" rel=\"noopener\">B\u00e9kaperspekt\u00edva<\/a>, <a href=\"http:\/\/nemluxustaska.hu\/\" target=\"_blank\" rel=\"noopener\">#nemluxust\u00e1ska<\/a>, <a href=\"http:\/\/heimalap.hu\/page.php?pa=33eb2ff3-cd0e-72ce-f439-5df503ce0f10\" target=\"_blank\" rel=\"noopener\">Heim P\u00e1l Gyermekk\u00f3rh\u00e1z Fejleszt\u00e9s\u00e9\u00e9rt Alap\u00edtv\u00e1ny<\/a>, Oktondi \u00e9s a Karant\u00e9nsuli. K\u00f6teless\u00e9g\u00fcnknek tartjuk, hogy seg\u00edts\u00fcnk a civileknek, hogy hallathass\u00e1k a hangjukat.<\/p>\n<p>H\u00e1rom kapcsolt v\u00e1llalkoz\u00e1st ind\u00edtottunk, amelyek nem klasszikus pr-szolg\u00e1ltat\u00e1sokat ny\u00fajtanak. A <a href=\"https:\/\/valsag112.hu\/\" target=\"_blank\" rel=\"noopener\">V\u00e1ls\u00e1g112<\/a> v\u00e1ls\u00e1gkezel\u00e9ssel t\u00e1mogatja a c\u00e9geket, a <a href=\"https:\/\/business-sustainability-program.hu\/\" target=\"_blank\" rel=\"noopener\">Business Sustainability Program<\/a> fenntarthat\u00f3s\u00e1gi tan\u00e1csad\u00e1st ny\u00fajt, a <a href=\"https:\/\/smaragdakademia.hu\/\" target=\"_blank\" rel=\"noopener\">Smaragd Akad\u00e9mia<\/a> pedig a piacon l\u00e9v\u0151 legjobb tr\u00e9ning c\u00e9gek megtal\u00e1l\u00e1s\u00e1ban seg\u00edti a v\u00e1llalatokat.<\/p>\n<p>[\/et_pb_text][\/et_pb_column][\/et_pb_row][et_pb_row column_structure=&#8221;1_3,2_3&#8243; make_equal=&#8221;on&#8221; _builder_version=&#8221;4.17.3&#8243; _module_preset=&#8221;default&#8221; use_background_color_gradient=&#8221;on&#8221; background_color_gradient_direction=&#8221;45deg&#8221; background_color_gradient_stops=&#8221;#efefef 0%|#ffffff 100%&#8221; custom_margin=&#8221;||0px||false|false&#8221; custom_padding=&#8221;25px|25px|25px|25px|true|true&#8221; border_radii=&#8221;on|25px|25px|25px|25px&#8221; box_shadow_style=&#8221;preset1&#8243; box_shadow_color=&#8221;#efefef&#8221; global_colors_info=&#8221;{}&#8221;][et_pb_column type=&#8221;1_3&#8243; _builder_version=&#8221;4.17.3&#8243; _module_preset=&#8221;default&#8221; global_colors_info=&#8221;{}&#8221;][et_pb_image src=&#8221;https:\/\/emeraldpr.hu\/wp-content\/uploads\/2022\/08\/DreamJobs-HU-Logo.png&#8221; alt=&#8221;DreamJobs Logo&#8221; url=&#8221;https:\/\/dreamjobs.hu\/hu\/company\/emerald-pr&#8221; url_new_window=&#8221;on&#8221; align=&#8221;center&#8221; _builder_version=&#8221;4.17.3&#8243; _module_preset=&#8221;default&#8221; custom_margin=&#8221;||0px||false|false&#8221; global_colors_info=&#8221;{}&#8221;][\/et_pb_image][\/et_pb_column][et_pb_column type=&#8221;2_3&#8243; module_class=&#8221;margin-auto&#8221; _builder_version=&#8221;4.17.3&#8243; _module_preset=&#8221;default&#8221; global_colors_info=&#8221;{}&#8221;][et_pb_text _builder_version=&#8221;4.17.3&#8243; _module_preset=&#8221;default&#8221; text_font_size=&#8221;20px&#8221; global_colors_info=&#8221;{}&#8221;]<\/p>\n<p>Szeretne t\u00f6bbet megtudni r\u00f3lunk? Tekintse meg <a href=\"https:\/\/dreamjobs.hu\/hu\/company\/emerald-pr\" target=\"_blank\" rel=\"noopener\">Dreamjobs<\/a> oldalunkat!<\/p>\n<p>[\/et_pb_text][\/et_pb_column][\/et_pb_row][\/et_pb_section][et_pb_section fb_built=&#8221;1&#8243; custom_padding_last_edited=&#8221;off|desktop&#8221; _builder_version=&#8221;4.17.3&#8243; _module_preset=&#8221;default&#8221; background_enable_color=&#8221;off&#8221; background_enable_image=&#8221;off&#8221; background_size=&#8221;contain&#8221; background_repeat=&#8221;repeat&#8221; custom_margin=&#8221;0px||0px||true|false&#8221; custom_padding=&#8221;0px||75px||false|false&#8221; custom_padding_tablet=&#8221;100px||50px||false|false&#8221; custom_padding_phone=&#8221;100px||25px||false|false&#8221; bottom_divider_flip=&#8221;horizontal&#8221; global_colors_info=&#8221;{}&#8221;][et_pb_row _builder_version=&#8221;4.17.3&#8243; _module_preset=&#8221;default&#8221; custom_margin=&#8221;50px||50px||true|false&#8221; custom_padding=&#8221;0px||0px||true|false&#8221; global_colors_info=&#8221;{}&#8221;][et_pb_column type=&#8221;4_4&#8243; _builder_version=&#8221;4.17.3&#8243; _module_preset=&#8221;default&#8221; global_colors_info=&#8221;{}&#8221;][et_pb_text _builder_version=&#8221;4.18.0&#8243; _module_preset=&#8221;default&#8221; hover_enabled=&#8221;0&#8243; header_font_size_tablet=&#8221;42px&#8221; header_font_size_phone=&#8221;36px&#8221; global_colors_info=&#8221;{}&#8221; sticky_enabled=&#8221;0&#8243;]<\/p>\n<h2 style=\"text-align: center;\">Emerald PR<\/h2>\n<p>[\/et_pb_text][et_pb_divider color=&#8221;#68A9C6&#8243; divider_weight=&#8221;2px&#8221; _builder_version=&#8221;4.17.3&#8243; _module_preset=&#8221;default&#8221; max_width=&#8221;15%&#8221; module_alignment=&#8221;center&#8221; height=&#8221;2px&#8221; custom_margin=&#8221;||||false|false&#8221; custom_padding=&#8221;||||false|false&#8221; animation_style=&#8221;zoom&#8221; global_colors_info=&#8221;{}&#8221;][\/et_pb_divider][\/et_pb_column][\/et_pb_row][et_pb_row column_structure=&#8221;3_5,2_5&#8243; module_class=&#8221;custom-row&#8221; _builder_version=&#8221;4.17.3&#8243; _module_preset=&#8221;default&#8221; custom_margin=&#8221;||50px||false|false&#8221; custom_padding=&#8221;0px||0px||true|false&#8221; global_colors_info=&#8221;{}&#8221;][et_pb_column type=&#8221;3_5&#8243; module_class=&#8221;second-on-mobile&#8221; _builder_version=&#8221;4.17.3&#8243; _module_preset=&#8221;default&#8221; global_colors_info=&#8221;{}&#8221;][et_pb_text _builder_version=&#8221;4.17.3&#8243; _module_preset=&#8221;default&#8221; custom_margin=&#8221;||10px||false|false&#8221; global_colors_info=&#8221;{}&#8221;]<\/p>\n<h3>Lakatos Zs\u00f3fia<\/h3>\n<p><em>\u00dcgyvezet\u0151<\/em><\/p>\n<p>[\/et_pb_text][et_pb_text _builder_version=&#8221;4.17.3&#8243; _module_preset=&#8221;default&#8221; custom_margin=&#8221;||10px||false|false&#8221; global_colors_info=&#8221;{}&#8221;]<\/p>\n<p><a href=\"tel:+36309289647\"><span style=\"font-size: 16px;\" class=\"et-pb-icon\">\ue090<\/span> Tel: <span> +36 30 928 9647<\/span><\/a><br \/><a href=\"mailto:zsofia.lakatos@emeraldpr.hu\"><span style=\"font-size: 16px;\" class=\"et-pb-icon\">\ue076<\/span> Mail: <span> zsofia.lakatos@emeraldpr.hu<\/span><\/a><br \/><a href=\"https:\/\/www.linkedin.com\/in\/zsofia-lakatos-20a1327\/\" target=\"_blank\" rel=\"noopener\"><span style=\"font-size: 16px;\" class=\"et-pb-icon\">\ue09d<\/span> LinkedIn<\/a><\/p>\n<p>[\/et_pb_text][et_pb_text _builder_version=&#8221;4.17.3&#8243; _module_preset=&#8221;default&#8221; global_colors_info=&#8221;{}&#8221;]<\/p>\n<p><span>Az Emerald PR alap\u00edt\u00f3-tulajdonosa \u00e9s \u00fcgyvezet\u0151je. Karrierj\u00e9t \u00fajs\u00e1g\u00edr\u00f3k\u00e9nt kezdte az RTL KLUB-n\u00e1l, majd 8 \u00e9vig a Capital Communications-n\u00e9l dolgozott, n\u00e9gy \u00e9vet igazgat\u00f3i poz\u00edci\u00f3ban. 2007\/2008-ban a K\u00f6rnyezetv\u00e9delmi Miniszt\u00e9rium kl\u00edmav\u00e1ltoz\u00e1s elleni kamp\u00e1ny\u00e1nak pr-vezet\u0151je volt. 2008-ban nevezt\u00e9k ki a Hill+Knowlton \u00fcgyvezet\u0151 igazgat\u00f3j\u00e1nak. 2015-ben megalap\u00edtotta saj\u00e1t \u00fcgyn\u00f6ks\u00e9g\u00e9t. <\/span><\/p>\n<p><span>T\u00f6bb mint 20 \u00e9ves kommunik\u00e1ci\u00f3s tapasztalattal rendelkezik, pr-diplom\u00e1j\u00e1t a K\u00fclkereskedelmi F\u0151iskol\u00e1n szerezte, majd \u00f6szt\u00f6nd\u00edjask\u00e9nt tanult a California State University-n, 2003-ban MBA diplom\u00e1t szerzett a Budapesti M\u0171szaki \u00e9s Gazdas\u00e1gtudom\u00e1nyi Egyetemen. Foly\u00e9konyan besz\u00e9l angolul \u00e9s spanyolul. A Magyar PR Sz\u00f6vets\u00e9g kor\u00e1bbi eln\u00f6ke \u00e9s \u00d6r\u00f6k\u00f6s Tagja, a Superbrands \u00e9s a Green Brands Bizotts\u00e1g tagja, a Leveg\u0151 Munkacsoport \u00e9s a Budapest Klub vezet\u0151s\u00e9gi tagja.<\/span><\/p>\n<p><span>Elismert CSR szak\u00e9rt\u0151, rendszeres el\u0151ad\u00f3ja a t\u00e9m\u00e1ban rendezett hazai \u00e9s nemzetk\u00f6zi konferenci\u00e1knak, t\u00f6bb egyetemen oktat. K\u00f6nyve \u201eCorporate Social Performance in Emerging Markets\u201d c\u00edmmel 2013 j\u00falius\u00e1ban jelent meg Londonban. Az orsz\u00e1gban els\u0151k\u00e9nt kapta meg a Fenntarthat\u00f3s\u00e1g Szakmai K\u00f6vete d\u00edjat.<\/span><\/p>\n<p>Az Emerald PR mellett a <a href=\"https:\/\/valsag112.hu\/\" target=\"_blank\" rel=\"noopener\">V\u00e1ls\u00e1g112<\/a>, a <a href=\"https:\/\/business-sustainability-program.hu\/\" target=\"_blank\" rel=\"noopener\">Business Sustainability Program<\/a> \u00e9s a <a href=\"https:\/\/smaragdakademia.hu\/\" target=\"_blank\" rel=\"noopener\">Smaragd Akad\u00e9mia<\/a> tulajdonosa.<\/p>\n<p>[\/et_pb_text][\/et_pb_column][et_pb_column type=&#8221;2_5&#8243; module_class=&#8221;first-on-mobile&#8221; _builder_version=&#8221;4.17.3&#8243; _module_preset=&#8221;default&#8221; global_colors_info=&#8221;{}&#8221;][et_pb_image src=&#8221;https:\/\/emeraldpr.hu\/wp-content\/uploads\/2022\/08\/Zsofia-Lakatos-02-Emerald-PR.webp&#8221; alt=&#8221;Lakatos Zs\u00f3fia &#8211; Emerald PR&#8221; align=&#8221;center&#8221; _builder_version=&#8221;4.17.3&#8243; _module_preset=&#8221;default&#8221; custom_margin=&#8221;||0px||false|false&#8221; custom_margin_tablet=&#8221;||30px||false|false&#8221; custom_margin_phone=&#8221;||30px||false|false&#8221; custom_margin_last_edited=&#8221;on|desktop&#8221; animation_direction=&#8221;bottom&#8221; border_radii=&#8221;on|25px|25px|25px|25px&#8221; global_colors_info=&#8221;{}&#8221;][\/et_pb_image][\/et_pb_column][\/et_pb_row][\/et_pb_section][et_pb_section fb_built=&#8221;1&#8243; _builder_version=&#8221;4.17.3&#8243; _module_preset=&#8221;default&#8221; background_enable_color=&#8221;off&#8221; use_background_color_gradient=&#8221;on&#8221; background_color_gradient_direction=&#8221;45deg&#8221; background_color_gradient_stops=&#8221;#efefef 0%|#ffffff 99%&#8221; custom_margin=&#8221;0px||0px||true|false&#8221; custom_padding=&#8221;50px||50px||true|false&#8221; top_divider_height=&#8221;50px&#8221; top_divider_flip=&#8221;horizontal|vertical&#8221; bottom_divider_height=&#8221;50px&#8221; global_module=&#8221;758&#8243; global_colors_info=&#8221;{}&#8221;][et_pb_row _builder_version=&#8221;4.17.3&#8243; _module_preset=&#8221;default&#8221; custom_margin=&#8221;||25px||false|false&#8221; custom_padding=&#8221;0px||0px||true|false&#8221; global_colors_info=&#8221;{}&#8221;][et_pb_column type=&#8221;4_4&#8243; _builder_version=&#8221;4.17.3&#8243; _module_preset=&#8221;default&#8221; global_colors_info=&#8221;{}&#8221;][et_pb_text _builder_version=&#8221;4.17.3&#8243; _module_preset=&#8221;default&#8221; global_colors_info=&#8221;{}&#8221;]<\/p>\n<h2 style=\"text-align: center;\">Referenci\u00e1ink<\/h2>\n<p>[\/et_pb_text][et_pb_divider color=&#8221;#68A9C6&#8243; divider_weight=&#8221;2px&#8221; _builder_version=&#8221;4.17.3&#8243; _module_preset=&#8221;default&#8221; max_width=&#8221;15%&#8221; module_alignment=&#8221;center&#8221; height=&#8221;2px&#8221; custom_margin=&#8221;||||false|false&#8221; custom_padding=&#8221;||||false|false&#8221; animation_style=&#8221;zoom&#8221; global_colors_info=&#8221;{}&#8221;][\/et_pb_divider][\/et_pb_column][\/et_pb_row][et_pb_row column_structure=&#8221;1_5,1_5,1_5,1_5,1_5&#8243; make_equal=&#8221;on&#8221; _builder_version=&#8221;4.17.3&#8243; _module_preset=&#8221;default&#8221; custom_margin=&#8221;||15px||false|false&#8221; custom_padding=&#8221;0px||0px||true|false&#8221; global_colors_info=&#8221;{}&#8221;][et_pb_column type=&#8221;1_5&#8243; module_class=&#8221;margin-auto&#8221; _builder_version=&#8221;4.17.3&#8243; _module_preset=&#8221;default&#8221; global_colors_info=&#8221;{}&#8221;][et_pb_image src=&#8221;https:\/\/emeraldpr.hu\/wp-content\/uploads\/2022\/06\/Bunge-Logo.png&#8221; alt=&#8221;Bunge Logo&#8221; align=&#8221;center&#8221; _builder_version=&#8221;4.17.3&#8243; _module_preset=&#8221;default&#8221; module_alignment=&#8221;center&#8221; custom_margin=&#8221;||15px||false|false&#8221; global_colors_info=&#8221;{}&#8221;][\/et_pb_image][\/et_pb_column][et_pb_column type=&#8221;1_5&#8243; module_class=&#8221;margin-auto&#8221; _builder_version=&#8221;4.17.3&#8243; _module_preset=&#8221;default&#8221; global_colors_info=&#8221;{}&#8221;][et_pb_image src=&#8221;https:\/\/emeraldpr.hu\/wp-content\/uploads\/2022\/06\/Mars-Logo.png&#8221; alt=&#8221;Mars Logo&#8221; align=&#8221;center&#8221; _builder_version=&#8221;4.17.3&#8243; _module_preset=&#8221;default&#8221; custom_margin=&#8221;||15px||false|false&#8221; global_colors_info=&#8221;{}&#8221;][\/et_pb_image][\/et_pb_column][et_pb_column type=&#8221;1_5&#8243; module_class=&#8221;margin-auto&#8221; _builder_version=&#8221;4.17.3&#8243; _module_preset=&#8221;default&#8221; global_colors_info=&#8221;{}&#8221;][et_pb_image src=&#8221;https:\/\/emeraldpr.hu\/wp-content\/uploads\/2022\/06\/Honeywell-Logo.png&#8221; alt=&#8221;Honeywell Logo&#8221; align=&#8221;center&#8221; _builder_version=&#8221;4.17.3&#8243; _module_preset=&#8221;default&#8221; custom_margin=&#8221;||15px||false|false&#8221; global_colors_info=&#8221;{}&#8221;][\/et_pb_image][\/et_pb_column][et_pb_column type=&#8221;1_5&#8243; module_class=&#8221;margin-auto&#8221; _builder_version=&#8221;4.17.3&#8243; _module_preset=&#8221;default&#8221; global_colors_info=&#8221;{}&#8221;][et_pb_image src=&#8221;https:\/\/emeraldpr.hu\/wp-content\/uploads\/2022\/06\/General-Electric-Logo.png&#8221; alt=&#8221;General Electric Logo&#8221; align=&#8221;center&#8221; _builder_version=&#8221;4.17.3&#8243; _module_preset=&#8221;default&#8221; max_width=&#8221;100px&#8221; custom_margin=&#8221;||15px||false|false&#8221; global_colors_info=&#8221;{}&#8221;][\/et_pb_image][\/et_pb_column][et_pb_column type=&#8221;1_5&#8243; module_class=&#8221;margin-auto&#8221; _builder_version=&#8221;4.17.3&#8243; _module_preset=&#8221;default&#8221; global_colors_info=&#8221;{}&#8221;][et_pb_image src=&#8221;https:\/\/emeraldpr.hu\/wp-content\/uploads\/2022\/06\/Giant-Logo.png&#8221; alt=&#8221;Giant Logo&#8221; align=&#8221;center&#8221; _builder_version=&#8221;4.17.3&#8243; _module_preset=&#8221;default&#8221; custom_margin=&#8221;||15px||false|false&#8221; global_colors_info=&#8221;{}&#8221;][\/et_pb_image][\/et_pb_column][\/et_pb_row][et_pb_row column_structure=&#8221;1_5,1_5,1_5,1_5,1_5&#8243; make_equal=&#8221;on&#8221; _builder_version=&#8221;4.17.3&#8243; _module_preset=&#8221;default&#8221; custom_margin=&#8221;||15px||false|false&#8221; custom_padding=&#8221;0px||0px||true|false&#8221; global_colors_info=&#8221;{}&#8221;][et_pb_column type=&#8221;1_5&#8243; module_class=&#8221;margin-auto&#8221; _builder_version=&#8221;4.17.3&#8243; _module_preset=&#8221;default&#8221; global_colors_info=&#8221;{}&#8221;][et_pb_image src=&#8221;https:\/\/emeraldpr.hu\/wp-content\/uploads\/2022\/06\/GSE-Logo.png&#8221; alt=&#8221;GSE Logo&#8221; align=&#8221;center&#8221; _builder_version=&#8221;4.17.3&#8243; _module_preset=&#8221;default&#8221; max_width=&#8221;150px&#8221; custom_margin=&#8221;||15px||false|false&#8221; global_colors_info=&#8221;{}&#8221;][\/et_pb_image][\/et_pb_column][et_pb_column type=&#8221;1_5&#8243; module_class=&#8221;margin-auto&#8221; _builder_version=&#8221;4.17.3&#8243; _module_preset=&#8221;default&#8221; global_colors_info=&#8221;{}&#8221;][et_pb_image src=&#8221;https:\/\/emeraldpr.hu\/wp-content\/uploads\/2022\/06\/Abbyy-Logo.png&#8221; alt=&#8221;Abbyy Logo&#8221; align=&#8221;center&#8221; _builder_version=&#8221;4.17.3&#8243; _module_preset=&#8221;default&#8221; max_width=&#8221;150px&#8221; custom_margin=&#8221;||15px||false|false&#8221; global_colors_info=&#8221;{}&#8221;][\/et_pb_image][\/et_pb_column][et_pb_column type=&#8221;1_5&#8243; module_class=&#8221;margin-auto&#8221; _builder_version=&#8221;4.17.3&#8243; _module_preset=&#8221;default&#8221; global_colors_info=&#8221;{}&#8221;][et_pb_image src=&#8221;https:\/\/emeraldpr.hu\/wp-content\/uploads\/2022\/06\/White-Star-Real-Estate-Logo.png&#8221; alt=&#8221;White Star Real Estate Logo&#8221; align=&#8221;center&#8221; _builder_version=&#8221;4.17.3&#8243; _module_preset=&#8221;default&#8221; custom_margin=&#8221;||15px||false|false&#8221; global_colors_info=&#8221;{}&#8221;][\/et_pb_image][\/et_pb_column][et_pb_column type=&#8221;1_5&#8243; module_class=&#8221;margin-auto&#8221; _builder_version=&#8221;4.17.3&#8243; _module_preset=&#8221;default&#8221; global_colors_info=&#8221;{}&#8221;][et_pb_image src=&#8221;https:\/\/emeraldpr.hu\/wp-content\/uploads\/2022\/06\/Frisbo-Logo.png&#8221; alt=&#8221;Frisbo Logo&#8221; align=&#8221;center&#8221; _builder_version=&#8221;4.17.3&#8243; _module_preset=&#8221;default&#8221; max_width=&#8221;100px&#8221; module_alignment=&#8221;center&#8221; custom_margin=&#8221;||15px||false|false&#8221; global_colors_info=&#8221;{}&#8221;][\/et_pb_image][\/et_pb_column][et_pb_column type=&#8221;1_5&#8243; module_class=&#8221;margin-auto&#8221; _builder_version=&#8221;4.17.3&#8243; _module_preset=&#8221;default&#8221; global_colors_info=&#8221;{}&#8221;][et_pb_image src=&#8221;https:\/\/emeraldpr.hu\/wp-content\/uploads\/2022\/06\/Klepierre-Logo.png&#8221; alt=&#8221;Kl\u00e9pierre Logo&#8221; align=&#8221;center&#8221; _builder_version=&#8221;4.17.3&#8243; _module_preset=&#8221;default&#8221; max_width=&#8221;75px&#8221; custom_margin=&#8221;||15px||false|false&#8221; global_colors_info=&#8221;{}&#8221;][\/et_pb_image][\/et_pb_column][\/et_pb_row][et_pb_row _builder_version=&#8221;4.17.3&#8243; _module_preset=&#8221;default&#8221; custom_padding=&#8221;25px||0px||false|false&#8221; global_colors_info=&#8221;{}&#8221;][et_pb_column type=&#8221;4_4&#8243; _builder_version=&#8221;4.17.3&#8243; _module_preset=&#8221;default&#8221; global_colors_info=&#8221;{}&#8221;][et_pb_divider color=&#8221;#68A9C6&#8243; divider_weight=&#8221;2px&#8221; _builder_version=&#8221;4.17.3&#8243; _module_preset=&#8221;default&#8221; max_width=&#8221;15%&#8221; module_alignment=&#8221;center&#8221; height=&#8221;2px&#8221; custom_margin=&#8221;||||false|false&#8221; custom_padding=&#8221;||||false|false&#8221; animation_style=&#8221;zoom&#8221; global_colors_info=&#8221;{}&#8221;][\/et_pb_divider][et_pb_slider show_pagination=&#8221;off&#8221; _builder_version=&#8221;4.17.3&#8243; _module_preset=&#8221;default&#8221; body_font=&#8221;||||||||&#8221; body_text_color=&#8221;#777777&#8243; custom_padding=&#8221;0px||0px||true|false&#8221; auto=&#8221;on&#8221; global_colors_info=&#8221;{}&#8221;][et_pb_slide _builder_version=&#8221;4.17.3&#8243; _module_preset=&#8221;default&#8221; body_text_align=&#8221;center&#8221; background_color=&#8221;RGBA(255,255,255,0)&#8221; background_enable_color=&#8221;on&#8221; background_layout=&#8221;light&#8221; global_colors_info=&#8221;{}&#8221; sticky_transition=&#8221;on&#8221;]<\/p>\n<p style=\"text-align: center;\"><img loading=\"lazy\" class=\"size-full\" src=\"\/wp-content\/uploads\/2022\/06\/Abbyy-Logo.png\" alt=\"Forevermark Logo\" width=\"150\" height=\"44\" \/><\/p>\n<p style=\"text-align: center;\"><em>&#8220;Az Emerald PR csapata nagyon figyelmes volt az ig\u00e9nyeinkkel kapcsolatban, \u00e9s nagy seg\u00edts\u00e9get ny\u00fajtott a magyarorsz\u00e1gi kommunik\u00e1ci\u00f3s c\u00e9ljaink el\u00e9r\u00e9s\u00e9ben. A csapat nagyon profi \u00e9s j\u00f3l ismeri a helyi m\u00e9diapiacot. Zs\u00f3fi \u00e9s koll\u00e9g\u00e1i mindig a nagy k\u00e9pet tartj\u00e1k szem el\u0151tt, \u00e9s kreat\u00edv \u00f6tleteket \u00e9s megold\u00e1sokat ny\u00fajtanak mind az online, mind az offline dimenzi\u00f3kban. Nagyon \u00e9lvezt\u00fck az Emerald PR-ral val\u00f3 egy\u00fcttm\u0171k\u00f6d\u00e9st, \u00e9s v\u00e1rjuk a tov\u00e1bbi k\u00f6z\u00f6s projekteket!&#8221;<\/em><\/p>\n<p style=\"text-align: center;\">&#8211; Elina Mukhametdinova, pr-vezet\u0151<br \/><strong>ABBYY<\/strong><\/p>\n<p>[\/et_pb_slide][et_pb_slide _builder_version=&#8221;4.17.3&#8243; _module_preset=&#8221;default&#8221; body_text_align=&#8221;center&#8221; background_color=&#8221;RGBA(255,255,255,0)&#8221; background_enable_color=&#8221;on&#8221; background_layout=&#8221;light&#8221; global_colors_info=&#8221;{}&#8221; sticky_transition=&#8221;on&#8221;]<\/p>\n<p style=\"text-align: center;\"><img loading=\"lazy\" class=\"size-full\" src=\"\/wp-content\/uploads\/2022\/06\/Forevermark-Logo.png\" alt=\"Forevermark Logo\" width=\"150\" height=\"60\" \/><\/p>\n<p style=\"text-align: center;\"><em>&#8220;A Forevermark magyarorsz\u00e1gi bevezet\u00e9si kamp\u00e1ny\u00e1ban az Emerald PR biztos\u00edtotta sz\u00e1munkra azt a magas szint\u0171 szakmai t\u00e1mogat\u00e1st, amelyre sz\u00fcks\u00e9g\u00fcnk volt, kreat\u00edv \u00f6tletekkel \u00e9s &#8220;mindent k\u00e9zben tartunk&#8221; hozz\u00e1\u00e1ll\u00e1ssal kombin\u00e1lva. A tudat, hogy van egy \u00fcgyn\u00f6ks\u00e9g, amelyre teljes m\u00e9rt\u00e9kben sz\u00e1m\u00edthatunk, sokkal kellemesebb\u00e9 tette a bevezet\u00e9st. \u00c9s mindennek tetej\u00e9be, az \u00e1ltal\u00e1ban sz\u00fcks\u00e9ges id\u0151 harmada alatt menedzselt\u00e9k a bevezet\u00e9si kamp\u00e1nyt, nagyszer\u0171 csapatmunk\u00e1val ugrottak be \u00e9s mentett\u00e9k meg a napot.&#8221;<\/em><\/p>\n<p style=\"text-align: center;\">&#8211; Schmid Vivien, marketing igazgat\u00f3<br \/><strong>Forevermark Hungary<\/strong><\/p>\n<p>[\/et_pb_slide][et_pb_slide _builder_version=&#8221;4.17.3&#8243; _module_preset=&#8221;default&#8221; body_text_align=&#8221;center&#8221; background_color=&#8221;RGBA(255,255,255,0)&#8221; background_enable_color=&#8221;on&#8221; background_layout=&#8221;light&#8221; global_colors_info=&#8221;{}&#8221; sticky_transition=&#8221;on&#8221;]<\/p>\n<p style=\"text-align: center;\"><img loading=\"lazy\" class=\"size-full\" src=\"\/wp-content\/uploads\/2022\/06\/Klepierre-Logo.png\" alt=\"Kl\u00e9pierre Logo\" width=\"63\" height=\"75\" \/><\/p>\n<p style=\"text-align: center;\"><em>&#8220;\u00c9vek \u00f3ta dolgozom Zs\u00f3fi\u00e1val \u00e9s csapat\u00e1val \u00fcgyf\u00e9lk\u00e9nt. A legmagasabb szakmai \u00e9s etikai norm\u00e1kat tartja szem el\u0151tt, maxim\u00e1lis sikerre t\u00f6rekv\u0151 hozz\u00e1\u00e1ll\u00e1ssal p\u00e1rosulva. Strat\u00e9giai tan\u00e1csai \u00e9s kiv\u00e1l\u00f3 probl\u00e9mamegold\u00f3 k\u00e9pess\u00e9gei t\u00e1mogatt\u00e1k sikeres magyarorsz\u00e1gi m\u0171k\u00f6d\u00e9s\u00fcnket.&#8221;<\/em><\/p>\n<p style=\"text-align: center;\">&#8211; Kertai Zsolt, oper\u00e1ci\u00f3s igazgat\u00f3<br \/><strong>Kl\u00e9pierre<\/strong><\/p>\n<p>[\/et_pb_slide][et_pb_slide _builder_version=&#8221;4.17.3&#8243; _module_preset=&#8221;default&#8221; body_text_align=&#8221;center&#8221; background_color=&#8221;RGBA(255,255,255,0)&#8221; background_enable_color=&#8221;on&#8221; background_layout=&#8221;light&#8221; global_colors_info=&#8221;{}&#8221; sticky_transition=&#8221;on&#8221;]<\/p>\n<p style=\"text-align: center;\"><img loading=\"lazy\" src=\"\/wp-content\/uploads\/2022\/06\/Liferay-Logo.png\" width=\"150\" height=\"44\" alt=\"Liferay Logo\" class=\"size-full\" \/><\/p>\n<p style=\"text-align: center;\"><em>&#8220;Kevesebb mint egy \u00e9v alatt az Emerald seg\u00edtett ki\u00e9p\u00edteni a m\u00e1rk\u00e1nkat a sz\u00e1munkra legfontosabb \u00e9s legrelev\u00e1nsabb m\u00e9diumokn\u00e1l. A strat\u00e9gia fel\u00e9p\u00edt\u00e9s\u00e9t\u0151l kezdve a tartalomnapt\u00e1r k\u00e9sz\u00edt\u00e9s\u00e9n \u00e1t az esem\u00e9nyszervez\u00e9sig tudjuk, hogy sz\u00e1m\u00edthatunk r\u00e1juk, \u00e9s hogy teljes\u00edtik, amit \u00edg\u00e9rnek.&#8221;<\/em><\/p>\n<p style=\"text-align: center;\">&#8211; Kiss D\u00e1niel, Senior Marketing Specialist<br \/><strong>EMEA, Liferay Hungary Kft<\/strong><\/p>\n<p>[\/et_pb_slide][et_pb_slide _builder_version=&#8221;4.17.3&#8243; _module_preset=&#8221;default&#8221; body_text_align=&#8221;center&#8221; background_color=&#8221;RGBA(255,255,255,0)&#8221; background_enable_color=&#8221;on&#8221; background_layout=&#8221;light&#8221; global_colors_info=&#8221;{}&#8221; sticky_transition=&#8221;on&#8221;]<\/p>\n<p style=\"text-align: center;\"><img loading=\"lazy\" src=\"\/wp-content\/uploads\/2022\/06\/White-Star-Real-Estate-Logo.png\" width=\"150\" height=\"46\" alt=\"Liferay Logo\" class=\"size-full\" \/><\/p>\n<p style=\"text-align: center;\"><em>&#8220;Az Emerald m\u00e1r egy \u00e9ve, a tervez\u00e9si f\u00e1zis kezdete \u00f3ta r\u00e9szt vesz vadonat\u00faj luxuslak\u00f3parkunk, az E\u00f6tv\u00f6s12 fejleszt\u00e9s\u00e9ben. Az egy\u00fcttm\u0171k\u00f6d\u00e9s m\u00e1r a kezdetekt\u0151l fogva gy\u00fcm\u00f6lcs\u00f6z\u0151 volt, mivel az Emerald olyan vil\u00e1gos meg\u00e9rt\u00e9ssel \u00e9s egyedi r\u00e1l\u00e1t\u00e1ssal rendelkezett a projektre, mint kor\u00e1bban egyetlen m\u00e1s \u00fcgyn\u00f6ks\u00e9g sem. M\u00e1r az els\u0151 tal\u00e1lkoz\u00e1sunk megk\u00f6nnyebb\u00fcl\u00e9s volt, amikor r\u00e1j\u00f6tt\u00fcnk, hogy megtal\u00e1ltuk azt a c\u00e9get, amelyik k\u00e9pes az igazs\u00e1got kisz\u0171rni az inform\u00e1ci\u00f3k kuszas\u00e1g\u00e1b\u00f3l, \u00e9s megtal\u00e1lni a megfelel\u0151 kever\u00e9ket a c\u00e9lok el\u00e9r\u00e9s\u00e9hez; de ami enn\u00e9l is fontosabb, hogy az Emeraldnak van szeme a t\u00e1voli j\u00f6v\u0151re \u00e9s a fejleszt\u0151 felek k\u00f6z\u00f6tti egyens\u00faly fenntart\u00e1s\u00e1ra. R\u00e9szv\u00e9tel\u00fck az issue menedzsment, PR \u00e9s marketing tev\u00e9kenys\u00e9g\u00fcnkben l\u00e9tfontoss\u00e1g\u00fav\u00e1 v\u00e1lt sz\u00e1munkra, a fejleszt\u0151csapathoz val\u00f3 hozz\u00e1j\u00e1rul\u00e1suk mindig nagy \u00f6r\u00f6m \u00e9s \u00e9lm\u00e9ny.&#8221;<\/em><\/p>\n<p style=\"text-align: center;\">&#8211; G\u00e1rdai J\u00e1nos, \u00fcgyvezet\u0151 igazgat\u00f3<br \/><strong>White Star Real Estate<\/strong><\/p>\n<p>[\/et_pb_slide][\/et_pb_slider][\/et_pb_column][\/et_pb_row][\/et_pb_section]<\/p>\n","protected":false},"excerpt":{"rendered":"<p>R\u00f3lunkAz Emerald PR a Burson Cohn&amp;Wolfe magyarorsz\u00e1gi partnere. Az \u00fcgyn\u00f6ks\u00e9get Lakatos Zs\u00f3fia, a Magyar PR Sz\u00f6vets\u00e9g kor\u00e1bbi eln\u00f6ke \u00e9s \u00d6r\u00f6k\u00f6s Tagja alap\u00edtotta, akinek t\u00f6bb mint k\u00e9t \u00e9vtizedes szakmai tapasztalata garancia a min\u0151s\u00e9gi szolg\u00e1ltat\u00e1sra. Az alap\u00edt\u00f3 \u00e9veken kereszt\u00fcl vezette a Hill+Knowlton Strategies pr-\u00fcgyn\u00f6ks\u00e9get \u00e9s k\u00e9pviselte az Ogilvy PR-t Magyarorsz\u00e1gon. 2015-ben az \u00fcgyn\u00f6ks\u00e9g \u00faj strukt\u00far\u00e1t vezetett be [&hellip;]<\/p>\n","protected":false},"author":1,"featured_media":0,"parent":0,"menu_order":0,"comment_status":"closed","ping_status":"closed","template":"","meta":{"_et_pb_use_builder":"on","_et_pb_old_content":"<!-- wp:divi\/placeholder -->\n[et_pb_section fb_built=\"1\" custom_padding_last_edited=\"on|phone\" _builder_version=\"4.17.3\" _module_preset=\"default\" background_enable_color=\"off\" background_enable_image=\"off\" background_size=\"contain\" background_repeat=\"repeat\" custom_margin=\"0px||0px||true|false\" custom_padding=\"150px||75px||false|false\" custom_padding_tablet=\"100px||50px||false|false\" custom_padding_phone=\"100px||25px||false|false\" bottom_divider_flip=\"horizontal\" global_colors_info=\"{}\"][et_pb_row _builder_version=\"4.17.3\" _module_preset=\"default\" custom_padding=\"0px||25px||false|false\" global_colors_info=\"{}\"][et_pb_column type=\"4_4\" _builder_version=\"4.17.3\" _module_preset=\"default\" global_colors_info=\"{}\"][et_pb_text _builder_version=\"4.17.3\" _module_preset=\"default\" header_font_size_tablet=\"42px\" header_font_size_phone=\"36px\" global_colors_info=\"{}\"]<h1>About Us<\/h1>[\/et_pb_text][\/et_pb_column][\/et_pb_row][et_pb_row column_structure=\"1_2,1_2\" make_equal=\"on\" module_class=\"custom-row\" _builder_version=\"4.17.3\" _module_preset=\"default\" custom_margin=\"||50px||false|false\" custom_padding=\"0px||0px||true|false\" global_colors_info=\"{}\"][et_pb_column type=\"1_2\" module_class=\"margin-auto second-on-mobile\" _builder_version=\"4.17.3\" _module_preset=\"default\" global_colors_info=\"{}\"][et_pb_text _builder_version=\"4.17.3\" _module_preset=\"default\" custom_margin=\"||25px||false|false\" header_font_size_tablet=\"42px\" header_font_size_phone=\"36px\" global_colors_info=\"{}\"]<p>Emerald Public Relations is the Hungarian affiliate of WPP\u2019s Burson Cohn &amp; Wolfe. The agency was founded by Zsofia Lakatos, former President and Member Emeritus of the Hungarian PR Association. Zsofia has over 20 years\u2019 experience in Public Relations, she served as Managing Director of Hill+Knowlton Strategies in Hungary, also representing Ogilvy Public Relations.<\/p>\n<p>The agency introduced a new structure in Hungary: young professionals with a fresh perspective on communication forming the core team as employees supported by a league of gurus from different PR backgrounds working as sub-contractors. The founder of the agency puts much emphasis on mentoring young people, offering Emerald PR as a first workplace for PR-graduates. The young professionals are backed by PR-gurus, who formerly served as PR and PA Directors of multinational companies.<\/p>\n<p>Emerald PR has strategic partnerships with various ATL and BTL agencies to ensure that clients are offered a full spectrum of communication and we have very good working relationship with many agencies across Central and Eastern Europe.<\/p>[\/et_pb_text][et_pb_button button_url=\"@ET-DC@eyJkeW5hbWljIjp0cnVlLCJjb250ZW50IjoicG9zdF9saW5rX3VybF9wYWdlIiwic2V0dGluZ3MiOnsicG9zdF9pZCI6IjU3In19@\" button_text=\"Contact Us\" _builder_version=\"4.17.3\" _dynamic_attributes=\"button_url\" _module_preset=\"default\" global_colors_info=\"{}\"][\/et_pb_button][\/et_pb_column][et_pb_column type=\"1_2\" module_class=\"first-on-mobile\" _builder_version=\"4.17.3\" _module_preset=\"default\" global_colors_info=\"{}\"][et_pb_image src=\"https:\/\/emeraldpr.hu\/wp-content\/uploads\/2022\/08\/Emerald-Public-Relations-Agency.png\" show_bottom_space=\"off\" _builder_version=\"4.17.3\" _module_preset=\"default\" custom_margin=\"||0px||false|false\" custom_margin_tablet=\"||30px||false|false\" custom_margin_phone=\"||30px||false|false\" custom_margin_last_edited=\"on|phone\" hover_enabled=\"0\" global_colors_info=\"{}\" alt=\"Emerald Public Relations Agency\" title_text=\"Emerald Public Relations Agency\" sticky_enabled=\"0\"][\/et_pb_image][\/et_pb_column][\/et_pb_row][et_pb_row column_structure=\"1_2,1_2\" make_equal=\"on\" _builder_version=\"4.17.3\" _module_preset=\"default\" custom_padding=\"0px||0px||true|false\" global_colors_info=\"{}\"][et_pb_column type=\"1_2\" module_class=\"margin-auto\" _builder_version=\"4.17.3\" _module_preset=\"default\" global_colors_info=\"{}\"][et_pb_image src=\"https:\/\/emeraldpr.hu\/wp-content\/uploads\/2022\/08\/Emerald-Portfolio-Infographic.png\" alt=\"Emerald Portfolio Infographic\" title_text=\"Emerald Portfolio Infographic\" show_bottom_space=\"off\" _builder_version=\"4.17.3\" _module_preset=\"default\" custom_margin=\"||0px||false|false\" custom_margin_tablet=\"||30px||false|false\" custom_margin_phone=\"||30px||false|false\" custom_margin_last_edited=\"on|phone\" global_colors_info=\"{}\"][\/et_pb_image][\/et_pb_column][et_pb_column type=\"1_2\" _builder_version=\"4.17.3\" _module_preset=\"default\" global_colors_info=\"{}\"][et_pb_text _builder_version=\"4.17.3\" _module_preset=\"default\" header_font_size_tablet=\"42px\" header_font_size_phone=\"36px\" global_colors_info=\"{}\"]<h2>Our Portfolio<\/h2>\n<p>The agency\u2019s client list includes multinational brands like <span><a href=\"https:\/\/www.ge.com\/\">GE<\/a><\/span>, <span><a href=\"https:\/\/www.mars.com\/\">MARS<\/a><\/span>, <span><a href=\"https:\/\/www.bunge.com\/\">Bunge<\/a><\/span>, <span><a href=\"https:\/\/www.forevermark.com\/\">Forevermark<\/a><\/span>, <span><a href=\"https:\/\/www.schreder.com\/en\">Tungsram-Schreder<\/a><\/span>, <span><a href=\"https:\/\/www.klepierre.com\/en\">Klepierre<\/a><\/span>, <span><a href=\"https:\/\/www.rolandberger.com\/en\/?country=US\">Roland Berger<\/a><\/span>, <span><a href=\"https:\/\/www.abbyy.com\/\">ABBYY<\/a><\/span>, <span><a href=\"https:\/\/www.liferay.com\/\">Liferay<\/a><\/span>, <span><a href=\"http:\/\/www.whitestar-realestate.com\/\">White Star Real Estate<\/a><\/span> and <span><a href=\"http:\/\/www.ubm.hu\/en\/\">UBM<\/a><\/span> and also serves many Hungarian companies such as <span><a href=\"https:\/\/www.columbus-klima.hu\/\">Columbus Kl\u00edma<\/a><\/span>, <span><a href=\"https:\/\/ballaingatlan.hu\/\">Balla Ingatlan<\/a><\/span> or <span><a href=\"https:\/\/h1systems.hu\/en\/\">H1 Systems<\/a><\/span>. Besides the corporate clients, the agency supports various NGOs with pro-bono work. The list of civil organisations the agency supported in the past few years includes <span><a href=\"http:\/\/www.unitedway.hu\/en\/\">United Way<\/a><\/span>, <span><a href=\"http:\/\/www.mediaunio.hu\/nem-nehez-2016\">Mediaunio<\/a><\/span>, <span><a href=\"https:\/\/jobbadni.hu\/en\/\">Hungarian Reformed Church Aid<\/a><\/span>, <span><a href=\"https:\/\/www.clubofbudapest.com\/\">The Club of Budapest<\/a><\/span>, <span><a href=\"http:\/\/bekaperspektiva.eu\/\">B\u00e9kaperspekt\u00edva<\/a><\/span>, <span><a href=\"http:\/\/nemluxustaska.hu\/\">Nemluxust\u00e1ska<\/a><\/span> and\u00a0 <a href=\"http:\/\/heimalap.hu\/page.php?pa=33eb2ff3-cd0e-72ce-f439-5df503ce0f10\">Foundation for the Development of the Heim P\u00e1l Children's Hospital,\u00a0 Oktondi and Karant\u00e9nsuli.<\/a> We believe it is our duty to help those who are in need to be heard.<\/p>\n<p>Emerald PR has 3 spin-off companies that were founded for non-classical Public Relations services. <span><a href=\"http:\/\/valsag112.hu\/\">V\u00e1ls\u00e1g112<\/a><\/span> support companies with crisis management, <span><a href=\"https:\/\/business-sustainability-program.hu\/\">Business Sustainability Program<\/a><\/span> provides sustainability consultancy and <span><a href=\"https:\/\/smaragdakademia.hu\/\">Smaragd Akademia<\/a><\/span> supports companies with finding the best training companies in the market.<\/p>[\/et_pb_text][\/et_pb_column][\/et_pb_row][\/et_pb_section][et_pb_section fb_built=\"1\" custom_padding_last_edited=\"off|desktop\" _builder_version=\"4.17.3\" _module_preset=\"default\" background_enable_color=\"off\" background_enable_image=\"off\" background_size=\"contain\" background_repeat=\"repeat\" custom_margin=\"0px||0px||true|false\" custom_padding=\"25px||75px||false|false\" custom_padding_tablet=\"100px||50px||false|false\" custom_padding_phone=\"100px||25px||false|false\" bottom_divider_flip=\"horizontal\" global_colors_info=\"{}\"][et_pb_row _builder_version=\"4.17.3\" _module_preset=\"default\" custom_margin=\"50px||50px||true|false\" custom_padding=\"0px||0px||true|false\" global_colors_info=\"{}\"][et_pb_column type=\"4_4\" _builder_version=\"4.17.3\" _module_preset=\"default\" global_colors_info=\"{}\"][et_pb_text _builder_version=\"4.17.3\" _module_preset=\"default\" custom_margin=\"||5px||false|false\" header_font_size_tablet=\"42px\" header_font_size_phone=\"36px\" global_colors_info=\"{}\"]<h2 style=\"text-align: center;\">Emerald PR Team<\/h2>[\/et_pb_text][et_pb_divider color=\"#68A9C6\" divider_weight=\"2px\" _builder_version=\"4.17.3\" _module_preset=\"default\" max_width=\"15%\" module_alignment=\"center\" height=\"2px\" custom_margin=\"||||false|false\" custom_padding=\"||||false|false\" animation_style=\"zoom\" global_colors_info=\"{}\"][\/et_pb_divider][\/et_pb_column][\/et_pb_row][et_pb_row column_structure=\"3_5,2_5\" module_class=\"custom-row\" _builder_version=\"4.17.3\" _module_preset=\"default\" custom_margin=\"||50px||false|false\" custom_padding=\"0px||0px||true|false\" global_colors_info=\"{}\"][et_pb_column type=\"3_5\" module_class=\"second-on-mobile\" _builder_version=\"4.17.3\" _module_preset=\"default\" global_colors_info=\"{}\"][et_pb_text _builder_version=\"4.17.3\" _module_preset=\"default\" custom_margin=\"||10px||false|false\" global_colors_info=\"{}\"]<h3>Zsofia Lakatos<\/h3>\n<p><em>Managing Director<\/em><\/p>[\/et_pb_text][et_pb_text _builder_version=\"4.17.3\" _module_preset=\"default\" custom_margin=\"||10px||false|false\" global_colors_info=\"{}\"]<p><a href=\"tel:+36309289647\"><span style=\"font-size: 16px;\" class=\"et-pb-icon\">\ue090<\/span> Tel: <span> +36 30 928 9647<\/span><\/a><br \/><a href=\"mailto:zsofia.lakatos@emeraldpr.hu\"><span style=\"font-size: 16px;\" class=\"et-pb-icon\">\ue076<\/span> Mail: <span> zsofia.lakatos@emeraldpr.hu<\/span><\/a><br \/><a href=\"https:\/\/www.linkedin.com\/in\/zsofia-lakatos-20a1327\/\" target=\"_blank\" rel=\"noopener\"><span style=\"font-size: 16px;\" class=\"et-pb-icon\">\ue09d<\/span> LinkedIn<\/a><\/p>[\/et_pb_text][et_pb_text _builder_version=\"4.17.3\" _module_preset=\"default\" global_colors_info=\"{}\"]<p>As Managing Director, Zsofia is responsible for strategic planning, excellent professional service and daily management of the agency. She serves as Senior Consultant on special projects. She is Member Emeritus and former President of the Hungarian Public Relations Association and member of the WCFA Global Advisory Board.<\/p>\n<p>Zsofia has a degree in Public Relations from Budapest Business School and an MBA in Management from the Budapest University of Technology and Economics- She started her career as a reporter for RTL News. She worked as Director of Capital Communications, the leading financial communications agency in for 8 years. She served as Managing Director of Hill+Knowlton Strategies for over 7 years. She is a top crisis management and sustainability expert in Hungary, a frequent lecturer on the topic and owner of<span>\u00a0<\/span><a href=\"http:\/\/valsag112.hu\/\" target=\"_blank\" rel=\"noopener\">Valsag112<\/a><span>\u00a0<\/span>and<span>\u00a0<\/span><a href=\"https:\/\/business-sustainability-program.hu\/\" target=\"_blank\" rel=\"noopener\">BSP<\/a>. She is fluent in English and Spanish.<\/p>\n<p>Zsofia is an internationally acknowledged CSR-expert. Her book \u201eCorporate Social Performance in Emerging Markets\u201d was published in 2013 in London. The same year she was named the first \u201eProfessional Ambassador of Sustainability in Hungary.\u201d In 2017 she was named Vice-President of Budapest Klub Global Executive Council. In 2021 she became Board Member of Clean Air Action Group.<\/p>[\/et_pb_text][\/et_pb_column][et_pb_column type=\"2_5\" module_class=\"first-on-mobile\" _builder_version=\"4.17.3\" _module_preset=\"default\" global_colors_info=\"{}\"][et_pb_image src=\"https:\/\/emeraldpr.hu\/wp-content\/uploads\/2022\/06\/Zsofia-Lakatos-02.webp\" alt=\"Zs\u00f3fia Lakatos - Emerald PR Team\" align=\"center\" _builder_version=\"4.17.3\" _module_preset=\"default\" custom_margin=\"||0px||false|false\" custom_margin_tablet=\"||30px||false|false\" custom_margin_phone=\"||30px||false|false\" custom_margin_last_edited=\"on|desktop\" animation_direction=\"bottom\" border_radii=\"on|25px|25px|25px|25px\" global_colors_info=\"{}\"][\/et_pb_image][\/et_pb_column][\/et_pb_row][et_pb_row column_structure=\"2_5,3_5\" _builder_version=\"4.17.3\" _module_preset=\"default\" custom_margin=\"||50px||false|false\" custom_padding=\"0px||0px||true|false\" global_colors_info=\"{}\"][et_pb_column type=\"2_5\" _builder_version=\"4.17.3\" _module_preset=\"default\" global_colors_info=\"{}\"][et_pb_image src=\"https:\/\/emeraldpr.hu\/wp-content\/uploads\/2022\/06\/Veronika-Foldes-02.webp\" alt=\"Veronika F\u00f6ldes - Emerald PR Team\" align=\"center\" _builder_version=\"4.17.3\" _module_preset=\"default\" custom_margin=\"||||false|false\" custom_margin_tablet=\"||30px||false|false\" custom_margin_phone=\"||30px||false|false\" custom_margin_last_edited=\"off|desktop\" border_radii=\"on|25px|25px|25px|25px\" global_colors_info=\"{}\"][\/et_pb_image][\/et_pb_column][et_pb_column type=\"3_5\" _builder_version=\"4.17.3\" _module_preset=\"default\" global_colors_info=\"{}\"][et_pb_text _builder_version=\"4.17.3\" _module_preset=\"default\" custom_margin=\"||10px||false|false\" global_colors_info=\"{}\"]<h3>Veronika F\u00f6ldes<\/h3>\n<p><em>Senior Consultant<\/em><\/p>[\/et_pb_text][et_pb_text _builder_version=\"4.17.3\" _module_preset=\"default\" custom_margin=\"||10px||false|false\" global_colors_info=\"{}\"]<a href=\"tel:+36303974176\"><span style=\"font-size: 16px;\" class=\"et-pb-icon\">\ue090<\/span> Tel: <span> +36 30 397 4176<\/span><\/a>\n<a href=\"mailto:veronika.foldes@emeraldpr.hu\"><span style=\"font-size: 16px;\" class=\"et-pb-icon\">\ue076<\/span> Mail: <span> veronika.foldes@emeraldpr.hu<\/span><\/a>\n<a href=\"https:\/\/www.linkedin.com\/in\/veronika-f%C3%B6ldes-71360360\/\" target=\"_blank\" rel=\"noopener\"><span style=\"font-size: 16px;\" class=\"et-pb-icon\">\ue09d<\/span> LinkedIn<\/a>[\/et_pb_text][et_pb_text _builder_version=\"4.17.3\" _module_preset=\"default\" global_colors_info=\"{}\"]<p>Veronika is responsible for media relations at the company. She liaises with journalists, organizes events and prepares executive summaries of daily news.<\/p>\n<p>Early in her career, Veronika was Assistant and then Project Manager at Capital Communications, the then leading financial communications agency in Hungary. Her references include clients like MOL Hungarian Oil and Gas, Vienna Capital Partners, Stadler Rail, Budapest Bank, Oppenheim Law Office, Provident Financial, Raiffeisen Private Equity Management, Brokernet. Moving along from Capital Communications, she served for two years as Communications Manager of BDO Hungary.<\/p>\n<p>She has her own stylist company House of Style and she serves as the secretary of the Hungarian PR Association.<\/p>[\/et_pb_text][\/et_pb_column][\/et_pb_row][et_pb_row column_structure=\"3_5,2_5\" module_class=\"custom-row\" _builder_version=\"4.17.3\" _module_preset=\"default\" custom_margin=\"||50px||false|false\" custom_padding=\"0px||0px||true|false\" global_colors_info=\"{}\"][et_pb_column type=\"3_5\" module_class=\"second-on-mobile\" _builder_version=\"4.17.3\" _module_preset=\"default\" global_colors_info=\"{}\"][et_pb_text _builder_version=\"4.17.3\" _module_preset=\"default\" custom_margin=\"||10px||false|false\" global_colors_info=\"{}\"]<h3>Andrea Dints\u00e9r<\/h3>\n<p><em>Senior Consultant<\/em><\/p>[\/et_pb_text][et_pb_text _builder_version=\"4.17.3\" _module_preset=\"default\" custom_margin=\"||10px||false|false\" global_colors_info=\"{}\"]<a href=\"tel:+36203313531\"><span style=\"font-size: 16px;\" class=\"et-pb-icon\">\ue090<\/span> Tel: <span> +36 20 331 3531<\/span><\/a>\n<a href=\"mailto:andrea.dintser@emeraldpr.hu\"><span style=\"font-size: 16px;\" class=\"et-pb-icon\">\ue076<\/span> Mail: <span> andrea.dintser@emeraldpr.hu<\/span><\/a>\n<a href=\"https:\/\/www.linkedin.com\/in\/andrea-dintser-90b83b4\/\" target=\"_blank\" rel=\"noopener\"><span style=\"font-size: 16px;\" class=\"et-pb-icon\">\ue09d<\/span> LinkedIn<\/a>[\/et_pb_text][et_pb_text _builder_version=\"4.17.3\" _module_preset=\"default\" global_colors_info=\"{}\"]<p>Andrea has 20+ year experience in marketing, corporate communications and knowledge management as an executive leader in multinational companies at country, CEE and EMA levels with PwC and KPMG (1995-2017).<\/p>\n<p>Recently, she has been an advisor on these areas including account based marketing, full production process of market surveys, digital communications including social media, PR, change management, and employer branding as the Founder and CEO of\u00a0 YourStory.hu<\/p>\n<p>Andrea is a member of United Way\u2019s Marketing Committee, and a moderator of the Hungarian Entrepreneurs\u2019 Business Club (Magyar V\u00e1llalatvezet\u0151k \u00dczleti K\u00f6z\u00f6ss\u00e9ge, MV\u00dcK). Also, she has been the strategic outreach leader of the Women\/Business\/Angels Association.<\/p>\n<p>A passionate believer of the innovative and blitz scaling startup world.\u00a0One of the mentors of an educational program that lead GenZ through the process of design thinking, lean idea\/product development, rapid prototyping, market validation, business model canvas preparation, outlining the communication strategy, and pitch practice.\u00a0Trainer team member for the startups participating in Microsoft Imagine Cup.\u00a0Provides consultancy before investor pitches to startup companies to enter the market and help them grow. She joined the mentor team of Design Terminal in 2018.<\/p>\n<p>She has been actively participating in the Hungarian Business Leaders Forum\u2019s (HBLF) Y-Generation Mentoring Program, and its Digital Working Group.<\/p>[\/et_pb_text][\/et_pb_column][et_pb_column type=\"2_5\" module_class=\"first-on-mobile\" _builder_version=\"4.17.3\" _module_preset=\"default\" global_colors_info=\"{}\"][et_pb_image src=\"https:\/\/emeraldpr.hu\/wp-content\/uploads\/2022\/06\/Andrea-Dintser-02.webp\" alt=\"Andrea Dints\u00e9r - Emerald PR Team\" align=\"center\" _builder_version=\"4.17.3\" _module_preset=\"default\" custom_margin=\"||0px||false|false\" custom_margin_tablet=\"||30px||false|false\" custom_margin_phone=\"||30px||false|false\" custom_margin_last_edited=\"on|phone\" animation_direction=\"bottom\" border_radii=\"on|25px|25px|25px|25px\" global_colors_info=\"{}\"][\/et_pb_image][\/et_pb_column][\/et_pb_row][et_pb_row column_structure=\"2_5,3_5\" _builder_version=\"4.17.3\" _module_preset=\"default\" custom_margin=\"||50px||false|false\" custom_padding=\"0px||0px||true|false\" global_colors_info=\"{}\"][et_pb_column type=\"2_5\" _builder_version=\"4.17.3\" _module_preset=\"default\" global_colors_info=\"{}\"][et_pb_image src=\"https:\/\/emeraldpr.hu\/wp-content\/uploads\/2022\/06\/Viktoria-Sebok-02.webp\" alt=\"Vikt\u00f3ria Seb\u0151k - Emerald PR Team\" align=\"center\" _builder_version=\"4.17.3\" _module_preset=\"default\" custom_margin=\"||||false|false\" custom_margin_tablet=\"||30px||false|false\" custom_margin_phone=\"||30px||false|false\" custom_margin_last_edited=\"off|desktop\" border_radii=\"on|25px|25px|25px|25px\" global_colors_info=\"{}\"][\/et_pb_image][\/et_pb_column][et_pb_column type=\"3_5\" _builder_version=\"4.17.3\" _module_preset=\"default\" global_colors_info=\"{}\"][et_pb_text _builder_version=\"4.17.3\" _module_preset=\"default\" custom_margin=\"||10px||false|false\" global_colors_info=\"{}\"]<h3>Vikt\u00f3ria Seb\u0151k<\/h3>\n<p><em>Senior Account<\/em><\/p>[\/et_pb_text][et_pb_text _builder_version=\"4.17.3\" _module_preset=\"default\" custom_margin=\"||10px||false|false\" global_colors_info=\"{}\"]<a href=\"tel:+36704266696\"><span style=\"font-size: 16px;\" class=\"et-pb-icon\">\ue090<\/span> Tel: <span> +36 70 426 6696<\/span><\/a>\n<a href=\"mailto:sebok.viktoria71@gmail.com\"><span style=\"font-size: 16px;\" class=\"et-pb-icon\">\ue076<\/span> Mail: <span> sebok.viktoria71@gmail.com<\/span><\/a>\n<a href=\"https:\/\/www.linkedin.com\/in\/vikt%C3%B3ria-seb%C5%91k-press-academy-75a0861b\/\" target=\"_blank\" rel=\"noopener\"><span style=\"font-size: 16px;\" class=\"et-pb-icon\">\ue09d<\/span> LinkedIn<\/a>[\/et_pb_text][et_pb_text _builder_version=\"4.17.3\" _module_preset=\"default\" global_colors_info=\"{}\"]<p>Vikt\u00f3ria who recently joined Emerald PR is a Business Journalist, IT Communication Specialist, and Business Development Communicator. In addition, she works as Mentor for Inspirate, as well.<\/p>\n<p>She was elected the Information Security Journalist of the Year (2010) and she was elected the Informatics Journalist of the Year (Attila Kov\u00e1cs Award \u2013 2012).<\/p>\n<p>She established a next-generation and one-person editorial office, called PRess Academy in 2014. PRess Academy performs business content to print and online media furthermore runs Self-Improvement Mentor Program.<\/p>\n<p>In 2009 she graduated as a Journalist at the B\u00e1lint Gy\u00f6rgy Journalist Academy. After that, she works for several business print magazines.<\/p>\n<p>Between 2001 and 2009, Vikt\u00f3ria was actively involved in the IT segment as a Project Manager and IT Consultant. In 2006, she graduated at the G\u00e1bor D\u00e9nes Technical College as Engineer IT Specialist and Security Manager. Between 1990 and 2001 she worked at the Hungarian National Bank, at the international capital market.<\/p>[\/et_pb_text][\/et_pb_column][\/et_pb_row][et_pb_row column_structure=\"3_5,2_5\" module_class=\"custom-row\" _builder_version=\"4.17.3\" _module_preset=\"default\" custom_margin=\"||50px||false|false\" custom_padding=\"0px||0px||true|false\" global_colors_info=\"{}\"][et_pb_column type=\"3_5\" module_class=\"second-on-mobile\" _builder_version=\"4.17.3\" _module_preset=\"default\" global_colors_info=\"{}\"][et_pb_text _builder_version=\"4.17.3\" _module_preset=\"default\" custom_margin=\"||10px||false|false\" global_colors_info=\"{}\"]<h3>Tam\u00e1s Hackl<\/h3>\n<p><em>Account Manager<\/em><\/p>[\/et_pb_text][et_pb_text _builder_version=\"4.17.3\" _module_preset=\"default\" custom_margin=\"||10px||false|false\" global_colors_info=\"{}\"]<a href=\"tel:+36309678356\"><span style=\"font-size: 16px;\" class=\"et-pb-icon\">\ue090<\/span> Tel: <span> +36 30 967 8356<\/span><\/a>\n<a href=\"mailto:tamas.hackl@emeraldpr.hu\"><span style=\"font-size: 16px;\" class=\"et-pb-icon\">\ue076<\/span> Mail: <span> tamas.hackl@emeraldpr.hu<\/span><\/a>\n<a href=\"https:\/\/www.linkedin.com\/in\/tam%C3%A1s-hackl-5a55a0182\/\" target=\"_blank\" rel=\"noopener\"><span style=\"font-size: 16px;\" class=\"et-pb-icon\">\ue09d<\/span> LinkedIn<\/a>[\/et_pb_text][et_pb_text _builder_version=\"4.17.3\" _module_preset=\"default\" global_colors_info=\"{}\"]<p>As an Account Manager, Tam\u00e1s is responsible for creating and seamlessly executing communication strategies, maintaining a stable and good relationship with press representatives, advising clients on their daily business operations, and ensuring the clients of the agency are satisfied. He has been working at Emerald PR for two and a half years and has a proven track record at the company, working on projects ranging from reputation management to employer branding. He manages clients from the IT, consulting, smart homes, HVAC, and food delivery industries. He studies at Milton Friedman University, specializing in social and new media.<\/p>\n<p>Tam\u00e1s has significant startup and project management experience as he started his career at a startup company that disrupted the Hungarian phone case and accessory market. He was part of creating the initial communications strategy and was the project manager of multiple campaigns. The enterprise now operates in 5+ countries.<\/p>\n<p>He believes in the power of storytelling and feels his mission is to help people understand each other.<\/p>[\/et_pb_text][\/et_pb_column][et_pb_column type=\"2_5\" module_class=\"first-on-mobile\" _builder_version=\"4.17.3\" _module_preset=\"default\" global_colors_info=\"{}\"][et_pb_image src=\"https:\/\/emeraldpr.hu\/wp-content\/uploads\/2022\/06\/Tamas-Hackl-02.webp\" alt=\"Tam\u00e1s Hackl - Emerald PR Team\" align=\"center\" _builder_version=\"4.17.3\" _module_preset=\"default\" custom_margin=\"||0px||false|false\" custom_margin_tablet=\"||30px||false|false\" custom_margin_phone=\"||30px||false|false\" custom_margin_last_edited=\"on|phone\" animation_direction=\"bottom\" border_radii=\"on|25px|25px|25px|25px\" global_colors_info=\"{}\"][\/et_pb_image][\/et_pb_column][\/et_pb_row][et_pb_row column_structure=\"2_5,3_5\" _builder_version=\"4.17.3\" _module_preset=\"default\" custom_margin=\"||50px||false|false\" custom_padding=\"0px||0px||true|false\" global_colors_info=\"{}\"][et_pb_column type=\"2_5\" _builder_version=\"4.17.3\" _module_preset=\"default\" global_colors_info=\"{}\"][et_pb_image src=\"https:\/\/emeraldpr.hu\/wp-content\/uploads\/2022\/06\/Erika-Bertalan-02.webp\" alt=\"Erika Bertalan - Emerald PR Team\" align=\"center\" _builder_version=\"4.17.3\" _module_preset=\"default\" module_alignment=\"center\" custom_margin=\"||||false|false\" custom_margin_tablet=\"||30px||false|false\" custom_margin_phone=\"||30px||false|false\" custom_margin_last_edited=\"off|desktop\" border_radii=\"on|25px|25px|25px|25px\" global_colors_info=\"{}\"][\/et_pb_image][\/et_pb_column][et_pb_column type=\"3_5\" _builder_version=\"4.17.3\" _module_preset=\"default\" global_colors_info=\"{}\"][et_pb_text _builder_version=\"4.17.3\" _module_preset=\"default\" custom_margin=\"||10px||false|false\" global_colors_info=\"{}\"]<h3>Erika Bertalan<\/h3>\n<p><em>Consultant<\/em><\/p>[\/et_pb_text][et_pb_text _builder_version=\"4.17.3\" _module_preset=\"default\" min_height=\"48.6px\" custom_margin=\"||10px||false|false\" global_colors_info=\"{}\"]<a href=\"tel:+36309678356\"><span style=\"font-size: 16px;\" class=\"et-pb-icon\">\ue090<\/span> Tel: <span> +36 30 967 8356<\/span><\/a>\n<a href=\"mailto:erika.bertalan@emeraldpr.hu\"><span style=\"font-size: 16px;\" class=\"et-pb-icon\">\ue076<\/span> Mail: <span> erika.bertalan@emeraldpr.hu<\/span><\/a>[\/et_pb_text][et_pb_text _builder_version=\"4.17.3\" _module_preset=\"default\" global_colors_info=\"{}\"]<p>Erika who recently joined Emerald PR started her communications career as a journalist for a local daily where she was both writing articles and taking photos. Later, she also did editorial work.<\/p>\n<p>She moved from journalism to PR after completing a course in PR. She joined the team of leading communications agency Capital Communications as a media monitoring expert in 2006.<\/p>\n<p>During the years spent with CC, she was also working as project assistant and project manager for major customers such as AAA Auto, EDF Hungary, AXA Bank and Aegondirekt.hu.<\/p>\n<p>From 2016 Erika works for The Hungarian Public Relations Association (HuPRA) as a secretary.<\/p>[\/et_pb_text][\/et_pb_column][\/et_pb_row][et_pb_row column_structure=\"3_5,2_5\" module_class=\"custom-row\" _builder_version=\"4.17.3\" _module_preset=\"default\" custom_margin=\"||50px||false|false\" custom_padding=\"0px||0px||true|false\" global_colors_info=\"{}\"][et_pb_column type=\"3_5\" module_class=\"second-on-mobile\" _builder_version=\"4.17.3\" _module_preset=\"default\" global_colors_info=\"{}\"][et_pb_text _builder_version=\"4.17.3\" _module_preset=\"default\" custom_margin=\"||10px||false|false\" global_colors_info=\"{}\"]<h3>\u00c1kos Moln\u00e1r<\/h3>\n<em>Junior Account Manager<\/em>[\/et_pb_text][et_pb_text _builder_version=\"4.17.3\" _module_preset=\"default\" custom_margin=\"||10px||false|false\" global_colors_info=\"{}\"]<a href=\"tel:+36304558085\"><span style=\"font-size: 16px;\" class=\"et-pb-icon\">\ue090<\/span> Tel: <span> +36 30 967 8356<\/span><\/a>\n<a href=\"mailto:akos.molnar@emeraldpr.hu\"><span style=\"font-size: 16px;\" class=\"et-pb-icon\">\ue076<\/span> Mail: <span> akos.molnar@emeraldpr.hu<\/span><\/a>[\/et_pb_text][et_pb_text _builder_version=\"4.17.3\" _module_preset=\"default\" global_colors_info=\"{}\"]<p>He believes that communication is an indestructible factor that manifests itself in myriad forms in our environment and in our daily lives, but is not always perceived and used appropriately. The most exciting challenge in the profession is to bridge the misunderstandings and conflicts that arise from this without changing the meaning of the message.<\/p>\n<p>He studied at Kodol\u00e1nyi J\u00e1nos University, with a degree in Communication and Media Studies. Although he gained a deeper understanding of television broadcasting at Antenna Hung\u00e1ria Zrt., his interests lie more in online communication and reaching people\u2019s understanding.<\/p>\n<p>He is easily motivated and strives to improve his communication skills and knowledge.<\/p>[\/et_pb_text][\/et_pb_column][et_pb_column type=\"2_5\" module_class=\"fist-on-mobile\" _builder_version=\"4.17.3\" _module_preset=\"default\" global_colors_info=\"{}\"][et_pb_image src=\"https:\/\/emeraldpr.hu\/wp-content\/uploads\/2022\/06\/Akos-Molnar-02.webp\" alt=\"\u00c1kos Moln\u00e1r - Emerald PR Team\" align=\"center\" _builder_version=\"4.17.3\" _module_preset=\"default\" custom_margin=\"||0px||false|false\" custom_margin_tablet=\"||30px||false|false\" custom_margin_phone=\"||30px||false|false\" custom_margin_last_edited=\"on|desktop\" animation_direction=\"bottom\" border_radii=\"on|25px|25px|25px|25px\" global_colors_info=\"{}\"][\/et_pb_image][\/et_pb_column][\/et_pb_row][et_pb_row column_structure=\"2_5,3_5\" _builder_version=\"4.17.3\" _module_preset=\"default\" custom_margin=\"||||false|false\" custom_padding=\"0px||0px||true|false\" global_colors_info=\"{}\"][et_pb_column type=\"2_5\" _builder_version=\"4.17.3\" _module_preset=\"default\" global_colors_info=\"{}\"][et_pb_image src=\"https:\/\/emeraldpr.hu\/wp-content\/uploads\/2022\/06\/Georgina-Filep-02.webp\" alt=\"Georgina Filep - Emerald PR Team\" align=\"center\" _builder_version=\"4.17.3\" _module_preset=\"default\" custom_margin=\"||||false|false\" custom_margin_tablet=\"||30px||false|false\" custom_margin_phone=\"||30px||false|false\" custom_margin_last_edited=\"off|desktop\" border_radii=\"on|25px|25px|25px|25px\" global_colors_info=\"{}\"][\/et_pb_image][\/et_pb_column][et_pb_column type=\"3_5\" _builder_version=\"4.17.3\" _module_preset=\"default\" global_colors_info=\"{}\"][et_pb_text _builder_version=\"4.17.3\" _module_preset=\"default\" custom_margin=\"||10px||false|false\" global_colors_info=\"{}\"]<h3>Georgina Filep<\/h3>\n<p><em>Junior Account Manager<\/em><\/p>[\/et_pb_text][et_pb_text _builder_version=\"4.17.3\" _module_preset=\"default\" custom_margin=\"||10px||false|false\" global_colors_info=\"{}\"]<a href=\"tel:+36309678377\"><span style=\"font-size: 16px;\" class=\"et-pb-icon\">\ue090<\/span> Tel: <span> +36 30 967 8377<\/span><\/a>\n<a href=\"mailto:gina.filep@emeraldpr.hu\"><span style=\"font-size: 16px;\" class=\"et-pb-icon\">\ue076<\/span> Mail: <span> gina.filep@emeraldpr.hu<\/span><\/a>[\/et_pb_text][et_pb_text _builder_version=\"4.17.3\" _module_preset=\"default\" global_colors_info=\"{}\"]<p>Georgina works as a Junior Account Manager at Emerald PR. She got her BA degree in Sociology at E\u00f6tv\u00f6s L\u00f3r\u00e1nt University. There, she completed the Media Sociology specialization. During her undergraduate years, she was involved in a lot of projects where she learned the importance of teamwork and communication quickly. She was an intern at Voices of the 20th Century Archive and Research Group. She also has experience in interviewing and data analysis.<\/p>\n<p>She has an resourceful, motivated and optimistic personality who believes in the power of honesty and open-mindedness.<\/p>\n<p>In her spare time, she enjoys reading literature and psychological books, and also loves hiking in the nature.<\/p>[\/et_pb_text][\/et_pb_column][\/et_pb_row][\/et_pb_section][et_pb_section fb_built=\"1\" _builder_version=\"4.17.3\" _module_preset=\"default\" background_enable_color=\"off\" use_background_color_gradient=\"on\" background_color_gradient_direction=\"45deg\" background_color_gradient_stops=\"#efefef 0%|#ffffff 99%\" custom_margin=\"0px||0px||true|false\" custom_padding=\"50px||50px||true|false\" top_divider_height=\"50px\" top_divider_flip=\"horizontal|vertical\" bottom_divider_height=\"50px\" global_module=\"753\" global_colors_info=\"{}\"][et_pb_row _builder_version=\"4.17.3\" _module_preset=\"default\" custom_margin=\"||25px||false|false\" custom_padding=\"0px||0px||true|false\" global_colors_info=\"{}\"][et_pb_column type=\"4_4\" _builder_version=\"4.17.3\" _module_preset=\"default\" global_colors_info=\"{}\"][et_pb_text _builder_version=\"4.17.3\" _module_preset=\"default\" custom_margin=\"||5px||false|false\" global_colors_info=\"{}\"]<h2 style=\"text-align: center;\">Referenci\u00e1ink<\/h2>[\/et_pb_text][et_pb_divider color=\"#68A9C6\" divider_weight=\"2px\" _builder_version=\"4.17.3\" _module_preset=\"default\" max_width=\"15%\" module_alignment=\"center\" height=\"2px\" custom_margin=\"||||false|false\" custom_padding=\"||||false|false\" animation_style=\"zoom\" global_colors_info=\"{}\"][\/et_pb_divider][\/et_pb_column][\/et_pb_row][et_pb_row column_structure=\"1_5,1_5,1_5,1_5,1_5\" make_equal=\"on\" _builder_version=\"4.17.3\" _module_preset=\"default\" custom_margin=\"||15px||false|false\" custom_padding=\"0px||0px||true|false\" global_colors_info=\"{}\"][et_pb_column type=\"1_5\" module_class=\"margin-auto\" _builder_version=\"4.17.3\" _module_preset=\"default\" global_colors_info=\"{}\"][et_pb_image src=\"https:\/\/emeraldpr.hu\/wp-content\/uploads\/2022\/06\/Bunge-Logo.png\" alt=\"Bunge Logo\" align=\"center\" _builder_version=\"4.17.3\" _module_preset=\"default\" module_alignment=\"center\" custom_margin=\"||15px||false|false\" global_colors_info=\"{}\"][\/et_pb_image][\/et_pb_column][et_pb_column type=\"1_5\" module_class=\"margin-auto\" _builder_version=\"4.17.3\" _module_preset=\"default\" global_colors_info=\"{}\"][et_pb_image src=\"https:\/\/emeraldpr.hu\/wp-content\/uploads\/2022\/06\/Mars-Logo.png\" alt=\"Mars Logo\" align=\"center\" _builder_version=\"4.17.3\" _module_preset=\"default\" custom_margin=\"||15px||false|false\" global_colors_info=\"{}\"][\/et_pb_image][\/et_pb_column][et_pb_column type=\"1_5\" module_class=\"margin-auto\" _builder_version=\"4.17.3\" _module_preset=\"default\" global_colors_info=\"{}\"][et_pb_image src=\"https:\/\/emeraldpr.hu\/wp-content\/uploads\/2022\/06\/Honeywell-Logo.png\" alt=\"Honeywell Logo\" align=\"center\" _builder_version=\"4.17.3\" _module_preset=\"default\" custom_margin=\"||15px||false|false\" global_colors_info=\"{}\"][\/et_pb_image][\/et_pb_column][et_pb_column type=\"1_5\" module_class=\"margin-auto\" _builder_version=\"4.17.3\" _module_preset=\"default\" global_colors_info=\"{}\"][et_pb_image src=\"https:\/\/emeraldpr.hu\/wp-content\/uploads\/2022\/06\/General-Electric-Logo.png\" alt=\"General Electric Logo\" align=\"center\" _builder_version=\"4.17.3\" _module_preset=\"default\" max_width=\"100px\" custom_margin=\"||15px||false|false\" global_colors_info=\"{}\"][\/et_pb_image][\/et_pb_column][et_pb_column type=\"1_5\" module_class=\"margin-auto\" _builder_version=\"4.17.3\" _module_preset=\"default\" global_colors_info=\"{}\"][et_pb_image src=\"https:\/\/emeraldpr.hu\/wp-content\/uploads\/2022\/06\/Giant-Logo.png\" alt=\"Giant Logo\" align=\"center\" _builder_version=\"4.17.3\" _module_preset=\"default\" custom_margin=\"||15px||false|false\" global_colors_info=\"{}\"][\/et_pb_image][\/et_pb_column][\/et_pb_row][et_pb_row column_structure=\"1_5,1_5,1_5,1_5,1_5\" make_equal=\"on\" _builder_version=\"4.17.3\" _module_preset=\"default\" custom_margin=\"||15px||false|false\" custom_padding=\"0px||0px||true|false\" global_colors_info=\"{}\"][et_pb_column type=\"1_5\" module_class=\"margin-auto\" _builder_version=\"4.17.3\" _module_preset=\"default\" global_colors_info=\"{}\"][et_pb_image src=\"https:\/\/emeraldpr.hu\/wp-content\/uploads\/2022\/06\/GSE-Logo.png\" alt=\"GSE Logo\" align=\"center\" _builder_version=\"4.17.3\" _module_preset=\"default\" max_width=\"150px\" custom_margin=\"||15px||false|false\" global_colors_info=\"{}\"][\/et_pb_image][\/et_pb_column][et_pb_column type=\"1_5\" module_class=\"margin-auto\" _builder_version=\"4.17.3\" _module_preset=\"default\" global_colors_info=\"{}\"][et_pb_image src=\"https:\/\/emeraldpr.hu\/wp-content\/uploads\/2022\/06\/Abbyy-Logo.png\" alt=\"Abbyy Logo\" align=\"center\" _builder_version=\"4.17.3\" _module_preset=\"default\" max_width=\"150px\" custom_margin=\"||15px||false|false\" global_colors_info=\"{}\"][\/et_pb_image][\/et_pb_column][et_pb_column type=\"1_5\" module_class=\"margin-auto\" _builder_version=\"4.17.3\" _module_preset=\"default\" global_colors_info=\"{}\"][et_pb_image src=\"https:\/\/emeraldpr.hu\/wp-content\/uploads\/2022\/06\/White-Star-Real-Estate-Logo.png\" alt=\"White Star Real Estate Logo\" align=\"center\" _builder_version=\"4.17.3\" _module_preset=\"default\" custom_margin=\"||15px||false|false\" global_colors_info=\"{}\"][\/et_pb_image][\/et_pb_column][et_pb_column type=\"1_5\" module_class=\"margin-auto\" _builder_version=\"4.17.3\" _module_preset=\"default\" global_colors_info=\"{}\"][et_pb_image src=\"https:\/\/emeraldpr.hu\/wp-content\/uploads\/2022\/06\/Frisbo-Logo.png\" alt=\"Frisbo Logo\" align=\"center\" _builder_version=\"4.17.3\" _module_preset=\"default\" max_width=\"100px\" module_alignment=\"center\" custom_margin=\"||15px||false|false\" global_colors_info=\"{}\"][\/et_pb_image][\/et_pb_column][et_pb_column type=\"1_5\" module_class=\"margin-auto\" _builder_version=\"4.17.3\" _module_preset=\"default\" global_colors_info=\"{}\"][et_pb_image src=\"https:\/\/emeraldpr.hu\/wp-content\/uploads\/2022\/06\/Klepierre-Logo.png\" alt=\"Kl\u00e9pierre Logo\" align=\"center\" _builder_version=\"4.17.3\" _module_preset=\"default\" max_width=\"75px\" custom_margin=\"||15px||false|false\" global_colors_info=\"{}\"][\/et_pb_image][\/et_pb_column][\/et_pb_row][et_pb_row _builder_version=\"4.17.3\" _module_preset=\"default\" custom_padding=\"25px||0px||false|false\" global_colors_info=\"{}\"][et_pb_column type=\"4_4\" _builder_version=\"4.17.3\" _module_preset=\"default\" global_colors_info=\"{}\"][et_pb_divider color=\"#68A9C6\" divider_weight=\"2px\" _builder_version=\"4.17.3\" _module_preset=\"default\" max_width=\"15%\" module_alignment=\"center\" height=\"2px\" custom_margin=\"||||false|false\" custom_padding=\"||||false|false\" animation_style=\"zoom\" global_colors_info=\"{}\"][\/et_pb_divider][et_pb_slider show_pagination=\"off\" _builder_version=\"4.17.3\" _module_preset=\"default\" body_font=\"||||||||\" body_text_color=\"#777777\" custom_padding=\"0px||0px||true|false\" auto=\"on\" global_colors_info=\"{}\"][et_pb_slide _builder_version=\"4.17.3\" _module_preset=\"default\" body_text_align=\"center\" background_color=\"RGBA(255,255,255,0)\" background_enable_color=\"on\" background_layout=\"light\" global_colors_info=\"{}\" sticky_transition=\"on\"]<p style=\"text-align: center;\"><img src=\"\/wp-content\/uploads\/2022\/06\/Abbyy-Logo.png\" width=\"150\" height=\"44\" alt=\"Forevermark Logo\" class=\"size-full\" \/><\/p>\n<p style=\"text-align: center;\"><em>\"Emerald PR team has been very attentive to our needs and has provided great support in reaching our communicational goals in Hungary. The team is very professional and knows the local media market very well. Zsofi and her colleagues always keep a big picture in their mind and share out of the box ideas and solutions both for online and offline dimensions. We have enjoyed working with Emerald PR and are looking forward to having more joint projects!\"<\/em><\/p>\n<p style=\"text-align: center;\">- Elina Mukhametdinova, Head of PR<br \/><strong>ABBYY<\/strong><\/p>[\/et_pb_slide][et_pb_slide _builder_version=\"4.17.3\" _module_preset=\"default\" body_text_align=\"center\" background_color=\"RGBA(255,255,255,0)\" background_enable_color=\"on\" background_layout=\"light\" global_colors_info=\"{}\" sticky_transition=\"on\"]<p style=\"text-align: center;\"><img src=\"\/wp-content\/uploads\/2022\/06\/Forevermark-Logo.png\" width=\"150\" height=\"60\" alt=\"Forevermark Logo\" class=\"size-full\" \/><\/p>\n<p style=\"text-align: center;\"><em>\"In the Hungarian launch campaign of Forevermark, Emerald PR provided us with the highly professional support we needed, combined with creative ideas and a \u201ewe have everything under control\u201d attitude. Knowing that we have an agency we can fully rely on, made the launch much more pleasant. And to top it off, they managed the launch campaign in third of the normally necessary time, jumping in and saving the day with great teamwork. Zsofia and her team are seasoned professionals with great expertise and fresh ideas. I highly recommend Emerald PR.\"<\/em><\/p>\n<p style=\"text-align: center;\">- Vivien Schmid, Marketing Director<br \/><strong>Forevermark Hungary<\/strong><\/p>[\/et_pb_slide][et_pb_slide _builder_version=\"4.17.3\" _module_preset=\"default\" body_text_align=\"center\" background_color=\"RGBA(255,255,255,0)\" background_enable_color=\"on\" background_layout=\"light\" global_colors_info=\"{}\" sticky_transition=\"on\"]<p style=\"text-align: center;\"><img src=\"\/wp-content\/uploads\/2022\/06\/Klepierre-Logo.png\" width=\"63\" height=\"75\" alt=\"Kl\u00e9pierre Logo\" class=\"size-full\" \/><\/p>\n<p style=\"text-align: center;\"><em>\"I have worked with Zsofia and her team for years as a client. She holds the highest professional and ethical standards combined with an attitude set for maximum success. Her strategic advice and superb problem-solving skills have supported our successful operation in Hungary.\"<\/em><\/p>\n<p style=\"text-align: center;\">- Zsolt Kertai, COO<br \/><strong>Kl\u00e9pierre<\/strong><\/p>[\/et_pb_slide][et_pb_slide _builder_version=\"4.17.3\" _module_preset=\"default\" body_text_align=\"center\" background_color=\"RGBA(255,255,255,0)\" background_enable_color=\"on\" background_layout=\"light\" global_colors_info=\"{}\" sticky_transition=\"on\"]<p style=\"text-align: center;\"><img src=\"\/wp-content\/uploads\/2022\/06\/Liferay-Logo.png\" width=\"150\" height=\"44\" alt=\"Liferay Logo\" class=\"size-full\" \/><\/p>\n<p style=\"text-align: center;\"><em>\"In less than a year Emerald has helped us build up our brand with the media representatives that are most important and relevant for us. From strategy building, to content calendar creation, event organisations, we know that we can rely on them and that they will deliver what is promised.\"<\/em><\/p>\n<p style=\"text-align: center;\">- D\u00e1niel Kiss, Senior Marketing Specialist<br \/><strong>EMEA, Liferay Hungary Kft<\/strong><\/p>[\/et_pb_slide][et_pb_slide _builder_version=\"4.17.3\" _module_preset=\"default\" body_text_align=\"center\" background_color=\"RGBA(255,255,255,0)\" background_enable_color=\"on\" background_layout=\"light\" global_colors_info=\"{}\" sticky_transition=\"on\"]<p style=\"text-align: center;\"><img src=\"\/wp-content\/uploads\/2022\/06\/White-Star-Real-Estate-Logo.png\" width=\"150\" height=\"46\" alt=\"Liferay Logo\" class=\"size-full\" \/><\/p>\n<p style=\"text-align: center;\"><em>\"Emerald has been participating in developing our brand-new luxury residential villa park, E\u00f6tv\u00f6s12 for a year, since the start of the planning phase. It has been a fruitful cooperation right from the beginning as Emerald have had the clear understanding and unique view of the project like no other agencies before. Our very first meeting was a relief when we realized we found the company that can distil the truth from the information mess and can find the right mix to achieve the goals; but more to that Emerald has the eye to see the far future and keep the balance between the development parties. Their participation in our issue management, PR and marketing activities has become vital for us, their contribution to the development team is always a great joy and experience.\"<\/em><\/p>\n<p style=\"text-align: center;\">- J\u00e1nos G\u00e1rdai, Managing Director<br \/>\n<strong>White Start Real Estate<\/strong><\/p>[\/et_pb_slide][\/et_pb_slider][\/et_pb_column][\/et_pb_row][\/et_pb_section]\n<!-- \/wp:divi\/placeholder -->","_et_gb_content_width":""},"yoast_head":"<!-- This site is optimized with the Yoast SEO plugin v19.11 - https:\/\/yoast.com\/wordpress\/plugins\/seo\/ -->\n<title>R\u00f3lunk - Emerald PR<\/title>\n<meta name=\"robots\" content=\"index, follow, max-snippet:-1, max-image-preview:large, max-video-preview:-1\" \/>\n<link rel=\"canonical\" href=\"https:\/\/emeraldpr.hu\/hu\/rolunk\/\" \/>\n<meta property=\"og:locale\" content=\"hu_HU\" \/>\n<meta property=\"og:type\" content=\"article\" \/>\n<meta property=\"og:title\" content=\"R\u00f3lunk - Emerald PR\" \/>\n<meta property=\"og:description\" content=\"R\u00f3lunkAz Emerald PR a Burson Cohn&amp;Wolfe magyarorsz\u00e1gi partnere. Az \u00fcgyn\u00f6ks\u00e9get Lakatos Zs\u00f3fia, a Magyar PR Sz\u00f6vets\u00e9g kor\u00e1bbi eln\u00f6ke \u00e9s \u00d6r\u00f6k\u00f6s Tagja alap\u00edtotta, akinek t\u00f6bb mint k\u00e9t \u00e9vtizedes szakmai tapasztalata garancia a min\u0151s\u00e9gi szolg\u00e1ltat\u00e1sra. Az alap\u00edt\u00f3 \u00e9veken kereszt\u00fcl vezette a Hill+Knowlton Strategies pr-\u00fcgyn\u00f6ks\u00e9get \u00e9s k\u00e9pviselte az Ogilvy PR-t Magyarorsz\u00e1gon. 2015-ben az \u00fcgyn\u00f6ks\u00e9g \u00faj strukt\u00far\u00e1t vezetett be [&hellip;]\" \/>\n<meta property=\"og:url\" content=\"https:\/\/emeraldpr.hu\/hu\/rolunk\/\" \/>\n<meta property=\"og:site_name\" content=\"Emerald PR\" \/>\n<meta property=\"article:modified_time\" content=\"2023-07-06T10:18:52+00:00\" \/>\n<meta name=\"twitter:card\" content=\"summary_large_image\" \/>\n<meta name=\"twitter:label1\" content=\"Becs\u00fclt olvas\u00e1si id\u0151\" \/>\n\t<meta name=\"twitter:data1\" content=\"17 perc\" \/>\n<script type=\"application\/ld+json\" class=\"yoast-schema-graph\">{\"@context\":\"https:\/\/schema.org\",\"@graph\":[{\"@type\":\"WebPage\",\"@id\":\"https:\/\/emeraldpr.hu\/hu\/rolunk\/\",\"url\":\"https:\/\/emeraldpr.hu\/hu\/rolunk\/\",\"name\":\"R\u00f3lunk - Emerald PR\",\"isPartOf\":{\"@id\":\"https:\/\/emeraldpr.hu\/hu\/#website\"},\"datePublished\":\"2022-05-17T08:41:39+00:00\",\"dateModified\":\"2023-07-06T10:18:52+00:00\",\"breadcrumb\":{\"@id\":\"https:\/\/emeraldpr.hu\/hu\/rolunk\/#breadcrumb\"},\"inLanguage\":\"hu\",\"potentialAction\":[{\"@type\":\"ReadAction\",\"target\":[\"https:\/\/emeraldpr.hu\/hu\/rolunk\/\"]}]},{\"@type\":\"BreadcrumbList\",\"@id\":\"https:\/\/emeraldpr.hu\/hu\/rolunk\/#breadcrumb\",\"itemListElement\":[{\"@type\":\"ListItem\",\"position\":1,\"name\":\"Kezd\u0151lap\",\"item\":\"https:\/\/emeraldpr.hu\/hu\/\"},{\"@type\":\"ListItem\",\"position\":2,\"name\":\"R\u00f3lunk\"}]},{\"@type\":\"WebSite\",\"@id\":\"https:\/\/emeraldpr.hu\/hu\/#website\",\"url\":\"https:\/\/emeraldpr.hu\/hu\/\",\"name\":\"Emerald PR\",\"description\":\"\",\"potentialAction\":[{\"@type\":\"SearchAction\",\"target\":{\"@type\":\"EntryPoint\",\"urlTemplate\":\"https:\/\/emeraldpr.hu\/hu\/?s={search_term_string}\"},\"query-input\":\"required name=search_term_string\"}],\"inLanguage\":\"hu\"}]}<\/script>\n<!-- \/ Yoast SEO plugin. -->","yoast_head_json":{"title":"R\u00f3lunk - Emerald PR","robots":{"index":"index","follow":"follow","max-snippet":"max-snippet:-1","max-image-preview":"max-image-preview:large","max-video-preview":"max-video-preview:-1"},"canonical":"https:\/\/emeraldpr.hu\/hu\/rolunk\/","og_locale":"hu_HU","og_type":"article","og_title":"R\u00f3lunk - Emerald PR","og_description":"R\u00f3lunkAz Emerald PR a Burson Cohn&amp;Wolfe magyarorsz\u00e1gi partnere. Az \u00fcgyn\u00f6ks\u00e9get Lakatos Zs\u00f3fia, a Magyar PR Sz\u00f6vets\u00e9g kor\u00e1bbi eln\u00f6ke \u00e9s \u00d6r\u00f6k\u00f6s Tagja alap\u00edtotta, akinek t\u00f6bb mint k\u00e9t \u00e9vtizedes szakmai tapasztalata garancia a min\u0151s\u00e9gi szolg\u00e1ltat\u00e1sra. Az alap\u00edt\u00f3 \u00e9veken kereszt\u00fcl vezette a Hill+Knowlton Strategies pr-\u00fcgyn\u00f6ks\u00e9get \u00e9s k\u00e9pviselte az Ogilvy PR-t Magyarorsz\u00e1gon. 2015-ben az \u00fcgyn\u00f6ks\u00e9g \u00faj strukt\u00far\u00e1t vezetett be [&hellip;]","og_url":"https:\/\/emeraldpr.hu\/hu\/rolunk\/","og_site_name":"Emerald PR","article_modified_time":"2023-07-06T10:18:52+00:00","twitter_card":"summary_large_image","twitter_misc":{"Becs\u00fclt olvas\u00e1si id\u0151":"17 perc"},"schema":{"@context":"https:\/\/schema.org","@graph":[{"@type":"WebPage","@id":"https:\/\/emeraldpr.hu\/hu\/rolunk\/","url":"https:\/\/emeraldpr.hu\/hu\/rolunk\/","name":"R\u00f3lunk - Emerald PR","isPartOf":{"@id":"https:\/\/emeraldpr.hu\/hu\/#website"},"datePublished":"2022-05-17T08:41:39+00:00","dateModified":"2023-07-06T10:18:52+00:00","breadcrumb":{"@id":"https:\/\/emeraldpr.hu\/hu\/rolunk\/#breadcrumb"},"inLanguage":"hu","potentialAction":[{"@type":"ReadAction","target":["https:\/\/emeraldpr.hu\/hu\/rolunk\/"]}]},{"@type":"BreadcrumbList","@id":"https:\/\/emeraldpr.hu\/hu\/rolunk\/#breadcrumb","itemListElement":[{"@type":"ListItem","position":1,"name":"Kezd\u0151lap","item":"https:\/\/emeraldpr.hu\/hu\/"},{"@type":"ListItem","position":2,"name":"R\u00f3lunk"}]},{"@type":"WebSite","@id":"https:\/\/emeraldpr.hu\/hu\/#website","url":"https:\/\/emeraldpr.hu\/hu\/","name":"Emerald PR","description":"","potentialAction":[{"@type":"SearchAction","target":{"@type":"EntryPoint","urlTemplate":"https:\/\/emeraldpr.hu\/hu\/?s={search_term_string}"},"query-input":"required name=search_term_string"}],"inLanguage":"hu"}]}},"_links":{"self":[{"href":"https:\/\/emeraldpr.hu\/hu\/wp-json\/wp\/v2\/pages\/969"}],"collection":[{"href":"https:\/\/emeraldpr.hu\/hu\/wp-json\/wp\/v2\/pages"}],"about":[{"href":"https:\/\/emeraldpr.hu\/hu\/wp-json\/wp\/v2\/types\/page"}],"author":[{"embeddable":true,"href":"https:\/\/emeraldpr.hu\/hu\/wp-json\/wp\/v2\/users\/1"}],"replies":[{"embeddable":true,"href":"https:\/\/emeraldpr.hu\/hu\/wp-json\/wp\/v2\/comments?post=969"}],"version-history":[{"count":32,"href":"https:\/\/emeraldpr.hu\/hu\/wp-json\/wp\/v2\/pages\/969\/revisions"}],"predecessor-version":[{"id":1227,"href":"https:\/\/emeraldpr.hu\/hu\/wp-json\/wp\/v2\/pages\/969\/revisions\/1227"}],"wp:attachment":[{"href":"https:\/\/emeraldpr.hu\/hu\/wp-json\/wp\/v2\/media?parent=969"}],"curies":[{"name":"wp","href":"https:\/\/api.w.org\/{rel}","templated":true}]}}